{"id":34921,"date":"2025-08-06T12:06:02","date_gmt":"2025-08-06T10:06:02","guid":{"rendered":"https:\/\/www.brymmo.ch\/wer-sind-wir\/"},"modified":"2025-09-18T20:16:11","modified_gmt":"2025-09-18T18:16:11","slug":"wer-sind-wir","status":"publish","type":"page","link":"https:\/\/www.brymmo.ch\/de\/wer-sind-wir\/","title":{"rendered":"WER SIND WIR?"},"content":{"rendered":"\t\t<div data-elementor-type=\"wp-page\" data-elementor-id=\"34921\" class=\"elementor elementor-34921 elementor-30866\">\n\t\t\t\t\t\t<section class=\"elementor-section elementor-top-section elementor-element elementor-element-5b81e21 elementor-section-height-min-height animated-slow elementor-section-boxed elementor-section-height-default elementor-section-items-middle elementor-invisible\" data-id=\"5b81e21\" data-element_type=\"section\" data-e-type=\"section\" data-settings=\"{&quot;background_background&quot;:&quot;classic&quot;,&quot;animation&quot;:&quot;fadeIn&quot;}\">\n\t\t\t\t\t\t\t<div class=\"elementor-background-overlay\"><\/div>\n\t\t\t\t\t\t\t<div class=\"elementor-container elementor-column-gap-default\">\n\t\t\t\t\t<div class=\"elementor-column elementor-col-100 elementor-top-column elementor-element elementor-element-ad367f8\" data-id=\"ad367f8\" data-element_type=\"column\" data-e-type=\"column\">\n\t\t\t<div class=\"elementor-widget-wrap elementor-element-populated\">\n\t\t\t\t\t\t<div class=\"elementor-element elementor-element-0e7939f elementor-widget elementor-widget-heading\" data-id=\"0e7939f\" data-element_type=\"widget\" data-e-type=\"widget\" data-widget_type=\"heading.default\">\n\t\t\t\t<div class=\"elementor-widget-container\">\n\t\t\t\t\t<h1 class=\"elementor-heading-title elementor-size-default\">WER SIND WIR?<\/h1>\t\t\t\t<\/div>\n\t\t\t\t<\/div>\n\t\t\t\t\t<\/div>\n\t\t<\/div>\n\t\t\t\t\t<\/div>\n\t\t<\/section>\n\t\t<div class=\"elementor-element elementor-element-4071f75 e-flex e-con-boxed e-con e-parent\" data-id=\"4071f75\" data-element_type=\"container\" data-e-type=\"container\" data-settings=\"{&quot;background_background&quot;:&quot;classic&quot;}\">\n\t\t\t\t\t<div class=\"e-con-inner\">\n\t\t\t\t<div class=\"elementor-element elementor-element-b537a50 elementor-widget elementor-widget-spacer\" data-id=\"b537a50\" data-element_type=\"widget\" data-e-type=\"widget\" data-widget_type=\"spacer.default\">\n\t\t\t\t<div class=\"elementor-widget-container\">\n\t\t\t\t\t\t\t<div class=\"elementor-spacer\">\n\t\t\t<div class=\"elementor-spacer-inner\"><\/div>\n\t\t<\/div>\n\t\t\t\t\t\t<\/div>\n\t\t\t\t<\/div>\n\t\t\t\t<div class=\"elementor-element elementor-element-d36597e elementor-widget elementor-widget-heading\" data-id=\"d36597e\" data-element_type=\"widget\" data-e-type=\"widget\" data-widget_type=\"heading.default\">\n\t\t\t\t<div class=\"elementor-widget-container\">\n\t\t\t\t\t<h1 class=\"elementor-heading-title elementor-size-default\">BRYMMO, eine seri\u00f6se und unabh\u00e4ngige Immobilienagentur im Kanton Waadt <\/h1>\t\t\t\t<\/div>\n\t\t\t\t<\/div>\n\t\t\t\t\t<\/div>\n\t\t\t\t<\/div>\n\t\t<div class=\"elementor-element elementor-element-151bbff e-flex e-con-boxed e-con e-parent\" data-id=\"151bbff\" data-element_type=\"container\" data-e-type=\"container\" data-settings=\"{&quot;background_background&quot;:&quot;classic&quot;}\">\n\t\t\t\t\t<div class=\"e-con-inner\">\n\t\t<div class=\"elementor-element elementor-element-7751489 e-grid e-con-full e-con e-child\" data-id=\"7751489\" data-element_type=\"container\" data-e-type=\"container\">\n\t\t\t\t<div class=\"elementor-element elementor-element-10221c7 elementor-widget elementor-widget-text-editor\" data-id=\"10221c7\" data-element_type=\"widget\" data-e-type=\"widget\" data-widget_type=\"text-editor.default\">\n\t\t\t\t<div class=\"elementor-widget-container\">\n\t\t\t\t\t\t\t\t\t<p>Eine seri\u00f6se Immobilienagentur im Kanton Waadt zu gr\u00fcnden, eine Referenzagentur, deren Adresse man gerne Freunden weitergibt \u2013 das war die ganz einfache Ambition und der urspr\u00fcngliche Antrieb von Jonathan Pfister. Das grossartige Abenteuer einer beruflichen Selbstst\u00e4ndigkeit nach f\u00fcnf Jahren Anstellung in mehreren grossen Schweizer Immobiliengruppen war der zweite Schritt. Jonathan wagte 2018 den Schritt und gr\u00fcndete BRYMMO, eine unabh\u00e4ngige, pers\u00f6nliche Immobilienagentur, die ihren Kunden massgeschneiderten Service bietet.  <\/p><p> <\/p><p>Wir haben ihn in Lausanne bei einer Teepause am Kiosk Saint-Fran\u00e7ois getroffen:<\/p>\t\t\t\t\t\t\t\t<\/div>\n\t\t\t\t<\/div>\n\t\t\t\t<div class=\"elementor-element elementor-element-de2cf90 elementor-widget elementor-widget-image\" data-id=\"de2cf90\" data-element_type=\"widget\" data-e-type=\"widget\" data-widget_type=\"image.default\">\n\t\t\t\t<div class=\"elementor-widget-container\">\n\t\t\t\t\t\t\t\t\t\t\t\t\t\t\t<img fetchpriority=\"high\" decoding=\"async\" width=\"1000\" height=\"668\" src=\"https:\/\/www.brymmo.ch\/wp-content\/uploads\/2025\/08\/image.webp\" class=\"attachment-houzez-gallery size-houzez-gallery wp-image-34918\" alt=\"\" srcset=\"\" \/>\t\t\t\t\t\t\t\t\t\t\t\t\t\t\t<\/div>\n\t\t\t\t<\/div>\n\t\t\t\t<\/div>\n\t\t\t\t<div class=\"elementor-element elementor-element-702b126 elementor-widget elementor-widget-spacer\" data-id=\"702b126\" data-element_type=\"widget\" data-e-type=\"widget\" data-widget_type=\"spacer.default\">\n\t\t\t\t<div class=\"elementor-widget-container\">\n\t\t\t\t\t\t\t<div class=\"elementor-spacer\">\n\t\t\t<div class=\"elementor-spacer-inner\"><\/div>\n\t\t<\/div>\n\t\t\t\t\t\t<\/div>\n\t\t\t\t<\/div>\n\t\t\t\t\t<\/div>\n\t\t\t\t<\/div>\n\t\t<div class=\"elementor-element elementor-element-bdaef1e e-flex e-con-boxed e-con e-parent\" data-id=\"bdaef1e\" data-element_type=\"container\" data-e-type=\"container\" data-settings=\"{&quot;background_background&quot;:&quot;classic&quot;}\">\n\t\t\t\t\t<div class=\"e-con-inner\">\n\t\t\t\t<div class=\"elementor-element elementor-element-122f0bb elementor-widget elementor-widget-spacer\" data-id=\"122f0bb\" data-element_type=\"widget\" data-e-type=\"widget\" data-widget_type=\"spacer.default\">\n\t\t\t\t<div class=\"elementor-widget-container\">\n\t\t\t\t\t\t\t<div class=\"elementor-spacer\">\n\t\t\t<div class=\"elementor-spacer-inner\"><\/div>\n\t\t<\/div>\n\t\t\t\t\t\t<\/div>\n\t\t\t\t<\/div>\n\t\t\t\t\t<\/div>\n\t\t\t\t<\/div>\n\t\t<div class=\"elementor-element elementor-element-f585f1d e-flex e-con-boxed e-con e-parent\" data-id=\"f585f1d\" data-element_type=\"container\" data-e-type=\"container\" data-settings=\"{&quot;background_background&quot;:&quot;classic&quot;}\">\n\t\t\t\t\t<div class=\"e-con-inner\">\n\t\t\t\t<div class=\"elementor-element elementor-element-e14df2e elementor-widget elementor-widget-heading\" data-id=\"e14df2e\" data-element_type=\"widget\" data-e-type=\"widget\" data-widget_type=\"heading.default\">\n\t\t\t\t<div class=\"elementor-widget-container\">\n\t\t\t\t\t<h2 class=\"elementor-heading-title elementor-size-default\">Der Werdegang eines Einheimischen: Immobilien auf pers\u00f6nlicher Ebene<\/h2>\t\t\t\t<\/div>\n\t\t\t\t<\/div>\n\t\t\t\t\t<\/div>\n\t\t\t\t<\/div>\n\t\t<div class=\"elementor-element elementor-element-725bc08 e-flex e-con-boxed e-con e-parent\" data-id=\"725bc08\" data-element_type=\"container\" data-e-type=\"container\" data-settings=\"{&quot;background_background&quot;:&quot;classic&quot;}\">\n\t\t\t\t\t<div class=\"e-con-inner\">\n\t\t\t\t<div class=\"elementor-element elementor-element-c8c48c4 elementor-widget elementor-widget-spacer\" data-id=\"c8c48c4\" data-element_type=\"widget\" data-e-type=\"widget\" data-widget_type=\"spacer.default\">\n\t\t\t\t<div class=\"elementor-widget-container\">\n\t\t\t\t\t\t\t<div class=\"elementor-spacer\">\n\t\t\t<div class=\"elementor-spacer-inner\"><\/div>\n\t\t<\/div>\n\t\t\t\t\t\t<\/div>\n\t\t\t\t<\/div>\n\t\t\t\t<div class=\"elementor-element elementor-element-d42d8ce elementor-widget elementor-widget-text-editor\" data-id=\"d42d8ce\" data-element_type=\"widget\" data-e-type=\"widget\" data-widget_type=\"text-editor.default\">\n\t\t\t\t<div class=\"elementor-widget-container\">\n\t\t\t\t\t\t\t\t\t<h3><em>Verwaltung von Familienimmobilien: der Samen war ges\u00e4t!<\/em><\/h3>\t\t\t\t\t\t\t\t<\/div>\n\t\t\t\t<\/div>\n\t\t<div class=\"elementor-element elementor-element-4a302b8 e-con-full e-flex e-con e-child\" data-id=\"4a302b8\" data-element_type=\"container\" data-e-type=\"container\">\n\t\t<div class=\"elementor-element elementor-element-7af51ea e-grid e-con-full e-con e-child\" data-id=\"7af51ea\" data-element_type=\"container\" data-e-type=\"container\">\n\t\t\t\t<div class=\"elementor-element elementor-element-c712e0a elementor-widget elementor-widget-text-editor\" data-id=\"c712e0a\" data-element_type=\"widget\" data-e-type=\"widget\" data-widget_type=\"text-editor.default\">\n\t\t\t\t<div class=\"elementor-widget-container\">\n\t\t\t\t\t\t\t\t\t<p><strong><em>Die Fundamente eines Geb\u00e4udes sind immer verborgen, doch auf ihnen ruhen Stabilit\u00e4t und Best\u00e4ndigkeit. Was sind die tiefen Fundamente Ihrer Immobilienagentur, der Keim Ihres beruflichen Projekts? <\/em><\/strong><\/p>\t\t\t\t\t\t\t\t<\/div>\n\t\t\t\t<\/div>\n\t\t\t\t<div class=\"elementor-element elementor-element-c7e8011 elementor-widget elementor-widget-text-editor\" data-id=\"c7e8011\" data-element_type=\"widget\" data-e-type=\"widget\" data-widget_type=\"text-editor.default\">\n\t\t\t\t<div class=\"elementor-widget-container\">\n\t\t\t\t\t\t\t\t\t<p style=\"text-align: justify;\">Ich bin in der Westschweiz aufgewachsen, zwischen Genf und dem wundersch\u00f6nen Winterort Saint-Cergue im Kanton Waadt. Meine Berufung entstand im famili\u00e4ren&nbsp; Umfeld: Einige Familienmitglieder besitzen Immobilien in Spanien, deren Verwaltung sie mir seit rund zehn Jahren anvertraut haben. <\/p>\n<p style=\"text-align: justify;\">Ich sage mir immer, dass ich meine ersten Erfahrungen auf dem Immobilienmarkt auf die bestm\u00f6gliche Weise gemacht habe&nbsp;: indem ich denen gedient habe, die ich liebe. Daher war es mir wichtig, diese Qualit\u00e4t der Beziehungen auch mit den Kunden meiner eigenen Immobilienagentur fortzuf\u00fchren. <\/p>\n<p style=\"text-align: justify;\">Qualit\u00e4t an erster Stelle \u2013&nbsp; Qualit\u00e4t des Services und des menschlichen Kontakts, gegenseitiger Respekt&nbsp; &#8211; Das liess mich nicht lange in den grossen Immobiliengruppen angestellt bleiben. Dort z\u00e4hlt Quantit\u00e4t vor allem&nbsp;! Die anf\u00e4ngliche Anforderung, diese Vision eines authentischen und massgeschneiderten Service, konnte nur in einer unabh\u00e4ngigen Immobilienagentur verwirklicht werden.<br><br> <\/p>\t\t\t\t\t\t\t\t<\/div>\n\t\t\t\t<\/div>\n\t\t\t\t<\/div>\n\t\t\t\t<\/div>\n\t\t\t\t\t<\/div>\n\t\t\t\t<\/div>\n\t\t<div class=\"elementor-element elementor-element-b838d64 e-flex e-con-boxed e-con e-parent\" data-id=\"b838d64\" data-element_type=\"container\" data-e-type=\"container\" data-settings=\"{&quot;background_background&quot;:&quot;classic&quot;}\">\n\t\t\t\t\t<div class=\"e-con-inner\">\n\t\t\t\t<div class=\"elementor-element elementor-element-497aa91 elementor-widget elementor-widget-heading\" data-id=\"497aa91\" data-element_type=\"widget\" data-e-type=\"widget\" data-widget_type=\"heading.default\">\n\t\t\t\t<div class=\"elementor-widget-container\">\n\t\t\t\t\t<h3 class=\"elementor-heading-title elementor-size-default\">Angestellter Immobilienmakler: die lehrreiche Feuertaufe<\/h3>\t\t\t\t<\/div>\n\t\t\t\t<\/div>\n\t\t\t\t\t<\/div>\n\t\t\t\t<\/div>\n\t\t<div class=\"elementor-element elementor-element-ca70918 e-flex e-con-boxed e-con e-parent\" data-id=\"ca70918\" data-element_type=\"container\" data-e-type=\"container\" data-settings=\"{&quot;background_background&quot;:&quot;classic&quot;}\">\n\t\t\t\t\t<div class=\"e-con-inner\">\n\t\t<div class=\"elementor-element elementor-element-2c5b3d5 e-con-full e-flex e-con e-child\" data-id=\"2c5b3d5\" data-element_type=\"container\" data-e-type=\"container\">\n\t\t<div class=\"elementor-element elementor-element-353a95a e-grid e-con-full e-con e-child\" data-id=\"353a95a\" data-element_type=\"container\" data-e-type=\"container\">\n\t\t\t\t<div class=\"elementor-element elementor-element-6d7e86e elementor-widget__width-initial elementor-widget elementor-widget-text-editor\" data-id=\"6d7e86e\" data-element_type=\"widget\" data-e-type=\"widget\" data-widget_type=\"text-editor.default\">\n\t\t\t\t<div class=\"elementor-widget-container\">\n\t\t\t\t\t\t\t\t\t<p><strong><em>Ich nehme an, Sie haben das Kind nicht mit dem Bade ausgesch\u00fcttet und Ihre ersten Schritte als Makler waren nicht vergeblich?<\/em><\/strong><\/p>\t\t\t\t\t\t\t\t<\/div>\n\t\t\t\t<\/div>\n\t\t\t\t<\/div>\n\t\t\t\t<\/div>\n\t\t<div class=\"elementor-element elementor-element-07815ab e-con-full e-flex e-con e-child\" data-id=\"07815ab\" data-element_type=\"container\" data-e-type=\"container\">\n\t\t\t\t<div class=\"elementor-element elementor-element-d18b4f7 elementor-widget__width-initial elementor-widget elementor-widget-text-editor\" data-id=\"d18b4f7\" data-element_type=\"widget\" data-e-type=\"widget\" data-widget_type=\"text-editor.default\">\n\t\t\t\t<div class=\"elementor-widget-container\">\n\t\t\t\t\t\t\t\t\t<p>Keine Erfahrung ist im Berufs- oder Privatleben nutzlos! Die verschiedenen Positionen, die ich in grossen multinationalen Unternehmen (IBM, Nestl\u00e9, Philip Morris) innehatte, haben nicht nur meinen Lebenslauf erweitert. Sie erm\u00f6glichten mir, solide Kompetenzen in Management, Kommunikation und Verhandlung zu entwickeln, die f\u00fcr eine gute Kundenbetreuung unerl\u00e4sslich sind.  <\/p><p>Kurz nach der Gr\u00fcndung meiner Immobilienfirma versp\u00fcrte ich den Bedarf, mein Wissen \u00fcber Mietimmobilien zu vertiefen, indem ich 2020 und 2021 die R\u00e9gie Galland in <span style=\"color: #3366ff;\"><a style=\"color: #3366ff;\" href=\"https:\/\/www.brymmo.ch\/zoom-lausanne\/\">Lausanne<\/a><\/span> integrierte. Mein Werdegang in gro\u00dfen Gruppen der spekulativen Immobilienbranche erg\u00e4nzte meine praktische Ausbildung \u2026 und best\u00e4tigte meine Positionierung! <\/p>\t\t\t\t\t\t\t\t<\/div>\n\t\t\t\t<\/div>\n\t\t\t\t<\/div>\n\t\t\t\t\t<\/div>\n\t\t\t\t<\/div>\n\t\t<div class=\"elementor-element elementor-element-59b8bf0 e-flex e-con-boxed e-con e-parent\" data-id=\"59b8bf0\" data-element_type=\"container\" data-e-type=\"container\" data-settings=\"{&quot;background_background&quot;:&quot;classic&quot;}\">\n\t\t\t\t\t<div class=\"e-con-inner\">\n\t\t\t\t<div class=\"elementor-element elementor-element-21a418e elementor-widget elementor-widget-heading\" data-id=\"21a418e\" data-element_type=\"widget\" data-e-type=\"widget\" data-widget_type=\"heading.default\">\n\t\t\t\t<div class=\"elementor-widget-container\">\n\t\t\t\t\t<h2 class=\"elementor-heading-title elementor-size-default\"><h2 data-elementor-setting-key=\"title\" data-pen-placeholder=\"\u00c9crivez ici...\">Berufsethik&nbsp;: &nbsp;Qualit\u00e4t geht vor Quantit\u00e4t&nbsp;!<span style=\"font-size: 2rem\"><\/span><\/h2><\/h2>\t\t\t\t<\/div>\n\t\t\t\t<\/div>\n\t\t\t\t\t<\/div>\n\t\t\t\t<\/div>\n\t\t<div class=\"elementor-element elementor-element-e2122e2 e-flex e-con-boxed e-con e-parent\" data-id=\"e2122e2\" data-element_type=\"container\" data-e-type=\"container\" data-settings=\"{&quot;background_background&quot;:&quot;classic&quot;}\">\n\t\t\t\t\t<div class=\"e-con-inner\">\n\t\t\t\t<div class=\"elementor-element elementor-element-43f5753 elementor-widget elementor-widget-spacer\" data-id=\"43f5753\" data-element_type=\"widget\" data-e-type=\"widget\" data-widget_type=\"spacer.default\">\n\t\t\t\t<div class=\"elementor-widget-container\">\n\t\t\t\t\t\t\t<div class=\"elementor-spacer\">\n\t\t\t<div class=\"elementor-spacer-inner\"><\/div>\n\t\t<\/div>\n\t\t\t\t\t\t<\/div>\n\t\t\t\t<\/div>\n\t\t\t\t<div class=\"elementor-element elementor-element-01c5534 elementor-widget elementor-widget-text-editor\" data-id=\"01c5534\" data-element_type=\"widget\" data-e-type=\"widget\" data-widget_type=\"text-editor.default\">\n\t\t\t\t<div class=\"elementor-widget-container\">\n\t\t\t\t\t\t\t\t\t<h3><em><span style=\"color: #3366ff;\"><a style=\"color: #3366ff;\" href=\"https:\/\/www.brymmo.ch\/de\/\">BRYMMO<\/a><\/span> Immobilien: massgeschneiderte Betreuung<\/em><\/h3>\t\t\t\t\t\t\t\t<\/div>\n\t\t\t\t<\/div>\n\t\t<div class=\"elementor-element elementor-element-c9a44f1 e-con-full e-flex e-con e-child\" data-id=\"c9a44f1\" data-element_type=\"container\" data-e-type=\"container\">\n\t\t<div class=\"elementor-element elementor-element-c5dc741 e-grid e-con-full e-con e-child\" data-id=\"c5dc741\" data-element_type=\"container\" data-e-type=\"container\">\n\t\t\t\t<div class=\"elementor-element elementor-element-f37377f elementor-widget elementor-widget-text-editor\" data-id=\"f37377f\" data-element_type=\"widget\" data-e-type=\"widget\" data-widget_type=\"text-editor.default\">\n\t\t\t\t<div class=\"elementor-widget-container\">\n\t\t\t\t\t\t\t\t\t<p><strong><em>Was unterscheidet Ihrer Meinung nach Ihre Immobilienagentur heute von der Konkurrenz?<\/em><\/strong><\/p>\t\t\t\t\t\t\t\t<\/div>\n\t\t\t\t<\/div>\n\t\t\t\t<div class=\"elementor-element elementor-element-9125d34 elementor-widget elementor-widget-text-editor\" data-id=\"9125d34\" data-element_type=\"widget\" data-e-type=\"widget\" data-widget_type=\"text-editor.default\">\n\t\t\t\t<div class=\"elementor-widget-container\">\n\t\t\t\t\t\t\t\t\t<p>Die menschliche Gr\u00f6sse meiner unabh\u00e4ngigen Agentur ist ideal, um einen pers\u00f6nlichen Ansatz zu bieten. Diese massgeschneiderte Betreuung erm\u00f6glicht es mir, meine Kunden zu binden und ein Vertrauensverh\u00e4ltnis aufzubauen. Vertrauen ist nur m\u00f6glich, wenn ich meinen Kunden vollst\u00e4ndige Transparenz garantiere, ohne Ausfl\u00fcchte.  <\/p><p>Indem ich Qualit\u00e4t priorisiere, begrenze ich das Volumen der Immobilientransaktionen, um Reaktionsf\u00e4higkeit zu gew\u00e4hrleisten, die sowohl von Verk\u00e4ufern als auch von K\u00e4ufern gesch\u00e4tzt wird. Eine verl\u00e4ssliche und ehrliche Immobilienagentur, bekannt f\u00fcr Flexibilit\u00e4t, fundierte Beratung und Expertise \u2013 das ist das Label, das ich anstrebe! <\/p>\t\t\t\t\t\t\t\t<\/div>\n\t\t\t\t<\/div>\n\t\t\t\t<\/div>\n\t\t\t\t<\/div>\n\t\t\t\t\t<\/div>\n\t\t\t\t<\/div>\n\t\t<div class=\"elementor-element elementor-element-531c349 e-flex e-con-boxed e-con e-parent\" data-id=\"531c349\" data-element_type=\"container\" data-e-type=\"container\" data-settings=\"{&quot;background_background&quot;:&quot;classic&quot;}\">\n\t\t\t\t\t<div class=\"e-con-inner\">\n\t\t\t\t<div class=\"elementor-element elementor-element-3ba4d13 elementor-widget elementor-widget-text-editor\" data-id=\"3ba4d13\" data-element_type=\"widget\" data-e-type=\"widget\" data-widget_type=\"text-editor.default\">\n\t\t\t\t<div class=\"elementor-widget-container\">\n\t\t\t\t\t\t\t\t\t<h3><em>Vertrauensw\u00fcrdige Immobilienagentur f\u00fcr ein langfristiges Netzwerk<\/em><\/h3>\t\t\t\t\t\t\t\t<\/div>\n\t\t\t\t<\/div>\n\t\t\t\t\t<\/div>\n\t\t\t\t<\/div>\n\t\t<div class=\"elementor-element elementor-element-f8fe15a e-flex e-con-boxed e-con e-parent\" data-id=\"f8fe15a\" data-element_type=\"container\" data-e-type=\"container\" data-settings=\"{&quot;background_background&quot;:&quot;classic&quot;}\">\n\t\t\t\t\t<div class=\"e-con-inner\">\n\t\t<div class=\"elementor-element elementor-element-a106cbd e-con-full e-flex e-con e-child\" data-id=\"a106cbd\" data-element_type=\"container\" data-e-type=\"container\">\n\t\t<div class=\"elementor-element elementor-element-47db023 e-grid e-con-full e-con e-child\" data-id=\"47db023\" data-element_type=\"container\" data-e-type=\"container\">\n\t\t\t\t<div class=\"elementor-element elementor-element-778c9b2 elementor-widget__width-initial elementor-widget elementor-widget-text-editor\" data-id=\"778c9b2\" data-element_type=\"widget\" data-e-type=\"widget\" data-widget_type=\"text-editor.default\">\n\t\t\t\t<div class=\"elementor-widget-container\">\n\t\t\t\t\t\t\t\t\t<p><em><strong>Haben Sie eine Berufsethik, von der Sie nicht abweichen oder die Sie konsequent einhalten?<\/strong><\/em><\/p>\t\t\t\t\t\t\t\t<\/div>\n\t\t\t\t<\/div>\n\t\t\t\t<\/div>\n\t\t\t\t<\/div>\n\t\t<div class=\"elementor-element elementor-element-9f1c095 e-con-full e-flex e-con e-child\" data-id=\"9f1c095\" data-element_type=\"container\" data-e-type=\"container\">\n\t\t\t\t<div class=\"elementor-element elementor-element-e482ca1 elementor-widget__width-initial elementor-widget elementor-widget-text-editor\" data-id=\"e482ca1\" data-element_type=\"widget\" data-e-type=\"widget\" data-widget_type=\"text-editor.default\">\n\t\t\t\t<div class=\"elementor-widget-container\">\n\t\t\t\t\t\t\t\t\t<p>Ja, ich bem\u00fche mich, eine Berufsethik einzuhalten, die auf Transparenz, Zuh\u00f6ren, Ehrlichkeit und Einhaltung von Verpflichtungen basiert. Ich bevorzuge gesunde und nachhaltige Beziehungen zu Kunden und Partnern. So entsteht ein solides und dauerhaftes Netzwerk.  <\/p><p>Ich lehne Kompromisse ab, die meinen Werten oder dem mir entgegengebrachten Vertrauen widersprechen. Langfristigkeit ist mir sehr wichtig, und ich setze Qualit\u00e4t \u00fcber Quantit\u00e4t. <\/p>\t\t\t\t\t\t\t\t<\/div>\n\t\t\t\t<\/div>\n\t\t\t\t<\/div>\n\t\t\t\t\t<\/div>\n\t\t\t\t<\/div>\n\t\t<div class=\"elementor-element elementor-element-55d9a23 e-flex e-con-boxed e-con e-parent\" data-id=\"55d9a23\" data-element_type=\"container\" data-e-type=\"container\" data-settings=\"{&quot;background_background&quot;:&quot;classic&quot;}\">\n\t\t\t\t\t<div class=\"e-con-inner\">\n\t\t\t\t<div class=\"elementor-element elementor-element-c6422f3 elementor-widget elementor-widget-heading\" data-id=\"c6422f3\" data-element_type=\"widget\" data-e-type=\"widget\" data-widget_type=\"heading.default\">\n\t\t\t\t<div class=\"elementor-widget-container\">\n\t\t\t\t\t<h2 class=\"elementor-heading-title elementor-size-default\">Kontinuierliche Immobilienausbildung + High-Tech-Tools = effizienter und organisierter Immobilienmakler<\/h2>\t\t\t\t<\/div>\n\t\t\t\t<\/div>\n\t\t\t\t\t<\/div>\n\t\t\t\t<\/div>\n\t\t<div class=\"elementor-element elementor-element-f542f45 e-flex e-con-boxed e-con e-parent\" data-id=\"f542f45\" data-element_type=\"container\" data-e-type=\"container\" data-settings=\"{&quot;background_background&quot;:&quot;classic&quot;}\">\n\t\t\t\t\t<div class=\"e-con-inner\">\n\t\t\t\t<div class=\"elementor-element elementor-element-efe7abc elementor-widget elementor-widget-spacer\" data-id=\"efe7abc\" data-element_type=\"widget\" data-e-type=\"widget\" data-widget_type=\"spacer.default\">\n\t\t\t\t<div class=\"elementor-widget-container\">\n\t\t\t\t\t\t\t<div class=\"elementor-spacer\">\n\t\t\t<div class=\"elementor-spacer-inner\"><\/div>\n\t\t<\/div>\n\t\t\t\t\t\t<\/div>\n\t\t\t\t<\/div>\n\t\t\t\t<div class=\"elementor-element elementor-element-0b87a22 elementor-widget elementor-widget-text-editor\" data-id=\"0b87a22\" data-element_type=\"widget\" data-e-type=\"widget\" data-widget_type=\"text-editor.default\">\n\t\t\t\t<div class=\"elementor-widget-container\">\n\t\t\t\t\t\t\t\t\t<h3><em>Bundesdiplom Immobilienbewertungsexperte: das Sahneh\u00e4ubchen!<\/em><\/h3>\t\t\t\t\t\t\t\t<\/div>\n\t\t\t\t<\/div>\n\t\t<div class=\"elementor-element elementor-element-67b7930 e-con-full e-flex e-con e-child\" data-id=\"67b7930\" data-element_type=\"container\" data-e-type=\"container\">\n\t\t<div class=\"elementor-element elementor-element-4cd5e44 e-grid e-con-full e-con e-child\" data-id=\"4cd5e44\" data-element_type=\"container\" data-e-type=\"container\">\n\t\t\t\t<div class=\"elementor-element elementor-element-4f7eacc elementor-widget elementor-widget-text-editor\" data-id=\"4f7eacc\" data-element_type=\"widget\" data-e-type=\"widget\" data-widget_type=\"text-editor.default\">\n\t\t\t\t<div class=\"elementor-widget-container\">\n\t\t\t\t\t\t\t\t\t<p><strong>Verstehe ich das richtig, dass Sie vor allem praxisnah ausgebildet wurden?<\/strong><\/p>\t\t\t\t\t\t\t\t<\/div>\n\t\t\t\t<\/div>\n\t\t\t\t<div class=\"elementor-element elementor-element-3d0da27 elementor-widget elementor-widget-text-editor\" data-id=\"3d0da27\" data-element_type=\"widget\" data-e-type=\"widget\" data-widget_type=\"text-editor.default\">\n\t\t\t\t<div class=\"elementor-widget-container\">\n\t\t\t\t\t\t\t\t\t<p>Nein, der theoretische Teil wurde nicht vernachl\u00e4ssigt! Ausbildung im Verkauf, Bachelor in Wirtschaft, dann HEC Lausanne \u2013 das war die Grundausbildung. <\/p><ul><li>2019 absolvierte ich \u00fcber mehrere Monate die Immo-Start-Ausbildung bei USPI Formation, wo ich die grundlegenden theoretischen Kenntnisse des Immobiliensektors erwarb.<\/li><li>2022 absolvierte ich die Immo-Courtage-Ausbildung, ebenfalls bei USPI Formation, um die f\u00fcr Makler wesentlichen Kompetenzen zu festigen: Kundenbetreuung, Marktkenntnis und Beherrschung der technischen Aspekte der Maklert\u00e4tigkeit.<\/li><li>2023 wollte ich meine Expertise in der Immobilienbewertung konsolidieren: Ich absolvierte eine anspruchsvolle anderthalbj\u00e4hrige Ausbildung, die mit dem Bundesdiplom als <span style=\"color: #0000ff;\"><a style=\"color: #0000ff;\" href=\"https:\/\/www.brymmo.ch\/de\/immobilienbewertung\/\">Immobilienbewertungsexperte<\/a><\/span> abgeschlossen wurde, das ich 2025 erlangte.<\/li><li>2025 plane ich, das Diplom als Immobilienverwalter zu machen, um mein Angebot zu erweitern und meinen Kunden die vollst\u00e4ndige Verwaltung ihrer Immobilien anzubieten.<\/li><\/ul><p>Und ich habe nicht vor, hier aufzuh\u00f6ren! Kontinuierliche Weiterbildung ist in der Immobilienbranche essenziell. <\/p>\t\t\t\t\t\t\t\t<\/div>\n\t\t\t\t<\/div>\n\t\t\t\t<\/div>\n\t\t\t\t<\/div>\n\t\t\t\t\t<\/div>\n\t\t\t\t<\/div>\n\t\t<div class=\"elementor-element elementor-element-497b37e e-flex e-con-boxed e-con e-parent\" data-id=\"497b37e\" data-element_type=\"container\" data-e-type=\"container\" data-settings=\"{&quot;background_background&quot;:&quot;classic&quot;}\">\n\t\t\t\t\t<div class=\"e-con-inner\">\n\t\t\t\t\t<\/div>\n\t\t\t\t<\/div>\n\t\t<div class=\"elementor-element elementor-element-cd9594f e-flex e-con-boxed e-con e-parent\" data-id=\"cd9594f\" data-element_type=\"container\" data-e-type=\"container\" data-settings=\"{&quot;background_background&quot;:&quot;classic&quot;}\">\n\t\t\t\t\t<div class=\"e-con-inner\">\n\t\t\t\t<div class=\"elementor-element elementor-element-ec8d63b elementor-widget elementor-widget-text-editor\" data-id=\"ec8d63b\" data-element_type=\"widget\" data-e-type=\"widget\" data-widget_type=\"text-editor.default\">\n\t\t\t\t<div class=\"elementor-widget-container\">\n\t\t\t\t\t\t\t\t\t<h3><em>Immobilien-Software und High-Tech-Gadgets zur Unterst\u00fctzung Ihrer Verk\u00e4ufe und Vermietungen<\/em><\/h3>\t\t\t\t\t\t\t\t<\/div>\n\t\t\t\t<\/div>\n\t\t\t\t\t<\/div>\n\t\t\t\t<\/div>\n\t\t<div class=\"elementor-element elementor-element-26fae66 e-flex e-con-boxed e-con e-parent\" data-id=\"26fae66\" data-element_type=\"container\" data-e-type=\"container\" data-settings=\"{&quot;background_background&quot;:&quot;classic&quot;}\">\n\t\t\t\t\t<div class=\"e-con-inner\">\n\t\t<div class=\"elementor-element elementor-element-c4bb6a6 e-con-full e-flex e-con e-child\" data-id=\"c4bb6a6\" data-element_type=\"container\" data-e-type=\"container\">\n\t\t<div class=\"elementor-element elementor-element-ac6bce9 e-grid e-con-full e-con e-child\" data-id=\"ac6bce9\" data-element_type=\"container\" data-e-type=\"container\">\n\t\t\t\t<div class=\"elementor-element elementor-element-2e9b708 elementor-widget__width-initial elementor-widget elementor-widget-text-editor\" data-id=\"2e9b708\" data-element_type=\"widget\" data-e-type=\"widget\" data-widget_type=\"text-editor.default\">\n\t\t\t\t<div class=\"elementor-widget-container\">\n\t\t\t\t\t\t\t\t\t<p><strong><em>Wie sieht es mit den modernen Tools und Technologien aus, die Sie t\u00e4glich nutzen?<\/em><\/strong><\/p>\t\t\t\t\t\t\t\t<\/div>\n\t\t\t\t<\/div>\n\t\t\t\t<\/div>\n\t\t\t\t<\/div>\n\t\t<div class=\"elementor-element elementor-element-801cda0 e-con-full e-flex e-con e-child\" data-id=\"801cda0\" data-element_type=\"container\" data-e-type=\"container\">\n\t\t\t\t<div class=\"elementor-element elementor-element-067e995 elementor-widget__width-initial elementor-widget elementor-widget-text-editor\" data-id=\"067e995\" data-element_type=\"widget\" data-e-type=\"widget\" data-widget_type=\"text-editor.default\">\n\t\t\t\t<div class=\"elementor-widget-container\">\n\t\t\t\t\t\t\t\t\t<p>Als Unabh\u00e4ngiger ist jedes Mittel gut, um die Organisation der Agentur zu verbessern. F\u00fcr Verkauf und <span style=\"color: #0000ff;\"><a style=\"color: #0000ff;\" href=\"https:\/\/www.brymmo.ch\/de\/mietangebote\/\">Vermietung<\/a><\/span> nutze ich leistungsstarke Tools: <\/p><ul><li>W\u00e4hrend der Kamerastabilisator und die High-End-Kamera unverzichtbar sind, erm\u00f6glicht die 3D-Virtual-Tour eine immersive Besichtigung aus der Ferne. Die Drohne bietet dem potenziellen K\u00e4ufer einen Adlerblick auf die Umgebung der Immobilie. <\/li><li>Im Bereich Verwaltung gew\u00e4hrleisten meine Immobilien-Software und das CRM eine pr\u00e4zise Nachverfolgung von Immobilien, Kunden und Transaktionen.<\/li><li>Schlie\u00dflich erweitert die multikanale Ver\u00f6ffentlichung \u2013 \u00fcber mehrere Immobilienportale, soziale Netzwerke und meinen Newsletter \u2013 die Werbereichweite der Immobilie.<\/li><\/ul>\t\t\t\t\t\t\t\t<\/div>\n\t\t\t\t<\/div>\n\t\t\t\t<\/div>\n\t\t\t\t\t<\/div>\n\t\t\t\t<\/div>\n\t\t<div class=\"elementor-element elementor-element-dde48f0 e-flex e-con-boxed e-con e-parent\" data-id=\"dde48f0\" data-element_type=\"container\" data-e-type=\"container\" data-settings=\"{&quot;background_background&quot;:&quot;classic&quot;}\">\n\t\t\t\t\t<div class=\"e-con-inner\">\n\t\t\t\t<div class=\"elementor-element elementor-element-25d03c5 elementor-widget elementor-widget-heading\" data-id=\"25d03c5\" data-element_type=\"widget\" data-e-type=\"widget\" data-widget_type=\"heading.default\">\n\t\t\t\t<div class=\"elementor-widget-container\">\n\t\t\t\t\t<h2 class=\"elementor-heading-title elementor-size-default\">Immobilienverkauf und -kauf: Fallstudie \u2013 ein Imagin\u00e4res und drei Konkrete<\/h2>\t\t\t\t<\/div>\n\t\t\t\t<\/div>\n\t\t\t\t\t<\/div>\n\t\t\t\t<\/div>\n\t\t<div class=\"elementor-element elementor-element-ee58ab0 e-flex e-con-boxed e-con e-parent\" data-id=\"ee58ab0\" data-element_type=\"container\" data-e-type=\"container\" data-settings=\"{&quot;background_background&quot;:&quot;classic&quot;}\">\n\t\t\t\t\t<div class=\"e-con-inner\">\n\t\t\t\t<div class=\"elementor-element elementor-element-2e4bd14 elementor-widget elementor-widget-spacer\" data-id=\"2e4bd14\" data-element_type=\"widget\" data-e-type=\"widget\" data-widget_type=\"spacer.default\">\n\t\t\t\t<div class=\"elementor-widget-container\">\n\t\t\t\t\t\t\t<div class=\"elementor-spacer\">\n\t\t\t<div class=\"elementor-spacer-inner\"><\/div>\n\t\t<\/div>\n\t\t\t\t\t\t<\/div>\n\t\t\t\t<\/div>\n\t\t\t\t<div class=\"elementor-element elementor-element-77fc8fa elementor-widget elementor-widget-text-editor\" data-id=\"77fc8fa\" data-element_type=\"widget\" data-e-type=\"widget\" data-widget_type=\"text-editor.default\">\n\t\t\t\t<div class=\"elementor-widget-container\">\n\t\t\t\t\t\t\t\t\t<h3><em>Immobilienberatung: Expertise aus der Praxis<\/em><\/h3>\t\t\t\t\t\t\t\t<\/div>\n\t\t\t\t<\/div>\n\t\t<div class=\"elementor-element elementor-element-0e7d7ca e-con-full e-flex e-con e-child\" data-id=\"0e7d7ca\" data-element_type=\"container\" data-e-type=\"container\">\n\t\t<div class=\"elementor-element elementor-element-df213b4 e-grid e-con-full e-con e-child\" data-id=\"df213b4\" data-element_type=\"container\" data-e-type=\"container\">\n\t\t\t\t<div class=\"elementor-element elementor-element-b9e6ecd elementor-widget elementor-widget-text-editor\" data-id=\"b9e6ecd\" data-element_type=\"widget\" data-e-type=\"widget\" data-widget_type=\"text-editor.default\">\n\t\t\t\t<div class=\"elementor-widget-container\">\n\t\t\t\t\t\t\t\t\t<p><strong><em>Wenn Ihr bester Freund, finanziell gut aufgestellt, Ihnen mitteilen w\u00fcrde, dass er eine Zweitwohnung in der Westschweiz kaufen m\u00f6chte, um Familie und Freunde einzuladen, welche <span style=\"color: #3366ff;\"><a style=\"color: #3366ff;\" href=\"https:\/\/www.brymmo.ch\/les-erreurs\/\">Ratschl\u00e4ge<\/a><\/span> w\u00fcrden Sie ihm 2025 geben und in welche Region(en) w\u00fcrden Sie die Suche lenken?<\/em><\/strong><\/p>\t\t\t\t\t\t\t\t<\/div>\n\t\t\t\t<\/div>\n\t\t\t\t<div class=\"elementor-element elementor-element-66237a0 elementor-widget elementor-widget-text-editor\" data-id=\"66237a0\" data-element_type=\"widget\" data-e-type=\"widget\" data-widget_type=\"text-editor.default\">\n\t\t\t\t<div class=\"elementor-widget-container\">\n\t\t\t\t\t\t\t\t\t<p>Ich w\u00fcrde ihm raten, eine Zweitwohnung in Regionen der Westschweiz zu w\u00e4hlen, die Lebensqualit\u00e4t, Erreichbarkeit und Wertsteigerungspotenzial kombinieren. Umgebung von Lausanne, Lavaux und einige Gemeinden nahe den Waadtl\u00e4nder Alpen bleiben sehr attraktiv. <\/p><p>Ich w\u00fcrde ihm auch raten, die regulatorischen Aspekte des Kaufs von Zweitwohnungen in der Schweiz, insbesondere kantonale Einschr\u00e4nkungen, fr\u00fchzeitig zu ber\u00fccksichtigen. Ich w\u00fcrde ihm empfehlen, sein Budget mit <span style=\"color: #3366ff;\"><a style=\"color: #3366ff;\" href=\"https:\/\/www.brymmo.ch\/financement\/\">Hypothekenmaklern<\/a><\/span> abzusichern, geduldig zu sein und sich Zeit zu nehmen. <\/p><p>Vor allem w\u00fcrde ich ihm aber klarmachen, dass er das au\u00dfergew\u00f6hnliche Gl\u00fcck hat, gut bei der Suche nach einem zu erwerbenden Objekt begleitet zu werden!<\/p>\t\t\t\t\t\t\t\t<\/div>\n\t\t\t\t<\/div>\n\t\t\t\t<\/div>\n\t\t\t\t<\/div>\n\t\t\t\t\t<\/div>\n\t\t\t\t<\/div>\n\t\t<div class=\"elementor-element elementor-element-d475055 e-flex e-con-boxed e-con e-parent\" data-id=\"d475055\" data-element_type=\"container\" data-e-type=\"container\" data-settings=\"{&quot;background_background&quot;:&quot;classic&quot;}\">\n\t\t\t\t\t<div class=\"e-con-inner\">\n\t\t\t\t<div class=\"elementor-element elementor-element-364262c elementor-widget elementor-widget-text-editor\" data-id=\"364262c\" data-element_type=\"widget\" data-e-type=\"widget\" data-widget_type=\"text-editor.default\">\n\t\t\t\t<div class=\"elementor-widget-container\">\n\t\t\t\t\t\t\t\t\t<h3><em>Drei bemerkenswerte Immobilienverk\u00e4ufe: Anpassungsf\u00e4higkeit ist entscheidend!<\/em><\/h3>\t\t\t\t\t\t\t\t<\/div>\n\t\t\t\t<\/div>\n\t\t\t\t\t<\/div>\n\t\t\t\t<\/div>\n\t\t<div class=\"elementor-element elementor-element-0a60a9d e-flex e-con-boxed e-con e-parent\" data-id=\"0a60a9d\" data-element_type=\"container\" data-e-type=\"container\" data-settings=\"{&quot;background_background&quot;:&quot;classic&quot;}\">\n\t\t\t\t\t<div class=\"e-con-inner\">\n\t\t<div class=\"elementor-element elementor-element-07e5cea e-con-full e-flex e-con e-child\" data-id=\"07e5cea\" data-element_type=\"container\" data-e-type=\"container\">\n\t\t<div class=\"elementor-element elementor-element-37c5ee7 e-grid e-con-full e-con e-child\" data-id=\"37c5ee7\" data-element_type=\"container\" data-e-type=\"container\">\n\t\t\t\t<div class=\"elementor-element elementor-element-e9cde5b elementor-widget__width-initial elementor-widget elementor-widget-text-editor\" data-id=\"e9cde5b\" data-element_type=\"widget\" data-e-type=\"widget\" data-widget_type=\"text-editor.default\">\n\t\t\t\t<div class=\"elementor-widget-container\">\n\t\t\t\t\t\t\t\t\t<p><em><strong>Schliesslich erz\u00e4hlen Sie mir bitte drei aussergew\u00f6hnliche und aktuelle <span style=\"color: #3366ff;\"><a style=\"color: #3366ff;\" href=\"https:\/\/www.brymmo.ch\/de\/verkauf\/\">Verkaufserfahrungen<\/a><\/span>, die lehrreich waren.<\/strong><\/em><\/p>\t\t\t\t\t\t\t\t<\/div>\n\t\t\t\t<\/div>\n\t\t\t\t<\/div>\n\t\t\t\t<\/div>\n\t\t<div class=\"elementor-element elementor-element-82bf74b e-con-full e-flex e-con e-child\" data-id=\"82bf74b\" data-element_type=\"container\" data-e-type=\"container\">\n\t\t\t\t<div class=\"elementor-element elementor-element-9b8663e elementor-widget__width-initial elementor-widget elementor-widget-text-editor\" data-id=\"9b8663e\" data-element_type=\"widget\" data-e-type=\"widget\" data-widget_type=\"text-editor.default\">\n\t\t\t\t<div class=\"elementor-widget-container\">\n\t\t\t\t\t\t\t\t\t<p><strong><u>Schnell und gut, es ist m\u00f6glich: Eine Wohnung in Lausanne in 72 Stunden verkaufen!<\/u><\/strong><\/p><p>Letzte Woche habe ich einen Expressverkauf unter optimalen Bedingungen realisiert: ein Studio in Lausanne in 72 Stunden verkauft!<\/p><p>Dieses Studio, ideal im Zentrum von Lausanne gelegen, hatte grosses Potenzial: gut geschnitten, hell, in der N\u00e4he von Annehmlichkeiten, perfekt f\u00fcr einen Investor oder Studenten. Schon bei der Bewertung habe ich dem Eigent\u00fcmer geraten, eine attraktive High-End-Positionierung zu w\u00e4hlen, um von Anfang an eine Nischenkundschaft anzusprechen. <\/p><p>Eine gezielte Ver\u00f6ffentlichungsstrategie, ein aktiviertes Netzwerk im Vorfeld, und das Objekt wurde bereits am zweiten Tag von mehreren Interessenten besichtigt! Innerhalb von 48 Stunden lagen drei ernsthafte Angebote vor. Am dritten Tag, nach einer letzten Best\u00e4tigungsbesichtigung, war das Objekt reserviert. In 72 Stunden war alles abgeschlossen!   <\/p><p>Ein schneller Verkauf, ohne Druck, Ergebnis sorgf\u00e4ltiger Vorbereitung!<br>Eine hochwertige Immobilie zum richtigen Preis, meine hohe Reaktionsf\u00e4higkeit und die des Verk\u00e4ufers, gegenseitiges Vertrauen: Wenn all diese Elemente zusammenkommen, kann es in der Immobilienwelt sehr schnell gehen \u2026 und sehr gut. <\/p><p><strong><u>Umgang mit turbulenten Immobilientransaktionen!<\/u><\/strong><\/p><p>Vor zwei Monaten, nach drei Wochen mit Besichtigungen, wurde endlich ein verbindliches Angebot akzeptiert, alle waren begeistert und der Kaufvorvertrag war in Vorbereitung. Pl\u00f6tzlich, eine Woche vor der Unterzeichnung, zog sich der K\u00e4ufer ohne triftigen Grund zur\u00fcck. Der Verk\u00e4ufer war entt\u00e4uscht; alles musste von vorne beginnen.  <\/p><p>Einige Tage sp\u00e4ter kam ein K\u00e4ufer aus meinem Netzwerk zur\u00fcck, um die Immobilie erneut zu besichtigen, und machte uns ein noch besseres Angebot. Das Gesch\u00e4ft wurde in den darauffolgenden Tagen abgeschlossen. <\/p><p>Das ist auch Immobilien: emotionale Achterbahnfahrten, denen man begegnen muss, indem man ruhig, reaktionsf\u00e4hig und stets professionell bleibt \u2013 selbst in unsicheren Momenten.<\/p><p><strong><u>Mit geschlossenen Augen! Ein 100 % digitaler Verkauf in Nyon <\/u><\/strong><\/p><p>Dieser Kunde, ein Schweizer Investor mit Wohnsitz im Ausland, <span style=\"color: #3366ff;\"><a style=\"color: #3366ff;\" href=\"https:\/\/www.brymmo.ch\/de\/kontakt\/\">kontaktierte mich<\/a><\/span> mit einer ungew\u00f6hnlichen Anfrage: den Erwerb eines Geb\u00e4udes in Nyon, jedoch ohne sich jemals vor Ort zu bewegen. Er kannte den Schweizer Markt gut, wollte aber weder Zeit verlieren noch in komplexe logistische Abl\u00e4ufe eintreten. <\/p><p>Ab unserem ersten Austausch war mir klar, dass es notwendig war, direkt und mit \u00e4usserster Pr\u00e4zision vorzugehen.<br>Ich stellte ihm eine umfassende Dokumentation zur Verf\u00fcgung: detaillierte Pl\u00e4ne, Mietverlauf, aktueller Vermietungsstand sowie immersive Videos jeder Wohnung, der Gemeinschaftsbereiche und der Au\u00dfenanlagen. Alles wurde aus der Ferne organisiert: Austausch per E-Mail und Videokonferenz, Renditesch\u00e4tzung, Risikoanalyse, Koordination mit der Treuhandgesellschaft und sogar die Unterzeichnung des Kaufvorvertrags beim Notar \u2026 per Videokonferenz!  <\/p><p>Innerhalb weniger Wochen war der Kauf des Geb\u00e4udes abgeschlossen, ohne dass der K\u00e4ufer jemals einen Fu\u00df vor Ort gesetzt hatte.<br>Diese au\u00dfergew\u00f6hnliche und \u00e4u\u00dferst bereichernde Erfahrung hat mir bewiesen, dass eine Transaktion auf Distanz \u2013 mit Strenge und Transparenz durchgef\u00fchrt \u2013 genauso reibungslos ablaufen kann wie ein klassischer Verkauf! <\/p>\t\t\t\t\t\t\t\t<\/div>\n\t\t\t\t<\/div>\n\t\t\t\t<\/div>\n\t\t\t\t\t<\/div>\n\t\t\t\t<\/div>\n\t\t\t\t<\/div>\n\t\t","protected":false},"excerpt":{"rendered":"<p>WER SIND WIR? BRYMMO, eine seri\u00f6se und unabh\u00e4ngige Immobilienagentur im Kanton Waadt Eine seri\u00f6se Immobilienagentur im Kanton Waadt zu gr\u00fcnden, eine Referenzagentur, deren Adresse man gerne Freunden weitergibt \u2013 das war die ganz einfache Ambition und der urspr\u00fcngliche Antrieb von Jonathan Pfister. Das grossartige Abenteuer einer beruflichen Selbstst\u00e4ndigkeit nach f\u00fcnf Jahren Anstellung in mehreren grossen [&hellip;]<\/p>\n","protected":false},"author":1,"featured_media":32687,"parent":0,"menu_order":0,"comment_status":"closed","ping_status":"closed","template":"template\/template-homepage.php","meta":{"content-type":"","_monsterinsights_skip_tracking":false,"_monsterinsights_sitenote_active":false,"_monsterinsights_sitenote_note":"","_monsterinsights_sitenote_category":0,"_uf_show_specific_survey":0,"_uf_disable_surveys":false,"footnotes":""},"class_list":["post-34921","page","type-page","status-publish","has-post-thumbnail","hentry"],"aioseo_notices":[],"yoast_head":"<!-- This site is optimized with the Yoast SEO plugin v27.5 - https:\/\/yoast.com\/product\/yoast-seo-wordpress\/ -->\n<title>BRYMMO, Schweizer Immobilienagentur mit pers\u00f6nlichem Charakter<\/title>\n<meta name=\"description\" content=\"Willkommen bei BRYMMO in Lausanne: Bei uns finden Sie ein offenes Ohr und eine ma\u00dfgeschneiderte Begleitung w\u00e4hrend des gesamten Immobiliengesch\u00e4fts.\" \/>\n<meta name=\"robots\" content=\"index, follow, max-snippet:-1, max-image-preview:large, max-video-preview:-1\" \/>\n<link rel=\"canonical\" href=\"https:\/\/www.brymmo.ch\/de\/wer-sind-wir\/\" \/>\n<meta property=\"og:locale\" content=\"de_DE\" \/>\n<meta property=\"og:type\" content=\"article\" \/>\n<meta property=\"og:title\" content=\"BRYMMO, Schweizer Immobilienagentur mit pers\u00f6nlichem Charakter\" \/>\n<meta property=\"og:description\" content=\"Willkommen bei BRYMMO in Lausanne: Bei uns finden Sie ein offenes Ohr und eine ma\u00dfgeschneiderte Begleitung w\u00e4hrend des gesamten Immobiliengesch\u00e4fts.\" \/>\n<meta property=\"og:url\" content=\"https:\/\/www.brymmo.ch\/de\/wer-sind-wir\/\" \/>\n<meta property=\"og:site_name\" content=\"BRYMMO\" \/>\n<meta property=\"article:modified_time\" content=\"2025-09-18T18:16:11+00:00\" \/>\n<meta property=\"og:image\" content=\"https:\/\/www.brymmo.ch\/wp-content\/uploads\/2024\/11\/13.jpg\" \/>\n\t<meta property=\"og:image:width\" content=\"1920\" \/>\n\t<meta property=\"og:image:height\" content=\"1080\" \/>\n\t<meta property=\"og:image:type\" content=\"image\/jpeg\" \/>\n<meta name=\"twitter:card\" content=\"summary_large_image\" \/>\n<meta name=\"twitter:label1\" content=\"Gesch\u00e4tzte Lesezeit\" \/>\n\t<meta name=\"twitter:data1\" content=\"8\u00a0Minuten\" \/>\n<script type=\"application\/ld+json\" class=\"yoast-schema-graph\">{\"@context\":\"https:\\\/\\\/schema.org\",\"@graph\":[{\"@type\":\"WebPage\",\"@id\":\"https:\\\/\\\/www.brymmo.ch\\\/de\\\/wer-sind-wir\\\/\",\"url\":\"https:\\\/\\\/www.brymmo.ch\\\/de\\\/wer-sind-wir\\\/\",\"name\":\"BRYMMO, Schweizer Immobilienagentur mit pers\u00f6nlichem Charakter\",\"isPartOf\":{\"@id\":\"https:\\\/\\\/www.brymmo.ch\\\/de\\\/#website\"},\"primaryImageOfPage\":{\"@id\":\"https:\\\/\\\/www.brymmo.ch\\\/de\\\/wer-sind-wir\\\/#primaryimage\"},\"image\":{\"@id\":\"https:\\\/\\\/www.brymmo.ch\\\/de\\\/wer-sind-wir\\\/#primaryimage\"},\"thumbnailUrl\":\"https:\\\/\\\/www.brymmo.ch\\\/wp-content\\\/uploads\\\/2024\\\/11\\\/13.jpg\",\"datePublished\":\"2025-08-06T10:06:02+00:00\",\"dateModified\":\"2025-09-18T18:16:11+00:00\",\"description\":\"Willkommen bei BRYMMO in Lausanne: Bei uns finden Sie ein offenes Ohr und eine ma\u00dfgeschneiderte Begleitung w\u00e4hrend des gesamten Immobiliengesch\u00e4fts.\",\"breadcrumb\":{\"@id\":\"https:\\\/\\\/www.brymmo.ch\\\/de\\\/wer-sind-wir\\\/#breadcrumb\"},\"inLanguage\":\"de\",\"potentialAction\":[{\"@type\":\"ReadAction\",\"target\":[\"https:\\\/\\\/www.brymmo.ch\\\/de\\\/wer-sind-wir\\\/\"]}]},{\"@type\":\"ImageObject\",\"inLanguage\":\"de\",\"@id\":\"https:\\\/\\\/www.brymmo.ch\\\/de\\\/wer-sind-wir\\\/#primaryimage\",\"url\":\"https:\\\/\\\/www.brymmo.ch\\\/wp-content\\\/uploads\\\/2024\\\/11\\\/13.jpg\",\"contentUrl\":\"https:\\\/\\\/www.brymmo.ch\\\/wp-content\\\/uploads\\\/2024\\\/11\\\/13.jpg\",\"width\":1920,\"height\":1080},{\"@type\":\"BreadcrumbList\",\"@id\":\"https:\\\/\\\/www.brymmo.ch\\\/de\\\/wer-sind-wir\\\/#breadcrumb\",\"itemListElement\":[{\"@type\":\"ListItem\",\"position\":1,\"name\":\"Accueil\",\"item\":\"https:\\\/\\\/www.brymmo.ch\\\/de\\\/page-daccueil-2\\\/\"},{\"@type\":\"ListItem\",\"position\":2,\"name\":\"WER SIND WIR?\"}]},{\"@type\":\"WebSite\",\"@id\":\"https:\\\/\\\/www.brymmo.ch\\\/de\\\/#website\",\"url\":\"https:\\\/\\\/www.brymmo.ch\\\/de\\\/\",\"name\":\"BRYMMO\",\"description\":\"Agence immobili\u00e8re \u00e0 Lausanne | BRYMMO\",\"potentialAction\":[{\"@type\":\"SearchAction\",\"target\":{\"@type\":\"EntryPoint\",\"urlTemplate\":\"https:\\\/\\\/www.brymmo.ch\\\/de\\\/?s={search_term_string}\"},\"query-input\":{\"@type\":\"PropertyValueSpecification\",\"valueRequired\":true,\"valueName\":\"search_term_string\"}}],\"inLanguage\":\"de\"}]}<\/script>\n<!-- \/ Yoast SEO plugin. -->","yoast_head_json":{"title":"BRYMMO, Schweizer Immobilienagentur mit pers\u00f6nlichem Charakter","description":"Willkommen bei BRYMMO in Lausanne: Bei uns finden Sie ein offenes Ohr und eine ma\u00dfgeschneiderte Begleitung w\u00e4hrend des gesamten Immobiliengesch\u00e4fts.","robots":{"index":"index","follow":"follow","max-snippet":"max-snippet:-1","max-image-preview":"max-image-preview:large","max-video-preview":"max-video-preview:-1"},"canonical":"https:\/\/www.brymmo.ch\/de\/wer-sind-wir\/","og_locale":"de_DE","og_type":"article","og_title":"BRYMMO, Schweizer Immobilienagentur mit pers\u00f6nlichem Charakter","og_description":"Willkommen bei BRYMMO in Lausanne: Bei uns finden Sie ein offenes Ohr und eine ma\u00dfgeschneiderte Begleitung w\u00e4hrend des gesamten Immobiliengesch\u00e4fts.","og_url":"https:\/\/www.brymmo.ch\/de\/wer-sind-wir\/","og_site_name":"BRYMMO","article_modified_time":"2025-09-18T18:16:11+00:00","og_image":[{"width":1920,"height":1080,"url":"https:\/\/www.brymmo.ch\/wp-content\/uploads\/2024\/11\/13.jpg","type":"image\/jpeg"}],"twitter_card":"summary_large_image","twitter_misc":{"Gesch\u00e4tzte Lesezeit":"8\u00a0Minuten"},"schema":{"@context":"https:\/\/schema.org","@graph":[{"@type":"WebPage","@id":"https:\/\/www.brymmo.ch\/de\/wer-sind-wir\/","url":"https:\/\/www.brymmo.ch\/de\/wer-sind-wir\/","name":"BRYMMO, Schweizer Immobilienagentur mit pers\u00f6nlichem Charakter","isPartOf":{"@id":"https:\/\/www.brymmo.ch\/de\/#website"},"primaryImageOfPage":{"@id":"https:\/\/www.brymmo.ch\/de\/wer-sind-wir\/#primaryimage"},"image":{"@id":"https:\/\/www.brymmo.ch\/de\/wer-sind-wir\/#primaryimage"},"thumbnailUrl":"https:\/\/www.brymmo.ch\/wp-content\/uploads\/2024\/11\/13.jpg","datePublished":"2025-08-06T10:06:02+00:00","dateModified":"2025-09-18T18:16:11+00:00","description":"Willkommen bei BRYMMO in Lausanne: Bei uns finden Sie ein offenes Ohr und eine ma\u00dfgeschneiderte Begleitung w\u00e4hrend des gesamten Immobiliengesch\u00e4fts.","breadcrumb":{"@id":"https:\/\/www.brymmo.ch\/de\/wer-sind-wir\/#breadcrumb"},"inLanguage":"de","potentialAction":[{"@type":"ReadAction","target":["https:\/\/www.brymmo.ch\/de\/wer-sind-wir\/"]}]},{"@type":"ImageObject","inLanguage":"de","@id":"https:\/\/www.brymmo.ch\/de\/wer-sind-wir\/#primaryimage","url":"https:\/\/www.brymmo.ch\/wp-content\/uploads\/2024\/11\/13.jpg","contentUrl":"https:\/\/www.brymmo.ch\/wp-content\/uploads\/2024\/11\/13.jpg","width":1920,"height":1080},{"@type":"BreadcrumbList","@id":"https:\/\/www.brymmo.ch\/de\/wer-sind-wir\/#breadcrumb","itemListElement":[{"@type":"ListItem","position":1,"name":"Accueil","item":"https:\/\/www.brymmo.ch\/de\/page-daccueil-2\/"},{"@type":"ListItem","position":2,"name":"WER SIND WIR?"}]},{"@type":"WebSite","@id":"https:\/\/www.brymmo.ch\/de\/#website","url":"https:\/\/www.brymmo.ch\/de\/","name":"BRYMMO","description":"Agence immobili\u00e8re \u00e0 Lausanne | BRYMMO","potentialAction":[{"@type":"SearchAction","target":{"@type":"EntryPoint","urlTemplate":"https:\/\/www.brymmo.ch\/de\/?s={search_term_string}"},"query-input":{"@type":"PropertyValueSpecification","valueRequired":true,"valueName":"search_term_string"}}],"inLanguage":"de"}]}},"_links":{"self":[{"href":"https:\/\/www.brymmo.ch\/de\/wp-json\/wp\/v2\/pages\/34921","targetHints":{"allow":["GET"]}}],"collection":[{"href":"https:\/\/www.brymmo.ch\/de\/wp-json\/wp\/v2\/pages"}],"about":[{"href":"https:\/\/www.brymmo.ch\/de\/wp-json\/wp\/v2\/types\/page"}],"author":[{"embeddable":true,"href":"https:\/\/www.brymmo.ch\/de\/wp-json\/wp\/v2\/users\/1"}],"replies":[{"embeddable":true,"href":"https:\/\/www.brymmo.ch\/de\/wp-json\/wp\/v2\/comments?post=34921"}],"version-history":[{"count":1,"href":"https:\/\/www.brymmo.ch\/de\/wp-json\/wp\/v2\/pages\/34921\/revisions"}],"predecessor-version":[{"id":34923,"href":"https:\/\/www.brymmo.ch\/de\/wp-json\/wp\/v2\/pages\/34921\/revisions\/34923"}],"wp:featuredmedia":[{"embeddable":true,"href":"https:\/\/www.brymmo.ch\/de\/wp-json\/wp\/v2\/media\/32687"}],"wp:attachment":[{"href":"https:\/\/www.brymmo.ch\/de\/wp-json\/wp\/v2\/media?parent=34921"}],"curies":[{"name":"wp","href":"https:\/\/api.w.org\/{rel}","templated":true}]}}