{"id":34338,"date":"2025-02-17T16:53:54","date_gmt":"2025-02-17T15:53:54","guid":{"rendered":"https:\/\/www.brymmo.ch\/property\/zu-vermieten-friseursalon-30-m%c2%b2-im-herzen-von-lausanne\/"},"modified":"2025-09-02T14:17:34","modified_gmt":"2025-09-02T12:17:34","slug":"zu-vermieten-friseursalon-30-m%c2%b2-im-herzen-von-lausanne","status":"publish","type":"property","link":"https:\/\/www.brymmo.ch\/de\/property\/zu-vermieten-friseursalon-30-m%c2%b2-im-herzen-von-lausanne\/","title":{"rendered":"Zu Vermieten \u2013 Friseursalon 30 m\u00b2 im Herzen von Lausanne"},"content":{"rendered":"\n<p>Ideal im Stadtzentrum von Lausanne gelegen, profitiert dieser 30 m\u00b2 grosse Friseursalon von einem erstklassigen Standort mit hoher Sichtbarkeit und viel Fu\u00dfg\u00e4ngerverkehr. Er ist komplett ausgestattet und bezugsfertig, verf\u00fcgt \u00fcber mehrere Frisierpl\u00e4tze und bietet einen funktionalen und angenehmen Rahmen, um die Kundschaft zu empfangen. Mit einer attraktiven Miete ist dies eine ideale Gelegenheit f\u00fcr einen Fachmann, der sich in einem dynamischen Viertel niederlassen oder seine T\u00e4tigkeit ausbauen m\u00f6chte.  <\/p>\n\n<p><strong>F\u00fcr weitere Informationen oder zur Vereinbarung eines Besichtigungstermins kontaktieren Sie uns jetzt.<\/strong><\/p>\n","protected":false},"excerpt":{"rendered":"<p>Ideal im Stadtzentrum von Lausanne gelegen, profitiert dieser 30 m\u00b2 grosse Friseursalon von einem erstklassigen Standort mit hoher Sichtbarkeit und viel Fu\u00dfg\u00e4ngerverkehr. Er ist komplett ausgestattet und bezugsfertig, verf\u00fcgt \u00fcber mehrere Frisierpl\u00e4tze und bietet einen funktionalen und angenehmen Rahmen, um die Kundschaft zu empfangen. Mit einer attraktiven Miete ist dies eine ideale Gelegenheit f\u00fcr einen [&hellip;]<\/p>\n","protected":false},"author":1,"featured_media":33223,"parent":0,"menu_order":0,"template":"","property_type":[543],"property_status":[],"property_feature":[],"property_label":[446],"property_city":[383],"property_area":[354],"class_list":["post-34338","property","type-property","status-publish","has-post-thumbnail","hentry","property_type-gewerbe-buero","property_label-zu-spat","property_city-lausanne","property_area-waadt"],"aioseo_notices":[],"property_meta":{"fave_featured":["0"],"houzez_featured_listing_date":[""],"fave_property_images":["30315","30314","30316"],"fave_agent_display_option":["agent_info"],"fave_agents":["150"],"fave_single_top_area":["global"],"_top_nav_excluded":[""],"_cms_nav_minihome":[""],"_yoast_wpseo_title":["Friseursalon zu vermieten"],"_yoast_wpseo_metadesc":["Voll ausgestatteter Friseursalon im Herzen von Lausanne zu vermieten. Strategische Lage, hohe Sichtbarkeit und bezugsfertig..."],"_yoast_wpseo_focuskw":["Friseursalon"],"fave_property_price":["2300"],"fave_property_size":["30"],"fave_property_size_prefix":["m\u00b2"],"fave_property_id":["C.1003.3101.SO"],"fave_property_map":["1"],"fave_property_location":["46.520723338211,6.6309957797904,17"],"houzez_geolocation_lat":["46.520723338211"],"houzez_geolocation_long":["6.6309957797904"],"fave_property_map_street_view":["Ausblenden"],"fave_property_zip":["1003"],"fave_video_url":["https:\/\/youtu.be\/_gwJdSAbuMQ"],"fave_prop_homeslider":["yes"],"_thumbnail_id":["33223"],"_last_translation_edit_mode":["translation-editor"],"_wpml_word_count":["117"],"houzez_total_property_views":["761"],"houzez_views_by_date":["a:61:{s:10:\"02-19-2026\";i:3;s:10:\"02-20-2026\";i:2;s:10:\"02-21-2026\";i:1;s:10:\"02-22-2026\";i:3;s:10:\"02-23-2026\";i:2;s:10:\"02-24-2026\";i:2;s:10:\"02-25-2026\";i:1;s:10:\"02-27-2026\";i:1;s:10:\"03-01-2026\";i:1;s:10:\"03-02-2026\";i:2;s:10:\"03-04-2026\";i:2;s:10:\"03-05-2026\";i:2;s:10:\"03-06-2026\";i:3;s:10:\"03-08-2026\";i:2;s:10:\"03-09-2026\";i:2;s:10:\"03-10-2026\";i:3;s:10:\"03-11-2026\";i:1;s:10:\"03-12-2026\";i:4;s:10:\"03-13-2026\";i:1;s:10:\"03-14-2026\";i:1;s:10:\"03-18-2026\";i:1;s:10:\"03-19-2026\";i:1;s:10:\"03-20-2026\";i:1;s:10:\"03-21-2026\";i:2;s:10:\"03-22-2026\";i:2;s:10:\"03-23-2026\";i:1;s:10:\"03-24-2026\";i:2;s:10:\"03-25-2026\";i:4;s:10:\"03-26-2026\";i:2;s:10:\"03-27-2026\";i:3;s:10:\"03-28-2026\";i:2;s:10:\"03-29-2026\";i:4;s:10:\"03-30-2026\";i:1;s:10:\"03-31-2026\";i:4;s:10:\"04-01-2026\";i:1;s:10:\"04-02-2026\";i:3;s:10:\"04-03-2026\";i:2;s:10:\"04-04-2026\";i:2;s:10:\"04-05-2026\";i:2;s:10:\"04-06-2026\";i:3;s:10:\"04-07-2026\";i:4;s:10:\"04-08-2026\";i:2;s:10:\"04-09-2026\";i:4;s:10:\"04-10-2026\";i:1;s:10:\"04-11-2026\";i:2;s:10:\"04-12-2026\";i:2;s:10:\"04-13-2026\";i:4;s:10:\"04-14-2026\";i:1;s:10:\"04-15-2026\";i:3;s:10:\"04-16-2026\";i:1;s:10:\"04-17-2026\";i:3;s:10:\"04-18-2026\";i:1;s:10:\"04-22-2026\";i:1;s:10:\"04-23-2026\";i:3;s:10:\"04-24-2026\";i:2;s:10:\"04-25-2026\";i:4;s:10:\"04-26-2026\";i:3;s:10:\"04-27-2026\";i:3;s:10:\"04-28-2026\";i:3;s:10:\"04-29-2026\";i:3;s:10:\"04-30-2026\";i:3;}"],"houzez_recently_viewed":["2026-04-30 22:28:26"]},"yoast_head":"<!-- This site is optimized with the Yoast SEO plugin v27.5 - https:\/\/yoast.com\/product\/yoast-seo-wordpress\/ -->\n<title>Friseursalon zu vermieten<\/title>\n<meta name=\"description\" content=\"Voll ausgestatteter Friseursalon im Herzen von Lausanne zu vermieten. Strategische Lage, hohe Sichtbarkeit und bezugsfertig...\" \/>\n<meta name=\"robots\" content=\"index, follow, max-snippet:-1, max-image-preview:large, max-video-preview:-1\" \/>\n<link rel=\"canonical\" href=\"https:\/\/www.brymmo.ch\/de\/property\/zu-vermieten-friseursalon-30-m%c2%b2-im-herzen-von-lausanne\/\" \/>\n<meta property=\"og:locale\" content=\"de_DE\" \/>\n<meta property=\"og:type\" content=\"article\" \/>\n<meta property=\"og:title\" content=\"Friseursalon zu vermieten\" \/>\n<meta property=\"og:description\" content=\"Voll ausgestatteter Friseursalon im Herzen von Lausanne zu vermieten. Strategische Lage, hohe Sichtbarkeit und bezugsfertig...\" \/>\n<meta property=\"og:url\" content=\"https:\/\/www.brymmo.ch\/de\/property\/zu-vermieten-friseursalon-30-m%c2%b2-im-herzen-von-lausanne\/\" \/>\n<meta property=\"og:site_name\" content=\"BRYMMO\" \/>\n<meta property=\"article:modified_time\" content=\"2025-09-02T12:17:34+00:00\" \/>\n<meta property=\"og:image\" content=\"https:\/\/www.brymmo.ch\/wp-content\/uploads\/2025\/02\/3-2.webp\" \/>\n\t<meta property=\"og:image:width\" content=\"1920\" \/>\n\t<meta property=\"og:image:height\" content=\"1080\" \/>\n\t<meta property=\"og:image:type\" content=\"image\/jpeg\" \/>\n<meta name=\"twitter:card\" content=\"summary_large_image\" \/>\n<script type=\"application\/ld+json\" class=\"yoast-schema-graph\">{\"@context\":\"https:\\\/\\\/schema.org\",\"@graph\":[{\"@type\":\"WebPage\",\"@id\":\"https:\\\/\\\/www.brymmo.ch\\\/de\\\/property\\\/zu-vermieten-friseursalon-30-m%c2%b2-im-herzen-von-lausanne\\\/\",\"url\":\"https:\\\/\\\/www.brymmo.ch\\\/de\\\/property\\\/zu-vermieten-friseursalon-30-m%c2%b2-im-herzen-von-lausanne\\\/\",\"name\":\"Friseursalon zu vermieten\",\"isPartOf\":{\"@id\":\"https:\\\/\\\/www.brymmo.ch\\\/de\\\/#website\"},\"primaryImageOfPage\":{\"@id\":\"https:\\\/\\\/www.brymmo.ch\\\/de\\\/property\\\/zu-vermieten-friseursalon-30-m%c2%b2-im-herzen-von-lausanne\\\/#primaryimage\"},\"image\":{\"@id\":\"https:\\\/\\\/www.brymmo.ch\\\/de\\\/property\\\/zu-vermieten-friseursalon-30-m%c2%b2-im-herzen-von-lausanne\\\/#primaryimage\"},\"thumbnailUrl\":\"https:\\\/\\\/www.brymmo.ch\\\/wp-content\\\/uploads\\\/2025\\\/02\\\/3-2.webp\",\"datePublished\":\"2025-02-17T15:53:54+00:00\",\"dateModified\":\"2025-09-02T12:17:34+00:00\",\"description\":\"Voll ausgestatteter Friseursalon im Herzen von Lausanne zu vermieten. Strategische Lage, hohe Sichtbarkeit und bezugsfertig...\",\"breadcrumb\":{\"@id\":\"https:\\\/\\\/www.brymmo.ch\\\/de\\\/property\\\/zu-vermieten-friseursalon-30-m%c2%b2-im-herzen-von-lausanne\\\/#breadcrumb\"},\"inLanguage\":\"de\",\"potentialAction\":[{\"@type\":\"ReadAction\",\"target\":[\"https:\\\/\\\/www.brymmo.ch\\\/de\\\/property\\\/zu-vermieten-friseursalon-30-m%c2%b2-im-herzen-von-lausanne\\\/\"]}]},{\"@type\":\"ImageObject\",\"inLanguage\":\"de\",\"@id\":\"https:\\\/\\\/www.brymmo.ch\\\/de\\\/property\\\/zu-vermieten-friseursalon-30-m%c2%b2-im-herzen-von-lausanne\\\/#primaryimage\",\"url\":\"https:\\\/\\\/www.brymmo.ch\\\/wp-content\\\/uploads\\\/2025\\\/02\\\/3-2.webp\",\"contentUrl\":\"https:\\\/\\\/www.brymmo.ch\\\/wp-content\\\/uploads\\\/2025\\\/02\\\/3-2.webp\",\"width\":1920,\"height\":1080,\"caption\":\"Friseursalon\"},{\"@type\":\"BreadcrumbList\",\"@id\":\"https:\\\/\\\/www.brymmo.ch\\\/de\\\/property\\\/zu-vermieten-friseursalon-30-m%c2%b2-im-herzen-von-lausanne\\\/#breadcrumb\",\"itemListElement\":[{\"@type\":\"ListItem\",\"position\":1,\"name\":\"Accueil\",\"item\":\"https:\\\/\\\/www.brymmo.ch\\\/de\\\/page-daccueil-2\\\/\"},{\"@type\":\"ListItem\",\"position\":2,\"name\":\"Eigenschaften\",\"item\":\"https:\\\/\\\/www.brymmo.ch\\\/de\\\/property\\\/\"},{\"@type\":\"ListItem\",\"position\":3,\"name\":\"Zu Vermieten \u2013 Friseursalon 30 m\u00b2 im Herzen von Lausanne\"}]},{\"@type\":\"WebSite\",\"@id\":\"https:\\\/\\\/www.brymmo.ch\\\/de\\\/#website\",\"url\":\"https:\\\/\\\/www.brymmo.ch\\\/de\\\/\",\"name\":\"BRYMMO\",\"description\":\"Agence immobili\u00e8re \u00e0 Lausanne | BRYMMO\",\"potentialAction\":[{\"@type\":\"SearchAction\",\"target\":{\"@type\":\"EntryPoint\",\"urlTemplate\":\"https:\\\/\\\/www.brymmo.ch\\\/de\\\/?s={search_term_string}\"},\"query-input\":{\"@type\":\"PropertyValueSpecification\",\"valueRequired\":true,\"valueName\":\"search_term_string\"}}],\"inLanguage\":\"de\"}]}<\/script>\n<!-- \/ Yoast SEO plugin. -->","yoast_head_json":{"title":"Friseursalon zu vermieten","description":"Voll ausgestatteter Friseursalon im Herzen von Lausanne zu vermieten. Strategische Lage, hohe Sichtbarkeit und bezugsfertig...","robots":{"index":"index","follow":"follow","max-snippet":"max-snippet:-1","max-image-preview":"max-image-preview:large","max-video-preview":"max-video-preview:-1"},"canonical":"https:\/\/www.brymmo.ch\/de\/property\/zu-vermieten-friseursalon-30-m%c2%b2-im-herzen-von-lausanne\/","og_locale":"de_DE","og_type":"article","og_title":"Friseursalon zu vermieten","og_description":"Voll ausgestatteter Friseursalon im Herzen von Lausanne zu vermieten. Strategische Lage, hohe Sichtbarkeit und bezugsfertig...","og_url":"https:\/\/www.brymmo.ch\/de\/property\/zu-vermieten-friseursalon-30-m%c2%b2-im-herzen-von-lausanne\/","og_site_name":"BRYMMO","article_modified_time":"2025-09-02T12:17:34+00:00","og_image":[{"width":1920,"height":1080,"url":"https:\/\/www.brymmo.ch\/wp-content\/uploads\/2025\/02\/3-2.webp","type":"image\/jpeg"}],"twitter_card":"summary_large_image","schema":{"@context":"https:\/\/schema.org","@graph":[{"@type":"WebPage","@id":"https:\/\/www.brymmo.ch\/de\/property\/zu-vermieten-friseursalon-30-m%c2%b2-im-herzen-von-lausanne\/","url":"https:\/\/www.brymmo.ch\/de\/property\/zu-vermieten-friseursalon-30-m%c2%b2-im-herzen-von-lausanne\/","name":"Friseursalon zu vermieten","isPartOf":{"@id":"https:\/\/www.brymmo.ch\/de\/#website"},"primaryImageOfPage":{"@id":"https:\/\/www.brymmo.ch\/de\/property\/zu-vermieten-friseursalon-30-m%c2%b2-im-herzen-von-lausanne\/#primaryimage"},"image":{"@id":"https:\/\/www.brymmo.ch\/de\/property\/zu-vermieten-friseursalon-30-m%c2%b2-im-herzen-von-lausanne\/#primaryimage"},"thumbnailUrl":"https:\/\/www.brymmo.ch\/wp-content\/uploads\/2025\/02\/3-2.webp","datePublished":"2025-02-17T15:53:54+00:00","dateModified":"2025-09-02T12:17:34+00:00","description":"Voll ausgestatteter Friseursalon im Herzen von Lausanne zu vermieten. Strategische Lage, hohe Sichtbarkeit und bezugsfertig...","breadcrumb":{"@id":"https:\/\/www.brymmo.ch\/de\/property\/zu-vermieten-friseursalon-30-m%c2%b2-im-herzen-von-lausanne\/#breadcrumb"},"inLanguage":"de","potentialAction":[{"@type":"ReadAction","target":["https:\/\/www.brymmo.ch\/de\/property\/zu-vermieten-friseursalon-30-m%c2%b2-im-herzen-von-lausanne\/"]}]},{"@type":"ImageObject","inLanguage":"de","@id":"https:\/\/www.brymmo.ch\/de\/property\/zu-vermieten-friseursalon-30-m%c2%b2-im-herzen-von-lausanne\/#primaryimage","url":"https:\/\/www.brymmo.ch\/wp-content\/uploads\/2025\/02\/3-2.webp","contentUrl":"https:\/\/www.brymmo.ch\/wp-content\/uploads\/2025\/02\/3-2.webp","width":1920,"height":1080,"caption":"Friseursalon"},{"@type":"BreadcrumbList","@id":"https:\/\/www.brymmo.ch\/de\/property\/zu-vermieten-friseursalon-30-m%c2%b2-im-herzen-von-lausanne\/#breadcrumb","itemListElement":[{"@type":"ListItem","position":1,"name":"Accueil","item":"https:\/\/www.brymmo.ch\/de\/page-daccueil-2\/"},{"@type":"ListItem","position":2,"name":"Eigenschaften","item":"https:\/\/www.brymmo.ch\/de\/property\/"},{"@type":"ListItem","position":3,"name":"Zu Vermieten \u2013 Friseursalon 30 m\u00b2 im Herzen von Lausanne"}]},{"@type":"WebSite","@id":"https:\/\/www.brymmo.ch\/de\/#website","url":"https:\/\/www.brymmo.ch\/de\/","name":"BRYMMO","description":"Agence immobili\u00e8re \u00e0 Lausanne | BRYMMO","potentialAction":[{"@type":"SearchAction","target":{"@type":"EntryPoint","urlTemplate":"https:\/\/www.brymmo.ch\/de\/?s={search_term_string}"},"query-input":{"@type":"PropertyValueSpecification","valueRequired":true,"valueName":"search_term_string"}}],"inLanguage":"de"}]}},"_links":{"self":[{"href":"https:\/\/www.brymmo.ch\/de\/wp-json\/wp\/v2\/properties\/34338","targetHints":{"allow":["GET"]}}],"collection":[{"href":"https:\/\/www.brymmo.ch\/de\/wp-json\/wp\/v2\/properties"}],"about":[{"href":"https:\/\/www.brymmo.ch\/de\/wp-json\/wp\/v2\/types\/property"}],"author":[{"embeddable":true,"href":"https:\/\/www.brymmo.ch\/de\/wp-json\/wp\/v2\/users\/1"}],"version-history":[{"count":1,"href":"https:\/\/www.brymmo.ch\/de\/wp-json\/wp\/v2\/properties\/34338\/revisions"}],"predecessor-version":[{"id":34339,"href":"https:\/\/www.brymmo.ch\/de\/wp-json\/wp\/v2\/properties\/34338\/revisions\/34339"}],"wp:featuredmedia":[{"embeddable":true,"href":"https:\/\/www.brymmo.ch\/de\/wp-json\/wp\/v2\/media\/33223"}],"wp:attachment":[{"href":"https:\/\/www.brymmo.ch\/de\/wp-json\/wp\/v2\/media?parent=34338"}],"wp:term":[{"taxonomy":"property_type","embeddable":true,"href":"https:\/\/www.brymmo.ch\/de\/wp-json\/wp\/v2\/property_type?post=34338"},{"taxonomy":"property_status","embeddable":true,"href":"https:\/\/www.brymmo.ch\/de\/wp-json\/wp\/v2\/property_status?post=34338"},{"taxonomy":"property_feature","embeddable":true,"href":"https:\/\/www.brymmo.ch\/de\/wp-json\/wp\/v2\/property_feature?post=34338"},{"taxonomy":"property_label","embeddable":true,"href":"https:\/\/www.brymmo.ch\/de\/wp-json\/wp\/v2\/property_label?post=34338"},{"taxonomy":"property_city","embeddable":true,"href":"https:\/\/www.brymmo.ch\/de\/wp-json\/wp\/v2\/property_city?post=34338"},{"taxonomy":"property_area","embeddable":true,"href":"https:\/\/www.brymmo.ch\/de\/wp-json\/wp\/v2\/property_area?post=34338"}],"curies":[{"name":"wp","href":"https:\/\/api.w.org\/{rel}","templated":true}]}}