{"id":34349,"date":"2025-03-07T15:17:53","date_gmt":"2025-03-07T14:17:53","guid":{"rendered":"https:\/\/www.brymmo.ch\/property\/aussergewoehnliches-penthouse-mit-panoramablick\/"},"modified":"2025-09-02T14:32:21","modified_gmt":"2025-09-02T12:32:21","slug":"aussergewoehnliches-penthouse-mit-panoramablick","status":"publish","type":"property","link":"https:\/\/www.brymmo.ch\/de\/property\/aussergewoehnliches-penthouse-mit-panoramablick\/","title":{"rendered":"Aussergew\u00f6hnliches Penthouse mit Panoramablick"},"content":{"rendered":"\n<p>Ihr neues Zuhause zwischen Himmel und Erde! Dieses herrliche 3,5-Zimmer-Minergie-Penthouse wird Sie mit seiner riesigen, \u00fcber 130 m\u00b2 gro\u00dfen Terrasse aus exotischem Holz begeistern. Mit einer 270\u00b0-Ausrichtung bietet es einen atemberaubenden Blick auf den Genfersee, die Alpen und die Jurakette.  <\/p>\n\n<p>Mit einer Wohnfl\u00e4che von 98 m\u00b2 wurde diese moderne Wohnung mit hochwertigen Materialien und sorgf\u00e4ltigen Oberfl\u00e4chen gebaut. Sie verbindet Komfort mit Umweltfreundlichkeit dank ihres \u201egeothermischen\u201c W\u00e4rmepumpen-Heizsystems und ihrer thermischen Sonnenkollektoren. <\/p>\n\n<p>Die Inneneinrichtung besteht aus einer Eingangshalle mit Einbauschr\u00e4nken, einem G\u00e4ste-WC mit einer begehbaren Dusche unter einem Oberlicht und einem ger\u00e4umigen 51 m\u00b2 gro\u00dfen Wohnzimmer mit K\u00fcche, das mit poliertem Beton eine sch\u00f6ne pers\u00f6nliche Note erh\u00e4lt. Die halboffene K\u00fcche ist perfekt ausgestattet mit Induktionskochfeldern, einem Steamer und mehr. Der Schlafbereich umfasst ein helles Zimmer von ca. 13 m\u00b2 mit wundersch\u00f6nem Parkett und Ankleidezimmer sowie ein zweites Zimmer, die 20 m\u00b2 gro\u00dfe Mastersuite mit eigenem Bad mit Badewanne und Ankleidezimmer. Eine Waschs\u00e4ule ist in die Wohnung integriert.   <\/p>\n\n<p>Die grosse, \u00fcberdachte Terrasse, die sich um 270\u00b0 um die Wohnung erstreckt, ist ein au\u00dfergew\u00f6hnlicher Ort, um das Panorama zu genie\u00dfen und einen Gro\u00dfteil des Jahres drau\u00dfen zu verbringen. Sie ist mit einem automatischen Bew\u00e4sserungssystem und Bodenleuchten ausgestattet. Ein ger\u00e4umiger Keller von ca. 10 m\u00b2 mit Fahrradtr\u00e4gern vervollst\u00e4ndigt dieses Anwesen.  <\/p>\n\n<p>Zwei Tiefgaragenpl\u00e4tze sind verf\u00fcgbar, mit der M\u00f6glichkeit, eine Ladestation f\u00fcr Elektrofahrzeuge zu installieren (zus\u00e4tzlich zum Verkaufspreis).<\/p>\n\n<p>Dieses Anwesen bietet einzigartige Vorteile wie einen spektakul\u00e4ren Blick auf den See und die Berge, eine ruhige und gesch\u00fctzte Lage, edle Materialien wie Eichen- und Exotikholz und moderne Ausstattung wie vernetzte Jalousien und Leuchten mit Domotik. Die Gemeinde ist perfekt an die \u00f6ffentlichen Verkehrsmittel angebunden und liegt in der N\u00e4he der Autobahn (5 Minuten entfernt), sie bietet eine reiche Infrastruktur mit Schulen, vielf\u00e4ltigen Aktivit\u00e4ten und allen notwendigen Gesch\u00e4ften in der N\u00e4he. <\/p>\n\n<p>F\u00fcr weitere Informationen oder zur Vereinbarung eines Besichtigungstermins z\u00f6gern Sie bitte nicht, uns zu kontaktieren.<\/p>\n","protected":false},"excerpt":{"rendered":"<p>Ihr neues Zuhause zwischen Himmel und Erde! Dieses herrliche 3,5-Zimmer-Minergie-Penthouse wird Sie mit seiner riesigen, \u00fcber 130 m\u00b2 gro\u00dfen Terrasse aus exotischem Holz begeistern. Mit einer 270\u00b0-Ausrichtung bietet es einen atemberaubenden Blick auf den Genfersee, die Alpen und die Jurakette. Mit einer Wohnfl\u00e4che von 98 m\u00b2 wurde diese moderne Wohnung mit hochwertigen Materialien und sorgf\u00e4ltigen [&hellip;]<\/p>\n","protected":false},"author":1,"featured_media":32707,"parent":0,"menu_order":0,"template":"","property_type":[539],"property_status":[535],"property_feature":[710,712,479,711,706,656,786,491,657,654,713,664,709,708,662,663,704,702,659,787],"property_label":[446],"property_city":[386],"property_area":[354],"class_list":["post-34349","property","type-property","status-publish","has-post-thumbnail","hentry","property_type-wohnung","property_status-verkauft","property_feature-backofen","property_feature-besucherparkplatze","property_feature-einbauschranke","property_feature-garage-fur-bis-zu-2-autos","property_feature-gaste-wc","property_feature-gefrierschrank","property_feature-geraumige-terrasse","property_feature-geraumiger-keller","property_feature-geschirrspuler","property_feature-grosszugiger-aussenbereich","property_feature-gute-anbindung-an-offentliche-verkehrsmittel","property_feature-ideal-fur-familien-und-kinder","property_feature-induktionskochfeld","property_feature-kuhlschrank","property_feature-ruhige-familienfreundliche-gegend","property_feature-sehr-hell","property_feature-uberdachte-terrasse","property_feature-warmepumpe","property_feature-waschmaschine-und-trockner","property_feature-zahlreiche-stauraummoglichkeiten","property_label-zu-spat","property_city-le-mont-sur-lausanne","property_area-waadt"],"aioseo_notices":[],"property_meta":{"fave_featured":["0"],"houzez_featured_listing_date":[""],"fave_property_images":["30132","30134","30135","30136","30137","30138","30139","30140","30141","30142","30143","30144","30145","30146","30133","30147"],"fave_agent_display_option":["agent_info"],"fave_agents":["150"],"fave_single_top_area":["global"],"_top_nav_excluded":[""],"_cms_nav_minihome":[""],"_yoast_wpseo_title":["aussergew\u00f6hnliches Penthouse mit Panoramablick"],"_yoast_wpseo_metadesc":["Ihr neues Zuhause zwischen Himmel und Erde! Dieses herrliche 3,5-Zimmer-Minergie-Penthouse wird Sie mit seiner riesigen Terrasse aus exotischem Holz begeistern..."],"_yoast_wpseo_focuskw":["attique"],"fave_property_size":["98"],"fave_property_size_prefix":["m\u00b2"],"fave_property_bedrooms":["2"],"fave_property_bathrooms":["2"],"fave_property_rooms":["3.5"],"fave_property_garage":["2"],"fave_property_year":["2014"],"fave_property_id":["A.1052.0412.DK"],"fave_property_map":["1"],"fave_property_location":["46.550993929998,6.6405984233399,12"],"houzez_geolocation_lat":["46.550993929998"],"houzez_geolocation_long":["6.6405984233399"],"fave_property_map_street_view":["Ausblenden"],"fave_property_zip":["1052"],"fave_video_url":["https:\/\/www.youtube.com\/watch?v=ho98oruu6c8&t=15s"],"fave_virtual_tour":["https:\/\/my.matterport.com\/show\/?m=q1TGnYPYHr8"],"fave_prop_homeslider":["yes"],"_thumbnail_id":["32707"],"_last_translation_edit_mode":["translation-editor"],"_wpml_word_count":["412"],"houzez_total_property_views":["354"],"houzez_views_by_date":["a:61:{s:10:\"01-06-2026\";i:1;s:10:\"01-07-2026\";i:1;s:10:\"01-08-2026\";i:1;s:10:\"01-11-2026\";i:1;s:10:\"01-17-2026\";i:1;s:10:\"01-20-2026\";i:1;s:10:\"01-21-2026\";i:1;s:10:\"01-23-2026\";i:1;s:10:\"01-24-2026\";i:1;s:10:\"01-26-2026\";i:2;s:10:\"01-27-2026\";i:3;s:10:\"01-28-2026\";i:2;s:10:\"01-29-2026\";i:1;s:10:\"01-30-2026\";i:1;s:10:\"02-01-2026\";i:1;s:10:\"02-03-2026\";i:1;s:10:\"02-06-2026\";i:1;s:10:\"02-07-2026\";i:1;s:10:\"02-08-2026\";i:2;s:10:\"02-09-2026\";i:3;s:10:\"02-10-2026\";i:3;s:10:\"02-11-2026\";i:2;s:10:\"02-15-2026\";i:1;s:10:\"02-16-2026\";i:1;s:10:\"02-17-2026\";i:1;s:10:\"02-18-2026\";i:1;s:10:\"02-19-2026\";i:2;s:10:\"02-20-2026\";i:1;s:10:\"02-26-2026\";i:1;s:10:\"02-28-2026\";i:1;s:10:\"03-01-2026\";i:1;s:10:\"03-02-2026\";i:2;s:10:\"03-06-2026\";i:3;s:10:\"03-11-2026\";i:1;s:10:\"03-12-2026\";i:1;s:10:\"03-15-2026\";i:1;s:10:\"03-21-2026\";i:1;s:10:\"03-22-2026\";i:1;s:10:\"03-26-2026\";i:1;s:10:\"03-27-2026\";i:1;s:10:\"03-28-2026\";i:1;s:10:\"03-30-2026\";i:1;s:10:\"04-02-2026\";i:1;s:10:\"04-03-2026\";i:1;s:10:\"04-06-2026\";i:1;s:10:\"04-08-2026\";i:2;s:10:\"04-09-2026\";i:1;s:10:\"04-10-2026\";i:1;s:10:\"04-11-2026\";i:1;s:10:\"04-12-2026\";i:1;s:10:\"04-13-2026\";i:1;s:10:\"04-15-2026\";i:1;s:10:\"04-18-2026\";i:2;s:10:\"04-23-2026\";i:2;s:10:\"04-25-2026\";i:3;s:10:\"04-27-2026\";i:1;s:10:\"04-28-2026\";i:1;s:10:\"04-29-2026\";i:2;s:10:\"05-01-2026\";i:1;s:10:\"05-02-2026\";i:1;s:10:\"05-03-2026\";i:1;}"],"houzez_recently_viewed":["2026-05-03 16:12:11"]},"yoast_head":"<!-- This site is optimized with the Yoast SEO plugin v27.5 - https:\/\/yoast.com\/product\/yoast-seo-wordpress\/ -->\n<title>aussergew\u00f6hnliches Penthouse mit Panoramablick<\/title>\n<meta name=\"description\" content=\"Ihr neues Zuhause zwischen Himmel und Erde! Dieses herrliche 3,5-Zimmer-Minergie-Penthouse wird Sie mit seiner riesigen Terrasse aus exotischem Holz begeistern...\" \/>\n<meta name=\"robots\" content=\"index, follow, max-snippet:-1, max-image-preview:large, max-video-preview:-1\" \/>\n<link rel=\"canonical\" href=\"https:\/\/www.brymmo.ch\/de\/property\/aussergewoehnliches-penthouse-mit-panoramablick\/\" \/>\n<meta property=\"og:locale\" content=\"de_DE\" \/>\n<meta property=\"og:type\" content=\"article\" \/>\n<meta property=\"og:title\" content=\"aussergew\u00f6hnliches Penthouse mit Panoramablick\" \/>\n<meta property=\"og:description\" content=\"Ihr neues Zuhause zwischen Himmel und Erde! Dieses herrliche 3,5-Zimmer-Minergie-Penthouse wird Sie mit seiner riesigen Terrasse aus exotischem Holz begeistern...\" \/>\n<meta property=\"og:url\" content=\"https:\/\/www.brymmo.ch\/de\/property\/aussergewoehnliches-penthouse-mit-panoramablick\/\" \/>\n<meta property=\"og:site_name\" content=\"BRYMMO\" \/>\n<meta property=\"article:modified_time\" content=\"2025-09-02T12:32:21+00:00\" \/>\n<meta property=\"og:image\" content=\"https:\/\/www.brymmo.ch\/wp-content\/uploads\/2024\/12\/2.jpg\" \/>\n\t<meta property=\"og:image:width\" content=\"1920\" \/>\n\t<meta property=\"og:image:height\" content=\"1080\" \/>\n\t<meta property=\"og:image:type\" content=\"image\/jpeg\" \/>\n<meta name=\"twitter:card\" content=\"summary_large_image\" \/>\n<meta name=\"twitter:label1\" content=\"Gesch\u00e4tzte Lesezeit\" \/>\n\t<meta name=\"twitter:data1\" content=\"2\u00a0Minuten\" \/>\n<script type=\"application\/ld+json\" class=\"yoast-schema-graph\">{\"@context\":\"https:\\\/\\\/schema.org\",\"@graph\":[{\"@type\":\"WebPage\",\"@id\":\"https:\\\/\\\/www.brymmo.ch\\\/de\\\/property\\\/aussergewoehnliches-penthouse-mit-panoramablick\\\/\",\"url\":\"https:\\\/\\\/www.brymmo.ch\\\/de\\\/property\\\/aussergewoehnliches-penthouse-mit-panoramablick\\\/\",\"name\":\"aussergew\u00f6hnliches Penthouse mit Panoramablick\",\"isPartOf\":{\"@id\":\"https:\\\/\\\/www.brymmo.ch\\\/de\\\/#website\"},\"primaryImageOfPage\":{\"@id\":\"https:\\\/\\\/www.brymmo.ch\\\/de\\\/property\\\/aussergewoehnliches-penthouse-mit-panoramablick\\\/#primaryimage\"},\"image\":{\"@id\":\"https:\\\/\\\/www.brymmo.ch\\\/de\\\/property\\\/aussergewoehnliches-penthouse-mit-panoramablick\\\/#primaryimage\"},\"thumbnailUrl\":\"https:\\\/\\\/www.brymmo.ch\\\/wp-content\\\/uploads\\\/2024\\\/12\\\/2.jpg\",\"datePublished\":\"2025-03-07T14:17:53+00:00\",\"dateModified\":\"2025-09-02T12:32:21+00:00\",\"description\":\"Ihr neues Zuhause zwischen Himmel und Erde! Dieses herrliche 3,5-Zimmer-Minergie-Penthouse wird Sie mit seiner riesigen Terrasse aus exotischem Holz begeistern...\",\"breadcrumb\":{\"@id\":\"https:\\\/\\\/www.brymmo.ch\\\/de\\\/property\\\/aussergewoehnliches-penthouse-mit-panoramablick\\\/#breadcrumb\"},\"inLanguage\":\"de\",\"potentialAction\":[{\"@type\":\"ReadAction\",\"target\":[\"https:\\\/\\\/www.brymmo.ch\\\/de\\\/property\\\/aussergewoehnliches-penthouse-mit-panoramablick\\\/\"]}]},{\"@type\":\"ImageObject\",\"inLanguage\":\"de\",\"@id\":\"https:\\\/\\\/www.brymmo.ch\\\/de\\\/property\\\/aussergewoehnliches-penthouse-mit-panoramablick\\\/#primaryimage\",\"url\":\"https:\\\/\\\/www.brymmo.ch\\\/wp-content\\\/uploads\\\/2024\\\/12\\\/2.jpg\",\"contentUrl\":\"https:\\\/\\\/www.brymmo.ch\\\/wp-content\\\/uploads\\\/2024\\\/12\\\/2.jpg\",\"width\":1920,\"height\":1080,\"caption\":\"Le Mont-sur-Lausanne\"},{\"@type\":\"BreadcrumbList\",\"@id\":\"https:\\\/\\\/www.brymmo.ch\\\/de\\\/property\\\/aussergewoehnliches-penthouse-mit-panoramablick\\\/#breadcrumb\",\"itemListElement\":[{\"@type\":\"ListItem\",\"position\":1,\"name\":\"Accueil\",\"item\":\"https:\\\/\\\/www.brymmo.ch\\\/de\\\/page-daccueil-2\\\/\"},{\"@type\":\"ListItem\",\"position\":2,\"name\":\"Eigenschaften\",\"item\":\"https:\\\/\\\/www.brymmo.ch\\\/de\\\/property\\\/\"},{\"@type\":\"ListItem\",\"position\":3,\"name\":\"Aussergew\u00f6hnliches Penthouse mit Panoramablick\"}]},{\"@type\":\"WebSite\",\"@id\":\"https:\\\/\\\/www.brymmo.ch\\\/de\\\/#website\",\"url\":\"https:\\\/\\\/www.brymmo.ch\\\/de\\\/\",\"name\":\"BRYMMO\",\"description\":\"Agence immobili\u00e8re \u00e0 Lausanne | BRYMMO\",\"potentialAction\":[{\"@type\":\"SearchAction\",\"target\":{\"@type\":\"EntryPoint\",\"urlTemplate\":\"https:\\\/\\\/www.brymmo.ch\\\/de\\\/?s={search_term_string}\"},\"query-input\":{\"@type\":\"PropertyValueSpecification\",\"valueRequired\":true,\"valueName\":\"search_term_string\"}}],\"inLanguage\":\"de\"}]}<\/script>\n<!-- \/ Yoast SEO plugin. -->","yoast_head_json":{"title":"aussergew\u00f6hnliches Penthouse mit Panoramablick","description":"Ihr neues Zuhause zwischen Himmel und Erde! Dieses herrliche 3,5-Zimmer-Minergie-Penthouse wird Sie mit seiner riesigen Terrasse aus exotischem Holz begeistern...","robots":{"index":"index","follow":"follow","max-snippet":"max-snippet:-1","max-image-preview":"max-image-preview:large","max-video-preview":"max-video-preview:-1"},"canonical":"https:\/\/www.brymmo.ch\/de\/property\/aussergewoehnliches-penthouse-mit-panoramablick\/","og_locale":"de_DE","og_type":"article","og_title":"aussergew\u00f6hnliches Penthouse mit Panoramablick","og_description":"Ihr neues Zuhause zwischen Himmel und Erde! Dieses herrliche 3,5-Zimmer-Minergie-Penthouse wird Sie mit seiner riesigen Terrasse aus exotischem Holz begeistern...","og_url":"https:\/\/www.brymmo.ch\/de\/property\/aussergewoehnliches-penthouse-mit-panoramablick\/","og_site_name":"BRYMMO","article_modified_time":"2025-09-02T12:32:21+00:00","og_image":[{"width":1920,"height":1080,"url":"https:\/\/www.brymmo.ch\/wp-content\/uploads\/2024\/12\/2.jpg","type":"image\/jpeg"}],"twitter_card":"summary_large_image","twitter_misc":{"Gesch\u00e4tzte Lesezeit":"2\u00a0Minuten"},"schema":{"@context":"https:\/\/schema.org","@graph":[{"@type":"WebPage","@id":"https:\/\/www.brymmo.ch\/de\/property\/aussergewoehnliches-penthouse-mit-panoramablick\/","url":"https:\/\/www.brymmo.ch\/de\/property\/aussergewoehnliches-penthouse-mit-panoramablick\/","name":"aussergew\u00f6hnliches Penthouse mit Panoramablick","isPartOf":{"@id":"https:\/\/www.brymmo.ch\/de\/#website"},"primaryImageOfPage":{"@id":"https:\/\/www.brymmo.ch\/de\/property\/aussergewoehnliches-penthouse-mit-panoramablick\/#primaryimage"},"image":{"@id":"https:\/\/www.brymmo.ch\/de\/property\/aussergewoehnliches-penthouse-mit-panoramablick\/#primaryimage"},"thumbnailUrl":"https:\/\/www.brymmo.ch\/wp-content\/uploads\/2024\/12\/2.jpg","datePublished":"2025-03-07T14:17:53+00:00","dateModified":"2025-09-02T12:32:21+00:00","description":"Ihr neues Zuhause zwischen Himmel und Erde! Dieses herrliche 3,5-Zimmer-Minergie-Penthouse wird Sie mit seiner riesigen Terrasse aus exotischem Holz begeistern...","breadcrumb":{"@id":"https:\/\/www.brymmo.ch\/de\/property\/aussergewoehnliches-penthouse-mit-panoramablick\/#breadcrumb"},"inLanguage":"de","potentialAction":[{"@type":"ReadAction","target":["https:\/\/www.brymmo.ch\/de\/property\/aussergewoehnliches-penthouse-mit-panoramablick\/"]}]},{"@type":"ImageObject","inLanguage":"de","@id":"https:\/\/www.brymmo.ch\/de\/property\/aussergewoehnliches-penthouse-mit-panoramablick\/#primaryimage","url":"https:\/\/www.brymmo.ch\/wp-content\/uploads\/2024\/12\/2.jpg","contentUrl":"https:\/\/www.brymmo.ch\/wp-content\/uploads\/2024\/12\/2.jpg","width":1920,"height":1080,"caption":"Le Mont-sur-Lausanne"},{"@type":"BreadcrumbList","@id":"https:\/\/www.brymmo.ch\/de\/property\/aussergewoehnliches-penthouse-mit-panoramablick\/#breadcrumb","itemListElement":[{"@type":"ListItem","position":1,"name":"Accueil","item":"https:\/\/www.brymmo.ch\/de\/page-daccueil-2\/"},{"@type":"ListItem","position":2,"name":"Eigenschaften","item":"https:\/\/www.brymmo.ch\/de\/property\/"},{"@type":"ListItem","position":3,"name":"Aussergew\u00f6hnliches Penthouse mit Panoramablick"}]},{"@type":"WebSite","@id":"https:\/\/www.brymmo.ch\/de\/#website","url":"https:\/\/www.brymmo.ch\/de\/","name":"BRYMMO","description":"Agence immobili\u00e8re \u00e0 Lausanne | BRYMMO","potentialAction":[{"@type":"SearchAction","target":{"@type":"EntryPoint","urlTemplate":"https:\/\/www.brymmo.ch\/de\/?s={search_term_string}"},"query-input":{"@type":"PropertyValueSpecification","valueRequired":true,"valueName":"search_term_string"}}],"inLanguage":"de"}]}},"_links":{"self":[{"href":"https:\/\/www.brymmo.ch\/de\/wp-json\/wp\/v2\/properties\/34349","targetHints":{"allow":["GET"]}}],"collection":[{"href":"https:\/\/www.brymmo.ch\/de\/wp-json\/wp\/v2\/properties"}],"about":[{"href":"https:\/\/www.brymmo.ch\/de\/wp-json\/wp\/v2\/types\/property"}],"author":[{"embeddable":true,"href":"https:\/\/www.brymmo.ch\/de\/wp-json\/wp\/v2\/users\/1"}],"version-history":[{"count":1,"href":"https:\/\/www.brymmo.ch\/de\/wp-json\/wp\/v2\/properties\/34349\/revisions"}],"predecessor-version":[{"id":34350,"href":"https:\/\/www.brymmo.ch\/de\/wp-json\/wp\/v2\/properties\/34349\/revisions\/34350"}],"wp:featuredmedia":[{"embeddable":true,"href":"https:\/\/www.brymmo.ch\/de\/wp-json\/wp\/v2\/media\/32707"}],"wp:attachment":[{"href":"https:\/\/www.brymmo.ch\/de\/wp-json\/wp\/v2\/media?parent=34349"}],"wp:term":[{"taxonomy":"property_type","embeddable":true,"href":"https:\/\/www.brymmo.ch\/de\/wp-json\/wp\/v2\/property_type?post=34349"},{"taxonomy":"property_status","embeddable":true,"href":"https:\/\/www.brymmo.ch\/de\/wp-json\/wp\/v2\/property_status?post=34349"},{"taxonomy":"property_feature","embeddable":true,"href":"https:\/\/www.brymmo.ch\/de\/wp-json\/wp\/v2\/property_feature?post=34349"},{"taxonomy":"property_label","embeddable":true,"href":"https:\/\/www.brymmo.ch\/de\/wp-json\/wp\/v2\/property_label?post=34349"},{"taxonomy":"property_city","embeddable":true,"href":"https:\/\/www.brymmo.ch\/de\/wp-json\/wp\/v2\/property_city?post=34349"},{"taxonomy":"property_area","embeddable":true,"href":"https:\/\/www.brymmo.ch\/de\/wp-json\/wp\/v2\/property_area?post=34349"}],"curies":[{"name":"wp","href":"https:\/\/api.w.org\/{rel}","templated":true}]}}