{"id":34383,"date":"2025-04-01T11:16:46","date_gmt":"2025-04-01T09:16:46","guid":{"rendered":"https:\/\/www.brymmo.ch\/property\/hervorragendes-geschaeftslokal-abzugeben-im-herzen-von-lausanne-in-einem-belebten-und-sehr-frequentierten-viertel\/"},"modified":"2025-10-10T07:46:38","modified_gmt":"2025-10-10T05:46:38","slug":"hervorragendes-geschaeftslokal","status":"publish","type":"property","link":"https:\/\/www.brymmo.ch\/de\/property\/hervorragendes-geschaeftslokal\/","title":{"rendered":"Hervorragendes Gesch\u00e4ftslokal abzugeben im Herzen von Lausanne, in einem belebten und sehr frequentierten Viertel!"},"content":{"rendered":"\n<p>Das komplett renovierte Restaurant bietet \u00fcber 100 Sitzpl\u00e4tze auf zwei Etagen, plus eine ger\u00e4umige Terrasse mit mehr als 50 Pl\u00e4tzen.<\/p>\n\n<p>Fotos des Lokals sind auf Anfrage erh\u00e4ltlich.<\/p>\n\n<p>Betr\u00e4chtlicher Umsatz und attraktive Miete, in Anbetracht der erstklassigen Lage!<\/p>\n\n<p>Verpassen Sie nicht diese einzigartige Gelegenheit \u2013 vereinbaren Sie unverz\u00fcglich eine Besichtigung!<\/p>\n\n<p>Monatsmiete CHF 10&#8217;000.-<\/p>\n","protected":false},"excerpt":{"rendered":"<p>Das komplett renovierte Restaurant bietet \u00fcber 100 Sitzpl\u00e4tze auf zwei Etagen, plus eine ger\u00e4umige Terrasse mit mehr als 50 Pl\u00e4tzen. Fotos des Lokals sind auf Anfrage erh\u00e4ltlich. Betr\u00e4chtlicher Umsatz und attraktive Miete, in Anbetracht der erstklassigen Lage! Verpassen Sie nicht diese einzigartige Gelegenheit \u2013 vereinbaren Sie unverz\u00fcglich eine Besichtigung! Monatsmiete CHF 10&#8217;000.-<\/p>\n","protected":false},"author":1,"featured_media":32631,"parent":0,"menu_order":0,"template":"","property_type":[],"property_status":[535],"property_feature":[],"property_label":[446],"property_city":[383],"property_area":[354],"class_list":["post-34383","property","type-property","status-publish","has-post-thumbnail","hentry","property_status-verkauft","property_label-zu-spat","property_city-lausanne","property_area-waadt"],"aioseo_notices":[],"property_meta":{"fave_featured":["0"],"houzez_featured_listing_date":[""],"fave_property_images":["30077"],"fave_agent_display_option":["agent_info"],"fave_agents":["150"],"fave_single_top_area":["global"],"_top_nav_excluded":[""],"_cms_nav_minihome":[""],"fave_property_id":["C.1003.2110.FG"],"fave_property_map":["1"],"fave_property_location":["46.521827,6.632702,15"],"houzez_geolocation_lat":["46.521827"],"houzez_geolocation_long":["6.632702"],"fave_property_map_street_view":["Ausblenden"],"fave_prop_homeslider":["no"],"_thumbnail_id":["32631"],"_last_translation_edit_mode":["translation-editor"],"_wpml_word_count":["87"],"houzez_total_property_views":["332"],"houzez_views_by_date":["a:61:{s:10:\"01-07-2026\";i:2;s:10:\"01-08-2026\";i:1;s:10:\"01-09-2026\";i:1;s:10:\"01-10-2026\";i:1;s:10:\"01-14-2026\";i:1;s:10:\"01-15-2026\";i:1;s:10:\"01-18-2026\";i:1;s:10:\"01-21-2026\";i:1;s:10:\"01-22-2026\";i:1;s:10:\"01-24-2026\";i:1;s:10:\"01-26-2026\";i:1;s:10:\"01-27-2026\";i:3;s:10:\"01-30-2026\";i:3;s:10:\"02-03-2026\";i:1;s:10:\"02-05-2026\";i:2;s:10:\"02-06-2026\";i:1;s:10:\"02-07-2026\";i:1;s:10:\"02-08-2026\";i:1;s:10:\"02-09-2026\";i:1;s:10:\"02-10-2026\";i:1;s:10:\"02-11-2026\";i:1;s:10:\"02-15-2026\";i:1;s:10:\"02-16-2026\";i:1;s:10:\"02-17-2026\";i:2;s:10:\"02-18-2026\";i:1;s:10:\"02-19-2026\";i:3;s:10:\"02-20-2026\";i:1;s:10:\"02-22-2026\";i:1;s:10:\"02-23-2026\";i:1;s:10:\"03-01-2026\";i:1;s:10:\"03-02-2026\";i:3;s:10:\"03-06-2026\";i:1;s:10:\"03-07-2026\";i:1;s:10:\"03-09-2026\";i:1;s:10:\"03-10-2026\";i:1;s:10:\"03-11-2026\";i:1;s:10:\"03-14-2026\";i:1;s:10:\"03-21-2026\";i:1;s:10:\"03-22-2026\";i:1;s:10:\"03-23-2026\";i:2;s:10:\"03-24-2026\";i:1;s:10:\"03-26-2026\";i:2;s:10:\"03-28-2026\";i:1;s:10:\"03-31-2026\";i:1;s:10:\"04-02-2026\";i:2;s:10:\"04-03-2026\";i:1;s:10:\"04-06-2026\";i:1;s:10:\"04-08-2026\";i:1;s:10:\"04-09-2026\";i:2;s:10:\"04-12-2026\";i:2;s:10:\"04-13-2026\";i:1;s:10:\"04-15-2026\";i:1;s:10:\"04-16-2026\";i:1;s:10:\"04-18-2026\";i:1;s:10:\"04-23-2026\";i:1;s:10:\"04-24-2026\";i:1;s:10:\"04-25-2026\";i:2;s:10:\"04-27-2026\";i:1;s:10:\"04-28-2026\";i:1;s:10:\"04-29-2026\";i:3;s:10:\"05-01-2026\";i:1;}"],"houzez_recently_viewed":["2026-05-01 18:07:13"],"_edit_last":["1"],"rs_page_bg_color":[""],"_wpml_media_has_media":["1"],"_edit_lock":["1760075198:1"],"_elementor_page_assets":["a:0:{}"]},"yoast_head":"<!-- This site is optimized with the Yoast SEO plugin v27.5 - https:\/\/yoast.com\/product\/yoast-seo-wordpress\/ -->\n<title>Hervorragendes Gesch\u00e4ftslokal abzugeben im Herzen von Lausanne, in einem belebten und sehr frequentierten Viertel! - BRYMMO<\/title>\n<meta name=\"robots\" content=\"index, follow, max-snippet:-1, max-image-preview:large, max-video-preview:-1\" \/>\n<link rel=\"canonical\" href=\"https:\/\/www.brymmo.ch\/de\/property\/hervorragendes-geschaeftslokal\/\" \/>\n<meta property=\"og:locale\" content=\"de_DE\" \/>\n<meta property=\"og:type\" content=\"article\" \/>\n<meta property=\"og:title\" content=\"Hervorragendes Gesch\u00e4ftslokal abzugeben im Herzen von Lausanne, in einem belebten und sehr frequentierten Viertel! - BRYMMO\" \/>\n<meta property=\"og:description\" content=\"Das komplett renovierte Restaurant bietet \u00fcber 100 Sitzpl\u00e4tze auf zwei Etagen, plus eine ger\u00e4umige Terrasse mit mehr als 50 Pl\u00e4tzen. Fotos des Lokals sind auf Anfrage erh\u00e4ltlich. Betr\u00e4chtlicher Umsatz und attraktive Miete, in Anbetracht der erstklassigen Lage! Verpassen Sie nicht diese einzigartige Gelegenheit \u2013 vereinbaren Sie unverz\u00fcglich eine Besichtigung! Monatsmiete CHF 10&#8217;000.-\" \/>\n<meta property=\"og:url\" content=\"https:\/\/www.brymmo.ch\/de\/property\/hervorragendes-geschaeftslokal\/\" \/>\n<meta property=\"og:site_name\" content=\"BRYMMO\" \/>\n<meta property=\"article:modified_time\" content=\"2025-10-10T05:46:38+00:00\" \/>\n<meta property=\"og:image\" content=\"https:\/\/www.brymmo.ch\/wp-content\/uploads\/2024\/11\/Restaurent-scaled.jpg\" \/>\n\t<meta property=\"og:image:width\" content=\"2560\" \/>\n\t<meta property=\"og:image:height\" content=\"1440\" \/>\n\t<meta property=\"og:image:type\" content=\"image\/jpeg\" \/>\n<meta name=\"twitter:card\" content=\"summary_large_image\" \/>\n<script type=\"application\/ld+json\" class=\"yoast-schema-graph\">{\"@context\":\"https:\\\/\\\/schema.org\",\"@graph\":[{\"@type\":\"WebPage\",\"@id\":\"https:\\\/\\\/www.brymmo.ch\\\/de\\\/property\\\/hervorragendes-geschaeftslokal\\\/\",\"url\":\"https:\\\/\\\/www.brymmo.ch\\\/de\\\/property\\\/hervorragendes-geschaeftslokal\\\/\",\"name\":\"Hervorragendes Gesch\u00e4ftslokal abzugeben im Herzen von Lausanne, in einem belebten und sehr frequentierten Viertel! - BRYMMO\",\"isPartOf\":{\"@id\":\"https:\\\/\\\/www.brymmo.ch\\\/de\\\/#website\"},\"primaryImageOfPage\":{\"@id\":\"https:\\\/\\\/www.brymmo.ch\\\/de\\\/property\\\/hervorragendes-geschaeftslokal\\\/#primaryimage\"},\"image\":{\"@id\":\"https:\\\/\\\/www.brymmo.ch\\\/de\\\/property\\\/hervorragendes-geschaeftslokal\\\/#primaryimage\"},\"thumbnailUrl\":\"https:\\\/\\\/www.brymmo.ch\\\/wp-content\\\/uploads\\\/2024\\\/11\\\/Restaurent-scaled.jpg\",\"datePublished\":\"2025-04-01T09:16:46+00:00\",\"dateModified\":\"2025-10-10T05:46:38+00:00\",\"breadcrumb\":{\"@id\":\"https:\\\/\\\/www.brymmo.ch\\\/de\\\/property\\\/hervorragendes-geschaeftslokal\\\/#breadcrumb\"},\"inLanguage\":\"de\",\"potentialAction\":[{\"@type\":\"ReadAction\",\"target\":[\"https:\\\/\\\/www.brymmo.ch\\\/de\\\/property\\\/hervorragendes-geschaeftslokal\\\/\"]}]},{\"@type\":\"ImageObject\",\"inLanguage\":\"de\",\"@id\":\"https:\\\/\\\/www.brymmo.ch\\\/de\\\/property\\\/hervorragendes-geschaeftslokal\\\/#primaryimage\",\"url\":\"https:\\\/\\\/www.brymmo.ch\\\/wp-content\\\/uploads\\\/2024\\\/11\\\/Restaurent-scaled.jpg\",\"contentUrl\":\"https:\\\/\\\/www.brymmo.ch\\\/wp-content\\\/uploads\\\/2024\\\/11\\\/Restaurent-scaled.jpg\",\"width\":2560,\"height\":1440},{\"@type\":\"BreadcrumbList\",\"@id\":\"https:\\\/\\\/www.brymmo.ch\\\/de\\\/property\\\/hervorragendes-geschaeftslokal\\\/#breadcrumb\",\"itemListElement\":[{\"@type\":\"ListItem\",\"position\":1,\"name\":\"Accueil\",\"item\":\"https:\\\/\\\/www.brymmo.ch\\\/de\\\/page-daccueil-2\\\/\"},{\"@type\":\"ListItem\",\"position\":2,\"name\":\"Eigenschaften\",\"item\":\"https:\\\/\\\/www.brymmo.ch\\\/de\\\/property\\\/\"},{\"@type\":\"ListItem\",\"position\":3,\"name\":\"Hervorragendes Gesch\u00e4ftslokal abzugeben im Herzen von Lausanne, in einem belebten und sehr frequentierten Viertel!\"}]},{\"@type\":\"WebSite\",\"@id\":\"https:\\\/\\\/www.brymmo.ch\\\/de\\\/#website\",\"url\":\"https:\\\/\\\/www.brymmo.ch\\\/de\\\/\",\"name\":\"BRYMMO\",\"description\":\"Agence immobili\u00e8re \u00e0 Lausanne | BRYMMO\",\"potentialAction\":[{\"@type\":\"SearchAction\",\"target\":{\"@type\":\"EntryPoint\",\"urlTemplate\":\"https:\\\/\\\/www.brymmo.ch\\\/de\\\/?s={search_term_string}\"},\"query-input\":{\"@type\":\"PropertyValueSpecification\",\"valueRequired\":true,\"valueName\":\"search_term_string\"}}],\"inLanguage\":\"de\"}]}<\/script>\n<!-- \/ Yoast SEO plugin. -->","yoast_head_json":{"title":"Hervorragendes Gesch\u00e4ftslokal abzugeben im Herzen von Lausanne, in einem belebten und sehr frequentierten Viertel! - BRYMMO","robots":{"index":"index","follow":"follow","max-snippet":"max-snippet:-1","max-image-preview":"max-image-preview:large","max-video-preview":"max-video-preview:-1"},"canonical":"https:\/\/www.brymmo.ch\/de\/property\/hervorragendes-geschaeftslokal\/","og_locale":"de_DE","og_type":"article","og_title":"Hervorragendes Gesch\u00e4ftslokal abzugeben im Herzen von Lausanne, in einem belebten und sehr frequentierten Viertel! - BRYMMO","og_description":"Das komplett renovierte Restaurant bietet \u00fcber 100 Sitzpl\u00e4tze auf zwei Etagen, plus eine ger\u00e4umige Terrasse mit mehr als 50 Pl\u00e4tzen. Fotos des Lokals sind auf Anfrage erh\u00e4ltlich. Betr\u00e4chtlicher Umsatz und attraktive Miete, in Anbetracht der erstklassigen Lage! Verpassen Sie nicht diese einzigartige Gelegenheit \u2013 vereinbaren Sie unverz\u00fcglich eine Besichtigung! Monatsmiete CHF 10&#8217;000.-","og_url":"https:\/\/www.brymmo.ch\/de\/property\/hervorragendes-geschaeftslokal\/","og_site_name":"BRYMMO","article_modified_time":"2025-10-10T05:46:38+00:00","og_image":[{"width":2560,"height":1440,"url":"https:\/\/www.brymmo.ch\/wp-content\/uploads\/2024\/11\/Restaurent-scaled.jpg","type":"image\/jpeg"}],"twitter_card":"summary_large_image","schema":{"@context":"https:\/\/schema.org","@graph":[{"@type":"WebPage","@id":"https:\/\/www.brymmo.ch\/de\/property\/hervorragendes-geschaeftslokal\/","url":"https:\/\/www.brymmo.ch\/de\/property\/hervorragendes-geschaeftslokal\/","name":"Hervorragendes Gesch\u00e4ftslokal abzugeben im Herzen von Lausanne, in einem belebten und sehr frequentierten Viertel! - BRYMMO","isPartOf":{"@id":"https:\/\/www.brymmo.ch\/de\/#website"},"primaryImageOfPage":{"@id":"https:\/\/www.brymmo.ch\/de\/property\/hervorragendes-geschaeftslokal\/#primaryimage"},"image":{"@id":"https:\/\/www.brymmo.ch\/de\/property\/hervorragendes-geschaeftslokal\/#primaryimage"},"thumbnailUrl":"https:\/\/www.brymmo.ch\/wp-content\/uploads\/2024\/11\/Restaurent-scaled.jpg","datePublished":"2025-04-01T09:16:46+00:00","dateModified":"2025-10-10T05:46:38+00:00","breadcrumb":{"@id":"https:\/\/www.brymmo.ch\/de\/property\/hervorragendes-geschaeftslokal\/#breadcrumb"},"inLanguage":"de","potentialAction":[{"@type":"ReadAction","target":["https:\/\/www.brymmo.ch\/de\/property\/hervorragendes-geschaeftslokal\/"]}]},{"@type":"ImageObject","inLanguage":"de","@id":"https:\/\/www.brymmo.ch\/de\/property\/hervorragendes-geschaeftslokal\/#primaryimage","url":"https:\/\/www.brymmo.ch\/wp-content\/uploads\/2024\/11\/Restaurent-scaled.jpg","contentUrl":"https:\/\/www.brymmo.ch\/wp-content\/uploads\/2024\/11\/Restaurent-scaled.jpg","width":2560,"height":1440},{"@type":"BreadcrumbList","@id":"https:\/\/www.brymmo.ch\/de\/property\/hervorragendes-geschaeftslokal\/#breadcrumb","itemListElement":[{"@type":"ListItem","position":1,"name":"Accueil","item":"https:\/\/www.brymmo.ch\/de\/page-daccueil-2\/"},{"@type":"ListItem","position":2,"name":"Eigenschaften","item":"https:\/\/www.brymmo.ch\/de\/property\/"},{"@type":"ListItem","position":3,"name":"Hervorragendes Gesch\u00e4ftslokal abzugeben im Herzen von Lausanne, in einem belebten und sehr frequentierten Viertel!"}]},{"@type":"WebSite","@id":"https:\/\/www.brymmo.ch\/de\/#website","url":"https:\/\/www.brymmo.ch\/de\/","name":"BRYMMO","description":"Agence immobili\u00e8re \u00e0 Lausanne | BRYMMO","potentialAction":[{"@type":"SearchAction","target":{"@type":"EntryPoint","urlTemplate":"https:\/\/www.brymmo.ch\/de\/?s={search_term_string}"},"query-input":{"@type":"PropertyValueSpecification","valueRequired":true,"valueName":"search_term_string"}}],"inLanguage":"de"}]}},"_links":{"self":[{"href":"https:\/\/www.brymmo.ch\/de\/wp-json\/wp\/v2\/properties\/34383","targetHints":{"allow":["GET"]}}],"collection":[{"href":"https:\/\/www.brymmo.ch\/de\/wp-json\/wp\/v2\/properties"}],"about":[{"href":"https:\/\/www.brymmo.ch\/de\/wp-json\/wp\/v2\/types\/property"}],"author":[{"embeddable":true,"href":"https:\/\/www.brymmo.ch\/de\/wp-json\/wp\/v2\/users\/1"}],"version-history":[{"count":1,"href":"https:\/\/www.brymmo.ch\/de\/wp-json\/wp\/v2\/properties\/34383\/revisions"}],"predecessor-version":[{"id":34384,"href":"https:\/\/www.brymmo.ch\/de\/wp-json\/wp\/v2\/properties\/34383\/revisions\/34384"}],"wp:featuredmedia":[{"embeddable":true,"href":"https:\/\/www.brymmo.ch\/de\/wp-json\/wp\/v2\/media\/32631"}],"wp:attachment":[{"href":"https:\/\/www.brymmo.ch\/de\/wp-json\/wp\/v2\/media?parent=34383"}],"wp:term":[{"taxonomy":"property_type","embeddable":true,"href":"https:\/\/www.brymmo.ch\/de\/wp-json\/wp\/v2\/property_type?post=34383"},{"taxonomy":"property_status","embeddable":true,"href":"https:\/\/www.brymmo.ch\/de\/wp-json\/wp\/v2\/property_status?post=34383"},{"taxonomy":"property_feature","embeddable":true,"href":"https:\/\/www.brymmo.ch\/de\/wp-json\/wp\/v2\/property_feature?post=34383"},{"taxonomy":"property_label","embeddable":true,"href":"https:\/\/www.brymmo.ch\/de\/wp-json\/wp\/v2\/property_label?post=34383"},{"taxonomy":"property_city","embeddable":true,"href":"https:\/\/www.brymmo.ch\/de\/wp-json\/wp\/v2\/property_city?post=34383"},{"taxonomy":"property_area","embeddable":true,"href":"https:\/\/www.brymmo.ch\/de\/wp-json\/wp\/v2\/property_area?post=34383"}],"curies":[{"name":"wp","href":"https:\/\/api.w.org\/{rel}","templated":true}]}}