{"id":37082,"date":"2026-01-27T22:28:21","date_gmt":"2026-01-27T21:28:21","guid":{"rendered":"https:\/\/www.brymmo.ch\/property\/geschuetzter-tropischer-wald-strategischer-klima-vermoegenswert\/"},"modified":"2026-02-15T21:04:09","modified_gmt":"2026-02-15T20:04:09","slug":"geschuetzter-tropischer-wald-strategischer-klima-vermoegenswert","status":"publish","type":"property","link":"https:\/\/www.brymmo.ch\/de\/property\/geschuetzter-tropischer-wald-strategischer-klima-vermoegenswert\/","title":{"rendered":"Gesch\u00fctzter tropischer Wald \u2013 strategischer Klima-Verm\u00f6genswert"},"content":{"rendered":"\n<p>Entdecken Sie eine seltene Gelegenheit, Eigent\u00fcmer eines intakten tropischen Waldes von 182 Hektar zu werden, vollst\u00e4ndig gesch\u00fctzt und strategisch in einem anerkannten biologischen Korridor gelegen. Diese Immobilie stellt ein wahres Refugium f\u00fcr au\u00dfergew\u00f6hnliche Biodiversit\u00e4t dar, in dem Fauna und Flora in einer gesch\u00fctzten nat\u00fcrlichen Umgebung gedeihen. <\/p>\n\n<p>Das Gel\u00e4nde bietet:<br\/>\u2013 Einen \u00fcppigen und vielf\u00e4ltigen Prim\u00e4rwald mit endemischen und bedrohten Arten<br\/>\u2013 Fl\u00fcsse, Wasserf\u00e4lle und nat\u00fcrliche Quellen, die ein stabiles und nachhaltiges \u00d6kosystem gew\u00e4hrleisten<br\/>\u2013 Einen idealen Lebensraum f\u00fcr Hunderte von Vogel- und S\u00e4ugetierarten sowie seltene und gesch\u00fctzte Orchideen<\/p>\n\n<p>Diese Immobilie ist ideal f\u00fcr:<br\/>\u2013 Naturschutzstiftungen und NGOs<br\/>\u2013 CO\u2082-Kompensationsprogramme und ESG-Initiativen f\u00fcr Unternehmen<br\/>\u2013 Investoren, die einen strategischen und greifbaren \u00f6kologischen Verm\u00f6genswert suchen<br\/>\u2013 Forscher und wissenschaftliche Institutionen<\/p>\n\n<p>Die Investition in diesen gesch\u00fctzten tropischen Wald erm\u00f6glicht die Verbindung von \u00f6kologischem Einfluss, rechtlicher Sicherheit und internationaler Anerkennung im Bereich Naturschutz. Es handelt sich um einen langfristigen Klima-Verm\u00f6genswert, der nat\u00fcrlichen Schutz gegen den Klimawandel sowie nachhaltigen Sachwert bietet. <\/p>\n\n<p>Erfahren Sie mehr \u00fcber <a href=\"https:\/\/fr.visitcostarica.com\/\" type=\"link\" id=\"https:\/\/fr.visitcostarica.com\/\">Costa Rica<\/a> oder <a href=\"https:\/\/www.brymmo.ch\/de\/in-costa-rica-als-schweizer-kaufen-der-klare-und-praktische-ratgeber\/\" type=\"link\" id=\"https:\/\/www.brymmo.ch\/suisse-costa-rica-immobilier\/\">wie man dort eine Immobilie kauft<\/a>.<\/p>\n\n<p><\/p>\n","protected":false},"excerpt":{"rendered":"<p>Entdecken Sie eine seltene Gelegenheit, Eigent\u00fcmer eines intakten tropischen Waldes von 182 Hektar zu werden, vollst\u00e4ndig gesch\u00fctzt und strategisch in einem anerkannten biologischen Korridor gelegen. Diese Immobilie stellt ein wahres Refugium f\u00fcr au\u00dfergew\u00f6hnliche Biodiversit\u00e4t dar, in dem Fauna und Flora in einer gesch\u00fctzten nat\u00fcrlichen Umgebung gedeihen. Das Gel\u00e4nde bietet:\u2013 Einen \u00fcppigen und vielf\u00e4ltigen Prim\u00e4rwald mit [&hellip;]<\/p>\n","protected":false},"author":1,"featured_media":37029,"parent":0,"menu_order":0,"template":"","property_type":[559],"property_status":[503],"property_feature":[],"property_label":[],"property_city":[923],"property_area":[864],"class_list":["post-37082","property","type-property","status-publish","has-post-thumbnail","hentry","property_type-grundstueck","property_status-zu-verkaufen","property_city-nationalpark-vulkan-poas-costa-rica","property_area-costa-rica"],"aioseo_notices":[],"property_meta":{"_last_translation_edit_mode":["translation-editor"],"fave_featured":["0"],"houzez_featured_listing_date":[""],"fave_property_images":["36068","36061","36060","36049","36045","36048","36059","36058"],"fave_agent_display_option":["agent_info"],"fave_agents":["150"],"fave_single_top_area":["global"],"_top_nav_excluded":[""],"_cms_nav_minihome":[""],"_yoast_wpseo_title":["Gesch\u00fctzter tropischer Wald von 182 ha \u2013 Strategischer \u00f6kologischer und klimatischer Verm\u00f6genswert"],"_yoast_wpseo_metadesc":["Vollst\u00e4ndig gesch\u00fctzte Waldimmobilie von 182 Hektar, Refugium au\u00dfergew\u00f6hnlicher Biodiversit\u00e4t. Ideal f\u00fcr Naturschutz, ESG und nachhaltige \u00f6kologische Investition."],"_yoast_wpseo_focuskw":["Gesch\u00fctzter tropischer Wald zu verkaufen"],"fave_currency":["USD"],"fave_currency_info":["a:8:{s:2:\"id\";s:1:\"2\";s:13:\"currency_name\";s:5:\"USD  \";s:13:\"currency_code\";s:3:\"USD\";s:15:\"currency_symbol\";s:3:\"$  \";s:17:\"currency_position\";s:6:\"before\";s:16:\"currency_decimal\";s:1:\"0\";s:26:\"currency_decimal_separator\";s:1:\".\";s:27:\"currency_thousand_separator\";s:1:\" \";}"],"fave_property_price":["1750000"],"fave_property_price_prefix":["USD"],"fave_property_land":["182"],"fave_property_land_postfix":["Hektar"],"fave_property_map":["1"],"fave_property_location":["10.21869996133,-84.334094875,5"],"houzez_geolocation_lat":["10.21869996133"],"houzez_geolocation_long":["-84.334094875"],"fave_property_map_street_view":["verstecken"],"fave_video_url":["https:\/\/youtu.be\/sfr4HRoiTs4"],"fave_prop_homeslider":["yes"],"_thumbnail_id":["37029"],"_wpml_word_count":["254"],"houzez_total_property_views":["85"],"houzez_views_by_date":["a:50:{s:10:\"02-16-2026\";i:2;s:10:\"02-17-2026\";i:1;s:10:\"02-18-2026\";i:3;s:10:\"02-19-2026\";i:1;s:10:\"02-21-2026\";i:1;s:10:\"02-22-2026\";i:1;s:10:\"02-23-2026\";i:2;s:10:\"02-24-2026\";i:2;s:10:\"02-25-2026\";i:1;s:10:\"02-26-2026\";i:1;s:10:\"02-28-2026\";i:1;s:10:\"03-02-2026\";i:2;s:10:\"03-03-2026\";i:1;s:10:\"03-05-2026\";i:1;s:10:\"03-06-2026\";i:2;s:10:\"03-07-2026\";i:2;s:10:\"03-09-2026\";i:2;s:10:\"03-11-2026\";i:2;s:10:\"03-12-2026\";i:1;s:10:\"03-14-2026\";i:1;s:10:\"03-15-2026\";i:1;s:10:\"03-20-2026\";i:2;s:10:\"03-22-2026\";i:2;s:10:\"03-24-2026\";i:1;s:10:\"03-25-2026\";i:2;s:10:\"03-26-2026\";i:4;s:10:\"03-28-2026\";i:4;s:10:\"03-30-2026\";i:2;s:10:\"03-31-2026\";i:1;s:10:\"04-02-2026\";i:1;s:10:\"04-05-2026\";i:2;s:10:\"04-06-2026\";i:2;s:10:\"04-08-2026\";i:1;s:10:\"04-09-2026\";i:1;s:10:\"04-10-2026\";i:3;s:10:\"04-11-2026\";i:1;s:10:\"04-13-2026\";i:1;s:10:\"04-14-2026\";i:1;s:10:\"04-16-2026\";i:2;s:10:\"04-17-2026\";i:1;s:10:\"04-18-2026\";i:3;s:10:\"04-21-2026\";i:1;s:10:\"04-23-2026\";i:2;s:10:\"04-24-2026\";i:2;s:10:\"04-25-2026\";i:2;s:10:\"04-26-2026\";i:4;s:10:\"04-27-2026\";i:2;s:10:\"04-28-2026\";i:1;s:10:\"04-29-2026\";i:1;s:10:\"04-30-2026\";i:2;}"],"houzez_recently_viewed":["2026-05-01 00:50:08"]},"yoast_head":"<!-- This site is optimized with the Yoast SEO plugin v27.5 - https:\/\/yoast.com\/product\/yoast-seo-wordpress\/ -->\n<title>Gesch\u00fctzter tropischer Wald von 182 ha \u2013 Strategischer \u00f6kologischer und klimatischer Verm\u00f6genswert<\/title>\n<meta name=\"description\" content=\"Vollst\u00e4ndig gesch\u00fctzte Waldimmobilie von 182 Hektar, Refugium au\u00dfergew\u00f6hnlicher Biodiversit\u00e4t. Ideal f\u00fcr Naturschutz, ESG und nachhaltige \u00f6kologische Investition.\" \/>\n<meta name=\"robots\" content=\"index, follow, max-snippet:-1, max-image-preview:large, max-video-preview:-1\" \/>\n<link rel=\"canonical\" href=\"https:\/\/www.brymmo.ch\/de\/property\/geschuetzter-tropischer-wald-strategischer-klima-vermoegenswert\/\" \/>\n<meta property=\"og:locale\" content=\"de_DE\" \/>\n<meta property=\"og:type\" content=\"article\" \/>\n<meta property=\"og:title\" content=\"Gesch\u00fctzter tropischer Wald von 182 ha \u2013 Strategischer \u00f6kologischer und klimatischer Verm\u00f6genswert\" \/>\n<meta property=\"og:description\" content=\"Vollst\u00e4ndig gesch\u00fctzte Waldimmobilie von 182 Hektar, Refugium au\u00dfergew\u00f6hnlicher Biodiversit\u00e4t. Ideal f\u00fcr Naturschutz, ESG und nachhaltige \u00f6kologische Investition.\" \/>\n<meta property=\"og:url\" content=\"https:\/\/www.brymmo.ch\/de\/property\/geschuetzter-tropischer-wald-strategischer-klima-vermoegenswert\/\" \/>\n<meta property=\"og:site_name\" content=\"BRYMMO\" \/>\n<meta property=\"article:modified_time\" content=\"2026-02-15T20:04:09+00:00\" \/>\n<meta property=\"og:image\" content=\"https:\/\/www.brymmo.ch\/wp-content\/uploads\/2026\/01\/6.webp\" \/>\n\t<meta property=\"og:image:width\" content=\"1920\" \/>\n\t<meta property=\"og:image:height\" content=\"1080\" \/>\n\t<meta property=\"og:image:type\" content=\"image\/jpeg\" \/>\n<meta name=\"twitter:card\" content=\"summary_large_image\" \/>\n<meta name=\"twitter:label1\" content=\"Gesch\u00e4tzte Lesezeit\" \/>\n\t<meta name=\"twitter:data1\" content=\"1\u00a0Minute\" \/>\n<script type=\"application\/ld+json\" class=\"yoast-schema-graph\">{\"@context\":\"https:\\\/\\\/schema.org\",\"@graph\":[{\"@type\":\"WebPage\",\"@id\":\"https:\\\/\\\/www.brymmo.ch\\\/de\\\/property\\\/geschuetzter-tropischer-wald-strategischer-klima-vermoegenswert\\\/\",\"url\":\"https:\\\/\\\/www.brymmo.ch\\\/de\\\/property\\\/geschuetzter-tropischer-wald-strategischer-klima-vermoegenswert\\\/\",\"name\":\"Gesch\u00fctzter tropischer Wald von 182 ha \u2013 Strategischer \u00f6kologischer und klimatischer Verm\u00f6genswert\",\"isPartOf\":{\"@id\":\"https:\\\/\\\/www.brymmo.ch\\\/de\\\/#website\"},\"primaryImageOfPage\":{\"@id\":\"https:\\\/\\\/www.brymmo.ch\\\/de\\\/property\\\/geschuetzter-tropischer-wald-strategischer-klima-vermoegenswert\\\/#primaryimage\"},\"image\":{\"@id\":\"https:\\\/\\\/www.brymmo.ch\\\/de\\\/property\\\/geschuetzter-tropischer-wald-strategischer-klima-vermoegenswert\\\/#primaryimage\"},\"thumbnailUrl\":\"https:\\\/\\\/www.brymmo.ch\\\/wp-content\\\/uploads\\\/2026\\\/01\\\/6.webp\",\"datePublished\":\"2026-01-27T21:28:21+00:00\",\"dateModified\":\"2026-02-15T20:04:09+00:00\",\"description\":\"Vollst\u00e4ndig gesch\u00fctzte Waldimmobilie von 182 Hektar, Refugium au\u00dfergew\u00f6hnlicher Biodiversit\u00e4t. Ideal f\u00fcr Naturschutz, ESG und nachhaltige \u00f6kologische Investition.\",\"breadcrumb\":{\"@id\":\"https:\\\/\\\/www.brymmo.ch\\\/de\\\/property\\\/geschuetzter-tropischer-wald-strategischer-klima-vermoegenswert\\\/#breadcrumb\"},\"inLanguage\":\"de\",\"potentialAction\":[{\"@type\":\"ReadAction\",\"target\":[\"https:\\\/\\\/www.brymmo.ch\\\/de\\\/property\\\/geschuetzter-tropischer-wald-strategischer-klima-vermoegenswert\\\/\"]}]},{\"@type\":\"ImageObject\",\"inLanguage\":\"de\",\"@id\":\"https:\\\/\\\/www.brymmo.ch\\\/de\\\/property\\\/geschuetzter-tropischer-wald-strategischer-klima-vermoegenswert\\\/#primaryimage\",\"url\":\"https:\\\/\\\/www.brymmo.ch\\\/wp-content\\\/uploads\\\/2026\\\/01\\\/6.webp\",\"contentUrl\":\"https:\\\/\\\/www.brymmo.ch\\\/wp-content\\\/uploads\\\/2026\\\/01\\\/6.webp\",\"width\":1920,\"height\":1080},{\"@type\":\"BreadcrumbList\",\"@id\":\"https:\\\/\\\/www.brymmo.ch\\\/de\\\/property\\\/geschuetzter-tropischer-wald-strategischer-klima-vermoegenswert\\\/#breadcrumb\",\"itemListElement\":[{\"@type\":\"ListItem\",\"position\":1,\"name\":\"Accueil\",\"item\":\"https:\\\/\\\/www.brymmo.ch\\\/de\\\/page-daccueil-2\\\/\"},{\"@type\":\"ListItem\",\"position\":2,\"name\":\"Eigenschaften\",\"item\":\"https:\\\/\\\/www.brymmo.ch\\\/de\\\/property\\\/\"},{\"@type\":\"ListItem\",\"position\":3,\"name\":\"Gesch\u00fctzter tropischer Wald \u2013 strategischer Klima-Verm\u00f6genswert\"}]},{\"@type\":\"WebSite\",\"@id\":\"https:\\\/\\\/www.brymmo.ch\\\/de\\\/#website\",\"url\":\"https:\\\/\\\/www.brymmo.ch\\\/de\\\/\",\"name\":\"BRYMMO\",\"description\":\"Agence immobili\u00e8re \u00e0 Lausanne | BRYMMO\",\"potentialAction\":[{\"@type\":\"SearchAction\",\"target\":{\"@type\":\"EntryPoint\",\"urlTemplate\":\"https:\\\/\\\/www.brymmo.ch\\\/de\\\/?s={search_term_string}\"},\"query-input\":{\"@type\":\"PropertyValueSpecification\",\"valueRequired\":true,\"valueName\":\"search_term_string\"}}],\"inLanguage\":\"de\"}]}<\/script>\n<!-- \/ Yoast SEO plugin. -->","yoast_head_json":{"title":"Gesch\u00fctzter tropischer Wald von 182 ha \u2013 Strategischer \u00f6kologischer und klimatischer Verm\u00f6genswert","description":"Vollst\u00e4ndig gesch\u00fctzte Waldimmobilie von 182 Hektar, Refugium au\u00dfergew\u00f6hnlicher Biodiversit\u00e4t. Ideal f\u00fcr Naturschutz, ESG und nachhaltige \u00f6kologische Investition.","robots":{"index":"index","follow":"follow","max-snippet":"max-snippet:-1","max-image-preview":"max-image-preview:large","max-video-preview":"max-video-preview:-1"},"canonical":"https:\/\/www.brymmo.ch\/de\/property\/geschuetzter-tropischer-wald-strategischer-klima-vermoegenswert\/","og_locale":"de_DE","og_type":"article","og_title":"Gesch\u00fctzter tropischer Wald von 182 ha \u2013 Strategischer \u00f6kologischer und klimatischer Verm\u00f6genswert","og_description":"Vollst\u00e4ndig gesch\u00fctzte Waldimmobilie von 182 Hektar, Refugium au\u00dfergew\u00f6hnlicher Biodiversit\u00e4t. Ideal f\u00fcr Naturschutz, ESG und nachhaltige \u00f6kologische Investition.","og_url":"https:\/\/www.brymmo.ch\/de\/property\/geschuetzter-tropischer-wald-strategischer-klima-vermoegenswert\/","og_site_name":"BRYMMO","article_modified_time":"2026-02-15T20:04:09+00:00","og_image":[{"width":1920,"height":1080,"url":"https:\/\/www.brymmo.ch\/wp-content\/uploads\/2026\/01\/6.webp","type":"image\/jpeg"}],"twitter_card":"summary_large_image","twitter_misc":{"Gesch\u00e4tzte Lesezeit":"1\u00a0Minute"},"schema":{"@context":"https:\/\/schema.org","@graph":[{"@type":"WebPage","@id":"https:\/\/www.brymmo.ch\/de\/property\/geschuetzter-tropischer-wald-strategischer-klima-vermoegenswert\/","url":"https:\/\/www.brymmo.ch\/de\/property\/geschuetzter-tropischer-wald-strategischer-klima-vermoegenswert\/","name":"Gesch\u00fctzter tropischer Wald von 182 ha \u2013 Strategischer \u00f6kologischer und klimatischer Verm\u00f6genswert","isPartOf":{"@id":"https:\/\/www.brymmo.ch\/de\/#website"},"primaryImageOfPage":{"@id":"https:\/\/www.brymmo.ch\/de\/property\/geschuetzter-tropischer-wald-strategischer-klima-vermoegenswert\/#primaryimage"},"image":{"@id":"https:\/\/www.brymmo.ch\/de\/property\/geschuetzter-tropischer-wald-strategischer-klima-vermoegenswert\/#primaryimage"},"thumbnailUrl":"https:\/\/www.brymmo.ch\/wp-content\/uploads\/2026\/01\/6.webp","datePublished":"2026-01-27T21:28:21+00:00","dateModified":"2026-02-15T20:04:09+00:00","description":"Vollst\u00e4ndig gesch\u00fctzte Waldimmobilie von 182 Hektar, Refugium au\u00dfergew\u00f6hnlicher Biodiversit\u00e4t. Ideal f\u00fcr Naturschutz, ESG und nachhaltige \u00f6kologische Investition.","breadcrumb":{"@id":"https:\/\/www.brymmo.ch\/de\/property\/geschuetzter-tropischer-wald-strategischer-klima-vermoegenswert\/#breadcrumb"},"inLanguage":"de","potentialAction":[{"@type":"ReadAction","target":["https:\/\/www.brymmo.ch\/de\/property\/geschuetzter-tropischer-wald-strategischer-klima-vermoegenswert\/"]}]},{"@type":"ImageObject","inLanguage":"de","@id":"https:\/\/www.brymmo.ch\/de\/property\/geschuetzter-tropischer-wald-strategischer-klima-vermoegenswert\/#primaryimage","url":"https:\/\/www.brymmo.ch\/wp-content\/uploads\/2026\/01\/6.webp","contentUrl":"https:\/\/www.brymmo.ch\/wp-content\/uploads\/2026\/01\/6.webp","width":1920,"height":1080},{"@type":"BreadcrumbList","@id":"https:\/\/www.brymmo.ch\/de\/property\/geschuetzter-tropischer-wald-strategischer-klima-vermoegenswert\/#breadcrumb","itemListElement":[{"@type":"ListItem","position":1,"name":"Accueil","item":"https:\/\/www.brymmo.ch\/de\/page-daccueil-2\/"},{"@type":"ListItem","position":2,"name":"Eigenschaften","item":"https:\/\/www.brymmo.ch\/de\/property\/"},{"@type":"ListItem","position":3,"name":"Gesch\u00fctzter tropischer Wald \u2013 strategischer Klima-Verm\u00f6genswert"}]},{"@type":"WebSite","@id":"https:\/\/www.brymmo.ch\/de\/#website","url":"https:\/\/www.brymmo.ch\/de\/","name":"BRYMMO","description":"Agence immobili\u00e8re \u00e0 Lausanne | BRYMMO","potentialAction":[{"@type":"SearchAction","target":{"@type":"EntryPoint","urlTemplate":"https:\/\/www.brymmo.ch\/de\/?s={search_term_string}"},"query-input":{"@type":"PropertyValueSpecification","valueRequired":true,"valueName":"search_term_string"}}],"inLanguage":"de"}]}},"_links":{"self":[{"href":"https:\/\/www.brymmo.ch\/de\/wp-json\/wp\/v2\/properties\/37082","targetHints":{"allow":["GET"]}}],"collection":[{"href":"https:\/\/www.brymmo.ch\/de\/wp-json\/wp\/v2\/properties"}],"about":[{"href":"https:\/\/www.brymmo.ch\/de\/wp-json\/wp\/v2\/types\/property"}],"author":[{"embeddable":true,"href":"https:\/\/www.brymmo.ch\/de\/wp-json\/wp\/v2\/users\/1"}],"version-history":[{"count":1,"href":"https:\/\/www.brymmo.ch\/de\/wp-json\/wp\/v2\/properties\/37082\/revisions"}],"predecessor-version":[{"id":37083,"href":"https:\/\/www.brymmo.ch\/de\/wp-json\/wp\/v2\/properties\/37082\/revisions\/37083"}],"wp:featuredmedia":[{"embeddable":true,"href":"https:\/\/www.brymmo.ch\/de\/wp-json\/wp\/v2\/media\/37029"}],"wp:attachment":[{"href":"https:\/\/www.brymmo.ch\/de\/wp-json\/wp\/v2\/media?parent=37082"}],"wp:term":[{"taxonomy":"property_type","embeddable":true,"href":"https:\/\/www.brymmo.ch\/de\/wp-json\/wp\/v2\/property_type?post=37082"},{"taxonomy":"property_status","embeddable":true,"href":"https:\/\/www.brymmo.ch\/de\/wp-json\/wp\/v2\/property_status?post=37082"},{"taxonomy":"property_feature","embeddable":true,"href":"https:\/\/www.brymmo.ch\/de\/wp-json\/wp\/v2\/property_feature?post=37082"},{"taxonomy":"property_label","embeddable":true,"href":"https:\/\/www.brymmo.ch\/de\/wp-json\/wp\/v2\/property_label?post=37082"},{"taxonomy":"property_city","embeddable":true,"href":"https:\/\/www.brymmo.ch\/de\/wp-json\/wp\/v2\/property_city?post=37082"},{"taxonomy":"property_area","embeddable":true,"href":"https:\/\/www.brymmo.ch\/de\/wp-json\/wp\/v2\/property_area?post=37082"}],"curies":[{"name":"wp","href":"https:\/\/api.w.org\/{rel}","templated":true}]}}