{"id":34271,"date":"2025-07-01T23:01:55","date_gmt":"2025-07-01T21:01:55","guid":{"rendered":"https:\/\/www.brymmo.ch\/alquiler\/"},"modified":"2025-10-10T07:49:19","modified_gmt":"2025-10-10T05:49:19","slug":"alquiler","status":"publish","type":"page","link":"https:\/\/www.brymmo.ch\/es\/alquiler\/","title":{"rendered":"Alquiler"},"content":{"rendered":"\t\t<div data-elementor-type=\"wp-page\" data-elementor-id=\"34271\" class=\"elementor elementor-34271 elementor-30505\">\n\t\t\t\t<div class=\"elementor-element elementor-element-274a541 e-flex e-con-boxed e-con e-parent\" data-id=\"274a541\" data-element_type=\"container\" data-e-type=\"container\" data-settings=\"{&quot;background_background&quot;:&quot;classic&quot;}\">\n\t\t\t\t\t<div class=\"e-con-inner\">\n\t\t\t\t<div class=\"elementor-element elementor-element-e336cf7 elementor-widget elementor-widget-heading\" data-id=\"e336cf7\" data-element_type=\"widget\" data-e-type=\"widget\" data-widget_type=\"heading.default\">\n\t\t\t\t<div class=\"elementor-widget-container\">\n\t\t\t\t\t<h1 class=\"elementor-heading-title elementor-size-default\">NUESTRAS PROPIEDADES EN ALQUILER<\/h1>\t\t\t\t<\/div>\n\t\t\t\t<\/div>\n\t\t\t\t\t<\/div>\n\t\t\t\t<\/div>\n\t\t<div class=\"elementor-element elementor-element-430f4cd e-flex e-con-boxed e-con e-parent\" data-id=\"430f4cd\" data-element_type=\"container\" data-e-type=\"container\">\n\t\t\t\t\t<div class=\"e-con-inner\">\n\t\t\t\t<div class=\"elementor-element elementor-element-3629ffe elementor-widget elementor-widget-text-editor\" data-id=\"3629ffe\" data-element_type=\"widget\" data-e-type=\"widget\" data-widget_type=\"text-editor.default\">\n\t\t\t\t<div class=\"elementor-widget-container\">\n\t\t\t\t\t\t\t\t\t<p>A continuaci\u00f3n encontrar\u00e1 nuestras propiedades disponibles en alquiler, as\u00ed como v\u00eddeos explicativos para ayudarle en su b\u00fasqueda de vivienda. <\/p>\t\t\t\t\t\t\t\t<\/div>\n\t\t\t\t<\/div>\n\t\t\t\t<div class=\"elementor-element elementor-element-45fffe3 elementor-widget elementor-widget-houzez_elementor_property-card-v7\" data-id=\"45fffe3\" data-element_type=\"widget\" data-e-type=\"widget\" data-widget_type=\"houzez_elementor_property-card-v7.default\">\n\t\t\t\t<div class=\"elementor-widget-container\">\n\t\t\t\t\t    <div id=\"properties_module_section\" class=\"property-cards-module property-cards-module-v7 property-cards-module-col-3\">\n        <div id=\"module_properties\" class=\"listing-view grid-view row row-cols-1 row-cols-md-2 row-cols-lg-3 gy-4 gx-4\">\n            <div class=\"p-4 bg-white\">\n\t<p class=\"text-center my-4 fs-5\">No hemos encontrado ning\u00fan anuncio.<\/p>\n<\/div>        <\/div><!-- listing-view -->\n\n            <\/div><!-- property-grid-module -->\n    \t\t\t\t<\/div>\n\t\t\t\t<\/div>\n\t\t\t\t\t<\/div>\n\t\t\t\t<\/div>\n\t\t<div class=\"elementor-element elementor-element-6b572e0 e-con-full e-flex e-con e-parent\" data-id=\"6b572e0\" data-element_type=\"container\" data-e-type=\"container\">\n\t\t\t\t<\/div>\n\t\t<div class=\"elementor-element elementor-element-79ed842 e-flex e-con-boxed e-con e-parent\" data-id=\"79ed842\" data-element_type=\"container\" data-e-type=\"container\">\n\t\t\t\t\t<div class=\"e-con-inner\">\n\t\t\t\t<div class=\"elementor-element elementor-element-78598c8 elementor-widget elementor-widget-heading\" data-id=\"78598c8\" data-element_type=\"widget\" data-e-type=\"widget\" data-widget_type=\"heading.default\">\n\t\t\t\t<div class=\"elementor-widget-container\">\n\t\t\t\t\t<h2 class=\"elementor-heading-title elementor-size-default\">C\u00d3MO ENCONTRAR R\u00c1PIDAMENTE UN APARTAMENTO EN ALQUILER \u2013 ALGUNOS CONSEJOS:<\/h2>\t\t\t\t<\/div>\n\t\t\t\t<\/div>\n\t\t\t\t\t<\/div>\n\t\t\t\t<\/div>\n\t\t<div class=\"elementor-element elementor-element-d47c241 e-flex e-con-boxed e-con e-parent\" data-id=\"d47c241\" data-element_type=\"container\" data-e-type=\"container\">\n\t\t\t\t\t<div class=\"e-con-inner\">\n\t\t<div class=\"elementor-element elementor-element-016d365 e-con-full e-flex e-con e-child\" data-id=\"016d365\" data-element_type=\"container\" data-e-type=\"container\">\n\t\t\t\t<div class=\"elementor-element elementor-element-c626a61 elementor-widget elementor-widget-video\" data-id=\"c626a61\" data-element_type=\"widget\" data-e-type=\"widget\" data-settings=\"{&quot;youtube_url&quot;:&quot;https:\\\/\\\/youtu.be\\\/afKuE23W2f8&quot;,&quot;autoplay&quot;:&quot;yes&quot;,&quot;video_type&quot;:&quot;youtube&quot;,&quot;controls&quot;:&quot;yes&quot;}\" data-widget_type=\"video.default\">\n\t\t\t\t<div class=\"elementor-widget-container\">\n\t\t\t\t\t\t\t<div class=\"elementor-wrapper elementor-open-inline\">\n\t\t\t<div class=\"elementor-video\"><\/div>\t\t<\/div>\n\t\t\t\t\t\t<\/div>\n\t\t\t\t<\/div>\n\t\t\t\t<\/div>\n\t\t<div class=\"elementor-element elementor-element-0e4645b e-con-full e-flex e-con e-child\" data-id=\"0e4645b\" data-element_type=\"container\" data-e-type=\"container\">\n\t\t\t\t<div class=\"elementor-element elementor-element-45b5070 elementor-widget elementor-widget-text-editor\" data-id=\"45b5070\" data-element_type=\"widget\" data-e-type=\"widget\" data-widget_type=\"text-editor.default\">\n\t\t\t\t<div class=\"elementor-widget-container\">\n\t\t\t\t\t\t\t\t\t<p data-start=\"70\" data-end=\"126\"><strong data-start=\"70\" data-end=\"126\">C\u00f3mo encontrar un apartamento en alquiler en Suiza<\/strong><\/p><p data-start=\"128\" data-end=\"692\">Bienvenido a esta gu\u00eda pr\u00e1ctica y completa para encontrar un apartamento en alquiler en Suiza. Tanto si busca su primera vivienda, si se muda por motivos profesionales o personales, o si simplemente desea cambiar de entorno, esta gu\u00eda le acompa\u00f1ar\u00e1 paso a paso. <\/p><p data-start=\"128\" data-end=\"692\">El mercado de alquiler en Suiza puede resultar exigente, especialmente en grandes ciudades como Lausana, Ginebra o Z\u00farich. Sin embargo, con la informaci\u00f3n adecuada y una buena preparaci\u00f3n, aumentar\u00e1 considerablemente sus posibilidades de \u00e9xito.<\/p>\t\t\t\t\t\t\t\t<\/div>\n\t\t\t\t<\/div>\n\t\t\t\t<\/div>\n\t\t\t\t\t<\/div>\n\t\t\t\t<\/div>\n\t\t<div class=\"elementor-element elementor-element-d3d44b1 e-flex e-con-boxed e-con e-parent\" data-id=\"d3d44b1\" data-element_type=\"container\" data-e-type=\"container\">\n\t\t\t\t\t<div class=\"e-con-inner\">\n\t\t<div class=\"elementor-element elementor-element-58f1819 e-con-full e-flex e-con e-child\" data-id=\"58f1819\" data-element_type=\"container\" data-e-type=\"container\">\n\t\t\t\t<div class=\"elementor-element elementor-element-1728090 elementor-widget elementor-widget-video\" data-id=\"1728090\" data-element_type=\"widget\" data-e-type=\"widget\" data-settings=\"{&quot;youtube_url&quot;:&quot;https:\\\/\\\/youtu.be\\\/4nio0_5ewb0&quot;,&quot;video_type&quot;:&quot;youtube&quot;,&quot;controls&quot;:&quot;yes&quot;}\" data-widget_type=\"video.default\">\n\t\t\t\t<div class=\"elementor-widget-container\">\n\t\t\t\t\t\t\t<div class=\"elementor-wrapper elementor-open-inline\">\n\t\t\t<div class=\"elementor-video\"><\/div>\t\t<\/div>\n\t\t\t\t\t\t<\/div>\n\t\t\t\t<\/div>\n\t\t\t\t<\/div>\n\t\t<div class=\"elementor-element elementor-element-e83796c e-con-full e-flex e-con e-child\" data-id=\"e83796c\" data-element_type=\"container\" data-e-type=\"container\">\n\t\t\t\t<div class=\"elementor-element elementor-element-37c6262 elementor-widget elementor-widget-video\" data-id=\"37c6262\" data-element_type=\"widget\" data-e-type=\"widget\" data-settings=\"{&quot;youtube_url&quot;:&quot;https:\\\/\\\/youtu.be\\\/xU6m8ZVTj4o&quot;,&quot;video_type&quot;:&quot;youtube&quot;,&quot;controls&quot;:&quot;yes&quot;}\" data-widget_type=\"video.default\">\n\t\t\t\t<div class=\"elementor-widget-container\">\n\t\t\t\t\t\t\t<div class=\"elementor-wrapper elementor-open-inline\">\n\t\t\t<div class=\"elementor-video\"><\/div>\t\t<\/div>\n\t\t\t\t\t\t<\/div>\n\t\t\t\t<\/div>\n\t\t\t\t<\/div>\n\t\t\t\t\t<\/div>\n\t\t\t\t<\/div>\n\t\t<div class=\"elementor-element elementor-element-a05cc90 e-flex e-con-boxed e-con e-parent\" data-id=\"a05cc90\" data-element_type=\"container\" data-e-type=\"container\">\n\t\t\t\t\t<div class=\"e-con-inner\">\n\t\t<div class=\"elementor-element elementor-element-62f4d53 e-con-full e-flex e-con e-child\" data-id=\"62f4d53\" data-element_type=\"container\" data-e-type=\"container\">\n\t\t\t\t<div class=\"elementor-element elementor-element-90bedea elementor-widget elementor-widget-video\" data-id=\"90bedea\" data-element_type=\"widget\" data-e-type=\"widget\" data-settings=\"{&quot;youtube_url&quot;:&quot;https:\\\/\\\/youtu.be\\\/0aLeU_5BUJc&quot;,&quot;video_type&quot;:&quot;youtube&quot;,&quot;controls&quot;:&quot;yes&quot;}\" data-widget_type=\"video.default\">\n\t\t\t\t<div class=\"elementor-widget-container\">\n\t\t\t\t\t\t\t<div class=\"elementor-wrapper elementor-open-inline\">\n\t\t\t<div class=\"elementor-video\"><\/div>\t\t<\/div>\n\t\t\t\t\t\t<\/div>\n\t\t\t\t<\/div>\n\t\t\t\t<\/div>\n\t\t<div class=\"elementor-element elementor-element-e440f02 e-con-full e-flex e-con e-child\" data-id=\"e440f02\" data-element_type=\"container\" data-e-type=\"container\">\n\t\t\t\t<div class=\"elementor-element elementor-element-6735582 elementor-widget elementor-widget-video\" data-id=\"6735582\" data-element_type=\"widget\" data-e-type=\"widget\" data-settings=\"{&quot;youtube_url&quot;:&quot;https:\\\/\\\/youtu.be\\\/H1S8BcuZULw&quot;,&quot;video_type&quot;:&quot;youtube&quot;,&quot;controls&quot;:&quot;yes&quot;}\" data-widget_type=\"video.default\">\n\t\t\t\t<div class=\"elementor-widget-container\">\n\t\t\t\t\t\t\t<div class=\"elementor-wrapper elementor-open-inline\">\n\t\t\t<div class=\"elementor-video\"><\/div>\t\t<\/div>\n\t\t\t\t\t\t<\/div>\n\t\t\t\t<\/div>\n\t\t\t\t<\/div>\n\t\t\t\t\t<\/div>\n\t\t\t\t<\/div>\n\t\t<div class=\"elementor-element elementor-element-330ab24 e-flex e-con-boxed e-con e-parent\" data-id=\"330ab24\" data-element_type=\"container\" data-e-type=\"container\">\n\t\t\t\t\t<div class=\"e-con-inner\">\n\t\t\t\t\t<\/div>\n\t\t\t\t<\/div>\n\t\t\t\t<\/div>\n\t\t","protected":false},"excerpt":{"rendered":"<p>NUESTRAS PROPIEDADES EN ALQUILER A continuaci\u00f3n encontrar\u00e1 nuestras propiedades disponibles en alquiler, as\u00ed como v\u00eddeos explicativos para ayudarle en su b\u00fasqueda de vivienda. En alquiler Apartamento CHF 1&#8217;355\/120 CHF de gastos Estudio luminoso con balc\u00f3n y piscina \u2013 Barrio de Chailly, Lausana Lausana n\u00b0: A.1012.1209.IB 32 m\u00b2 Chambres: 1.5 Lit: 1 Call Email WhatsApp Contact [&hellip;]<\/p>\n","protected":false},"author":1,"featured_media":33457,"parent":0,"menu_order":0,"comment_status":"closed","ping_status":"closed","template":"template\/template-homepage.php","meta":{"content-type":"","_monsterinsights_skip_tracking":false,"_monsterinsights_sitenote_active":false,"_monsterinsights_sitenote_note":"","_monsterinsights_sitenote_category":0,"_uf_show_specific_survey":0,"_uf_disable_surveys":false,"footnotes":""},"class_list":["post-34271","page","type-page","status-publish","has-post-thumbnail","hentry"],"aioseo_notices":[],"yoast_head":"<!-- This site is optimized with the Yoast SEO plugin v27.5 - https:\/\/yoast.com\/product\/yoast-seo-wordpress\/ -->\n<title>Alquiler - BRYMMO<\/title>\n<meta name=\"description\" content=\"Nuestras propiedades en alquiler en Suiza con BRYMMO: encuentre el apartamento o la casa que mejor se adapte a usted.\" \/>\n<meta name=\"robots\" content=\"index, follow, max-snippet:-1, max-image-preview:large, max-video-preview:-1\" \/>\n<link rel=\"canonical\" href=\"https:\/\/www.brymmo.ch\/es\/alquiler\/\" \/>\n<meta property=\"og:locale\" content=\"es_ES\" \/>\n<meta property=\"og:type\" content=\"article\" \/>\n<meta property=\"og:title\" content=\"Alquiler - BRYMMO\" \/>\n<meta property=\"og:description\" content=\"Nuestras propiedades en alquiler en Suiza con BRYMMO: encuentre el apartamento o la casa que mejor se adapte a usted.\" \/>\n<meta property=\"og:url\" content=\"https:\/\/www.brymmo.ch\/es\/alquiler\/\" \/>\n<meta property=\"og:site_name\" content=\"BRYMMO\" \/>\n<meta property=\"article:modified_time\" content=\"2025-10-10T05:49:19+00:00\" \/>\n<meta property=\"og:image\" content=\"https:\/\/www.brymmo.ch\/wp-content\/uploads\/2025\/05\/rental.webp\" \/>\n\t<meta property=\"og:image:width\" content=\"1280\" \/>\n\t<meta property=\"og:image:height\" content=\"853\" \/>\n\t<meta property=\"og:image:type\" content=\"image\/jpeg\" \/>\n<meta name=\"twitter:card\" content=\"summary_large_image\" \/>\n<meta name=\"twitter:label1\" content=\"Tiempo de lectura\" \/>\n\t<meta name=\"twitter:data1\" content=\"2 minutos\" \/>\n<script type=\"application\/ld+json\" class=\"yoast-schema-graph\">{\"@context\":\"https:\\\/\\\/schema.org\",\"@graph\":[{\"@type\":\"WebPage\",\"@id\":\"https:\\\/\\\/www.brymmo.ch\\\/es\\\/alquiler\\\/\",\"url\":\"https:\\\/\\\/www.brymmo.ch\\\/es\\\/alquiler\\\/\",\"name\":\"Alquiler - BRYMMO\",\"isPartOf\":{\"@id\":\"https:\\\/\\\/www.brymmo.ch\\\/es\\\/#website\"},\"primaryImageOfPage\":{\"@id\":\"https:\\\/\\\/www.brymmo.ch\\\/es\\\/alquiler\\\/#primaryimage\"},\"image\":{\"@id\":\"https:\\\/\\\/www.brymmo.ch\\\/es\\\/alquiler\\\/#primaryimage\"},\"thumbnailUrl\":\"https:\\\/\\\/www.brymmo.ch\\\/wp-content\\\/uploads\\\/2025\\\/05\\\/rental.webp\",\"datePublished\":\"2025-07-01T21:01:55+00:00\",\"dateModified\":\"2025-10-10T05:49:19+00:00\",\"description\":\"Nuestras propiedades en alquiler en Suiza con BRYMMO: encuentre el apartamento o la casa que mejor se adapte a usted.\",\"breadcrumb\":{\"@id\":\"https:\\\/\\\/www.brymmo.ch\\\/es\\\/alquiler\\\/#breadcrumb\"},\"inLanguage\":\"es\",\"potentialAction\":[{\"@type\":\"ReadAction\",\"target\":[\"https:\\\/\\\/www.brymmo.ch\\\/es\\\/alquiler\\\/\"]}]},{\"@type\":\"ImageObject\",\"inLanguage\":\"es\",\"@id\":\"https:\\\/\\\/www.brymmo.ch\\\/es\\\/alquiler\\\/#primaryimage\",\"url\":\"https:\\\/\\\/www.brymmo.ch\\\/wp-content\\\/uploads\\\/2025\\\/05\\\/rental.webp\",\"contentUrl\":\"https:\\\/\\\/www.brymmo.ch\\\/wp-content\\\/uploads\\\/2025\\\/05\\\/rental.webp\",\"width\":1280,\"height\":853},{\"@type\":\"BreadcrumbList\",\"@id\":\"https:\\\/\\\/www.brymmo.ch\\\/es\\\/alquiler\\\/#breadcrumb\",\"itemListElement\":[{\"@type\":\"ListItem\",\"position\":1,\"name\":\"Accueil\",\"item\":\"https:\\\/\\\/www.brymmo.ch\\\/es\\\/\"},{\"@type\":\"ListItem\",\"position\":2,\"name\":\"Alquiler\"}]},{\"@type\":\"WebSite\",\"@id\":\"https:\\\/\\\/www.brymmo.ch\\\/es\\\/#website\",\"url\":\"https:\\\/\\\/www.brymmo.ch\\\/es\\\/\",\"name\":\"BRYMMO\",\"description\":\"Agence immobili\u00e8re \u00e0 Lausanne | BRYMMO\",\"potentialAction\":[{\"@type\":\"SearchAction\",\"target\":{\"@type\":\"EntryPoint\",\"urlTemplate\":\"https:\\\/\\\/www.brymmo.ch\\\/es\\\/?s={search_term_string}\"},\"query-input\":{\"@type\":\"PropertyValueSpecification\",\"valueRequired\":true,\"valueName\":\"search_term_string\"}}],\"inLanguage\":\"es\"}]}<\/script>\n<!-- \/ Yoast SEO plugin. -->","yoast_head_json":{"title":"Alquiler - BRYMMO","description":"Nuestras propiedades en alquiler en Suiza con BRYMMO: encuentre el apartamento o la casa que mejor se adapte a usted.","robots":{"index":"index","follow":"follow","max-snippet":"max-snippet:-1","max-image-preview":"max-image-preview:large","max-video-preview":"max-video-preview:-1"},"canonical":"https:\/\/www.brymmo.ch\/es\/alquiler\/","og_locale":"es_ES","og_type":"article","og_title":"Alquiler - BRYMMO","og_description":"Nuestras propiedades en alquiler en Suiza con BRYMMO: encuentre el apartamento o la casa que mejor se adapte a usted.","og_url":"https:\/\/www.brymmo.ch\/es\/alquiler\/","og_site_name":"BRYMMO","article_modified_time":"2025-10-10T05:49:19+00:00","og_image":[{"width":1280,"height":853,"url":"https:\/\/www.brymmo.ch\/wp-content\/uploads\/2025\/05\/rental.webp","type":"image\/jpeg"}],"twitter_card":"summary_large_image","twitter_misc":{"Tiempo de lectura":"2 minutos"},"schema":{"@context":"https:\/\/schema.org","@graph":[{"@type":"WebPage","@id":"https:\/\/www.brymmo.ch\/es\/alquiler\/","url":"https:\/\/www.brymmo.ch\/es\/alquiler\/","name":"Alquiler - BRYMMO","isPartOf":{"@id":"https:\/\/www.brymmo.ch\/es\/#website"},"primaryImageOfPage":{"@id":"https:\/\/www.brymmo.ch\/es\/alquiler\/#primaryimage"},"image":{"@id":"https:\/\/www.brymmo.ch\/es\/alquiler\/#primaryimage"},"thumbnailUrl":"https:\/\/www.brymmo.ch\/wp-content\/uploads\/2025\/05\/rental.webp","datePublished":"2025-07-01T21:01:55+00:00","dateModified":"2025-10-10T05:49:19+00:00","description":"Nuestras propiedades en alquiler en Suiza con BRYMMO: encuentre el apartamento o la casa que mejor se adapte a usted.","breadcrumb":{"@id":"https:\/\/www.brymmo.ch\/es\/alquiler\/#breadcrumb"},"inLanguage":"es","potentialAction":[{"@type":"ReadAction","target":["https:\/\/www.brymmo.ch\/es\/alquiler\/"]}]},{"@type":"ImageObject","inLanguage":"es","@id":"https:\/\/www.brymmo.ch\/es\/alquiler\/#primaryimage","url":"https:\/\/www.brymmo.ch\/wp-content\/uploads\/2025\/05\/rental.webp","contentUrl":"https:\/\/www.brymmo.ch\/wp-content\/uploads\/2025\/05\/rental.webp","width":1280,"height":853},{"@type":"BreadcrumbList","@id":"https:\/\/www.brymmo.ch\/es\/alquiler\/#breadcrumb","itemListElement":[{"@type":"ListItem","position":1,"name":"Accueil","item":"https:\/\/www.brymmo.ch\/es\/"},{"@type":"ListItem","position":2,"name":"Alquiler"}]},{"@type":"WebSite","@id":"https:\/\/www.brymmo.ch\/es\/#website","url":"https:\/\/www.brymmo.ch\/es\/","name":"BRYMMO","description":"Agence immobili\u00e8re \u00e0 Lausanne | BRYMMO","potentialAction":[{"@type":"SearchAction","target":{"@type":"EntryPoint","urlTemplate":"https:\/\/www.brymmo.ch\/es\/?s={search_term_string}"},"query-input":{"@type":"PropertyValueSpecification","valueRequired":true,"valueName":"search_term_string"}}],"inLanguage":"es"}]}},"_links":{"self":[{"href":"https:\/\/www.brymmo.ch\/es\/wp-json\/wp\/v2\/pages\/34271","targetHints":{"allow":["GET"]}}],"collection":[{"href":"https:\/\/www.brymmo.ch\/es\/wp-json\/wp\/v2\/pages"}],"about":[{"href":"https:\/\/www.brymmo.ch\/es\/wp-json\/wp\/v2\/types\/page"}],"author":[{"embeddable":true,"href":"https:\/\/www.brymmo.ch\/es\/wp-json\/wp\/v2\/users\/1"}],"replies":[{"embeddable":true,"href":"https:\/\/www.brymmo.ch\/es\/wp-json\/wp\/v2\/comments?post=34271"}],"version-history":[{"count":3,"href":"https:\/\/www.brymmo.ch\/es\/wp-json\/wp\/v2\/pages\/34271\/revisions"}],"predecessor-version":[{"id":35352,"href":"https:\/\/www.brymmo.ch\/es\/wp-json\/wp\/v2\/pages\/34271\/revisions\/35352"}],"wp:featuredmedia":[{"embeddable":true,"href":"https:\/\/www.brymmo.ch\/es\/wp-json\/wp\/v2\/media\/33457"}],"wp:attachment":[{"href":"https:\/\/www.brymmo.ch\/es\/wp-json\/wp\/v2\/media?parent=34271"}],"curies":[{"name":"wp","href":"https:\/\/api.w.org\/{rel}","templated":true}]}}