{"id":34334,"date":"2025-09-21T09:48:52","date_gmt":"2025-09-21T07:48:52","guid":{"rendered":"https:\/\/www.brymmo.ch\/property\/excepcional-villa-entre-lago-y-vinedos\/"},"modified":"2025-10-21T18:46:01","modified_gmt":"2025-10-21T16:46:01","slug":"excepcional-villa-entre-lago-y-vinedos","status":"publish","type":"property","link":"https:\/\/www.brymmo.ch\/es\/property\/excepcional-villa-entre-lago-y-vinedos\/","title":{"rendered":"Excepcional villa entre lago y vi\u00f1edos"},"content":{"rendered":"\n<p>JORNADAS DE PUERTAS ABIERTAS TODOS LOS S\u00c1BADOS \u2013 \u00a1VIS\u00cdTENOS CON CITA PREVIA!<\/p>\n\n<p>Situada en Perroy, en un entorno id\u00edlico entre el lago Lem\u00e1n y los vi\u00f1edos, a dos minutos de Rolle, esta magn\u00edfica villa adosada de 4,5 &#8211; 5,5 habitaciones ofrece un confort de vida raro y muy buscado. Ubicada en una peque\u00f1a copropiedad privada de tres villas, sin salida p\u00fablica, se beneficia de un entorno tranquilo, seguro y privilegiado, con ascensor y acceso directo a una playa, a los vi\u00f1edos y a un sendero junto al lago. <\/p>\n\n<p><br\/><strong>Distribuci\u00f3n y superficie<\/strong>: Construida en 1990 y completamente renovada con esmero, esta excepcional villa en Perroy se extiende sobre aproximadamente 156 m\u00b2 habitables y m\u00e1s de 262 m\u00b2 de superficie \u00fatil distribuidos en tres niveles. Un ascensor interior conecta las plantas, garantizando un confort \u00f3ptimo para todas las edades. <\/p>\n\n<p><br\/><strong>Planta baja<\/strong>: Acogedor vest\u00edbulo de entrada, cocina abierta totalmente equipada, comedor acogedor, luminoso sal\u00f3n con chimenea y acceso directo a la terraza y al jard\u00edn orientados al suroeste. Un aseo de invitados completa este nivel. <\/p>\n\n<p><br\/><strong>1\u00aa planta<\/strong>: Tres habitaciones, dos de ellas con balc\u00f3n y vistas impresionantes al lago, dos ba\u00f1os, uno de ellos con ba\u00f1era de hidromasaje, ducha a ras de suelo y doble lavabo.<\/p>\n\n<p><br\/><strong>\u00c1tico<\/strong>: Espacio di\u00e1fano (aprox. 30 m\u00b2) con ventana, ideal para una oficina, un taller o como trastero.<\/p>\n\n<p><br\/><strong>S\u00f3tano<\/strong>: Gran sala polivalente (gimnasio\/oficina), bodega, lavadero, sala t\u00e9cnica.<\/p>\n\n<p><br\/><strong>Exteriores y servicios<\/strong>: Los exteriores han sido dise\u00f1ados para disfrutar plenamente de la tranquilidad del lugar: dos jardines adornados con raras especies bot\u00e1nicas, una terraza de piedra natural con barbacoa\/chimenea, una fuente, una p\u00e9rgola sombreada y un sistema de riego ecol\u00f3gico.<\/p>\n\n<p><br\/>Un garaje doble (36 m\u00b2) con puerta autom\u00e1tica y acceso directo al jard\u00edn, as\u00ed como tres plazas de aparcamiento exterior, completan esta propiedad.<\/p>\n\n<p><br\/><strong>Caracter\u00edsticas adicionales<\/strong>: Vistas al lago y a los vi\u00f1edos desde cada sala de estar, orientaci\u00f3n sur, sol \u00f3ptimo, acceso f\u00e1cil, seguro y a nivel del suelo con ascensor, en un estado de mantenimiento impecable.<\/p>\n\n<p><br\/><strong>Disponibilidad: A convenir<\/strong><\/p>\n\n<p><br\/>Una oportunidad \u00fanica para vivir en un entorno natural preservado, en el coraz\u00f3n de la Costa de Vaud, en una villa excepcional que combina encanto, confort moderno y una ubicaci\u00f3n inigualable.<\/p>\n","protected":false},"excerpt":{"rendered":"<p>JORNADAS DE PUERTAS ABIERTAS TODOS LOS S\u00c1BADOS \u2013 \u00a1VIS\u00cdTENOS CON CITA PREVIA! Situada en Perroy, en un entorno id\u00edlico entre el lago Lem\u00e1n y los vi\u00f1edos, a dos minutos de Rolle, esta magn\u00edfica villa adosada de 4,5 &#8211; 5,5 habitaciones ofrece un confort de vida raro y muy buscado. Ubicada en una peque\u00f1a copropiedad privada [&hellip;]<\/p>\n","protected":false},"author":1,"featured_media":33473,"parent":0,"menu_order":1,"template":"","property_type":[557],"property_status":[537],"property_feature":[813,677,481,485,772,676,685,778,489,497,493,806,799,808,773,679,784,776,805,810,809,774,687,804,682,680,802,686,681,775,803,777,812,801,800,781,811,807],"property_label":[448],"property_city":[409],"property_area":[376],"class_list":["post-34334","property","type-property","status-publish","has-post-thumbnail","hentry","property_type-casa","property_status-vendido","property_feature-accesibilidad","property_feature-amplio-espacio-exterior","property_feature-armarios-empotrados","property_feature-ascensor","property_feature-bano-para-visitantes","property_feature-barbacoa","property_feature-barrio-tranquilo-y-familiar","property_feature-bien-comunicado-con-transporte-publico","property_feature-bodega","property_feature-bodega-de-vinos","property_feature-bodega-espaciosa","property_feature-calefaccion-de-gas","property_feature-calefaccion-de-lena","property_feature-chimenea","property_feature-cocina-renovada","property_feature-congelador","property_feature-cubierto","property_feature-en-una-calle-sin-salida","property_feature-garage-jusqua-2-voitures","property_feature-garaje-para-hasta-2-coches","property_feature-gran-sotano","property_feature-horno","property_feature-ideal-para-familias-y-ninos","property_feature-lavadora","property_feature-lavadora-y-secadora","property_feature-lavavajillas","property_feature-multiples-opciones-de-almacenamiento","property_feature-muy-luminoso","property_feature-placas-vitroceramicas","property_feature-plazas-de-aparcamiento-para-visitantes","property_feature-refrigerador","property_feature-sin-molestias-de-ruido","property_feature-sistema-de-seguridad","property_feature-terraza-cubierta","property_feature-terraza-espaciosa","property_feature-transporte-publico","property_feature-triple-acristalamiento","property_feature-vaporizador","property_label-demasiado-tarde","property_city-perroy","property_area-vaud"],"aioseo_notices":[],"property_meta":{"houzez_featured_listing_date":[""],"_top_nav_excluded":[""],"_cms_nav_minihome":[""],"houzez_geolocation_lat":["46.4681574"],"houzez_geolocation_long":["6.361877"],"_thumbnail_id":["33473"],"_last_translation_edit_mode":["translation-editor"],"_wpml_word_count":["398"],"houzez_total_property_views":["356"],"houzez_views_by_date":["a:61:{s:10:\"01-02-2026\";i:1;s:10:\"01-06-2026\";i:2;s:10:\"01-07-2026\";i:1;s:10:\"01-08-2026\";i:2;s:10:\"01-11-2026\";i:1;s:10:\"01-13-2026\";i:2;s:10:\"01-18-2026\";i:1;s:10:\"01-21-2026\";i:1;s:10:\"01-22-2026\";i:1;s:10:\"01-24-2026\";i:1;s:10:\"01-26-2026\";i:1;s:10:\"01-27-2026\";i:3;s:10:\"01-28-2026\";i:1;s:10:\"01-29-2026\";i:1;s:10:\"01-30-2026\";i:1;s:10:\"02-03-2026\";i:1;s:10:\"02-06-2026\";i:3;s:10:\"02-07-2026\";i:1;s:10:\"02-08-2026\";i:1;s:10:\"02-09-2026\";i:3;s:10:\"02-11-2026\";i:1;s:10:\"02-13-2026\";i:3;s:10:\"02-14-2026\";i:1;s:10:\"02-15-2026\";i:1;s:10:\"02-18-2026\";i:2;s:10:\"02-19-2026\";i:1;s:10:\"02-20-2026\";i:1;s:10:\"02-23-2026\";i:2;s:10:\"02-24-2026\";i:1;s:10:\"03-01-2026\";i:1;s:10:\"03-02-2026\";i:2;s:10:\"03-06-2026\";i:3;s:10:\"03-07-2026\";i:2;s:10:\"03-09-2026\";i:1;s:10:\"03-10-2026\";i:1;s:10:\"03-11-2026\";i:1;s:10:\"03-12-2026\";i:1;s:10:\"03-14-2026\";i:2;s:10:\"03-19-2026\";i:1;s:10:\"03-21-2026\";i:2;s:10:\"03-22-2026\";i:1;s:10:\"03-23-2026\";i:2;s:10:\"03-24-2026\";i:1;s:10:\"03-26-2026\";i:2;s:10:\"03-28-2026\";i:1;s:10:\"04-02-2026\";i:2;s:10:\"04-03-2026\";i:2;s:10:\"04-06-2026\";i:1;s:10:\"04-08-2026\";i:1;s:10:\"04-09-2026\";i:2;s:10:\"04-10-2026\";i:1;s:10:\"04-12-2026\";i:3;s:10:\"04-13-2026\";i:1;s:10:\"04-14-2026\";i:1;s:10:\"04-18-2026\";i:1;s:10:\"04-21-2026\";i:1;s:10:\"04-22-2026\";i:1;s:10:\"04-25-2026\";i:3;s:10:\"04-27-2026\";i:1;s:10:\"04-29-2026\";i:2;s:10:\"04-30-2026\";i:2;}"],"houzez_recently_viewed":["2026-04-30 12:06:20"],"_wpml_media_has_media":["1"],"_monsterinsights_sitenote_active":["0"],"houzez_manual_expire":["0"],"_houzez_expiration_date_status":["saved"],"fave_payment_status":["not_paid"],"_yoast_wpseo_primary_property_type":["557"],"_yoast_wpseo_primary_property_status":["505"],"_yoast_wpseo_primary_property_feature":["685"],"_yoast_wpseo_primary_property_label":["440"],"_yoast_wpseo_primary_property_city":["409"],"_yoast_wpseo_primary_property_area":["376"],"_edit_lock":["1759236121:1"],"_edit_last":["1"],"fave_single_content_area":["global"],"fave_featured":["0"],"fave_property_images":["34528","30555","30556","30557","30558","30559","30560","30561","30562","30563","30564","30565","30566","30567","30568","30569","30570","29952","30572","30571"],"fave_agent_display_option":["agent_info"],"fave_agents":["150"],"fave_single_top_area":["global"],"_yoast_wpseo_linkdex":["77"],"_yoast_wpseo_content_score":["30"],"_yoast_wpseo_estimated-reading-time-minutes":["2"],"_yoast_wpseo_metadesc":["Descubre esta villa excepcional de estilo provenzal con acceso directo al lago, playa privada y vistas impresionantes a los vi\u00f1edos..."],"_yoast_wpseo_focuskw":["villa excepcional"],"fave_property_price":["2340000"],"fave_show_price_placeholder":["1"],"fave_property_size":["262"],"fave_property_size_prefix":["m\u00b2"],"fave_property_land":["436"],"fave_property_land_postfix":["m\u00b2"],"fave_property_bedrooms":["3-4"],"fave_property_bathrooms":["3"],"fave_property_rooms":["4.5 - 5.5"],"fave_property_garage":["1"],"fave_property_garage_size":["36"],"fave_property_year":["1990"],"fave_property_id":["M.1166.2006.WS"],"fave_property_map":["1"],"fave_property_map_address":["Perroy, Switzerland"],"fave_property_location":["46.4681574,6.361877,12"],"fave_property_map_street_view":["esconder"],"fave_property_zip":["1166 Perroy"],"fave_video_url":["https:\/\/youtu.be\/znmbda3OEto"],"fave_virtual_tour":["https:\/\/my.matterport.com\/show\/?m=2kFp7n1KnGv"],"fave_prop_homeslider":["yes"],"_elementor_page_assets":["a:0:{}"]},"yoast_head":"<!-- This site is optimized with the Yoast SEO plugin v27.5 - https:\/\/yoast.com\/product\/yoast-seo-wordpress\/ -->\n<title>Excepcional villa entre lago y vi\u00f1edos - BRYMMO<\/title>\n<meta name=\"description\" content=\"Descubre esta villa excepcional de estilo provenzal con acceso directo al lago, playa privada y vistas impresionantes a los vi\u00f1edos...\" \/>\n<meta name=\"robots\" content=\"index, follow, max-snippet:-1, max-image-preview:large, max-video-preview:-1\" \/>\n<link rel=\"canonical\" href=\"https:\/\/www.brymmo.ch\/es\/property\/excepcional-villa-entre-lago-y-vinedos\/\" \/>\n<meta property=\"og:locale\" content=\"es_ES\" \/>\n<meta property=\"og:type\" content=\"article\" \/>\n<meta property=\"og:title\" content=\"Excepcional villa entre lago y vi\u00f1edos - BRYMMO\" \/>\n<meta property=\"og:description\" content=\"Descubre esta villa excepcional de estilo provenzal con acceso directo al lago, playa privada y vistas impresionantes a los vi\u00f1edos...\" \/>\n<meta property=\"og:url\" content=\"https:\/\/www.brymmo.ch\/es\/property\/excepcional-villa-entre-lago-y-vinedos\/\" \/>\n<meta property=\"og:site_name\" content=\"BRYMMO\" \/>\n<meta property=\"article:modified_time\" content=\"2025-10-21T16:46:01+00:00\" \/>\n<meta property=\"og:image\" content=\"https:\/\/www.brymmo.ch\/wp-content\/uploads\/2025\/05\/2.webp\" \/>\n\t<meta property=\"og:image:width\" content=\"1920\" \/>\n\t<meta property=\"og:image:height\" content=\"1080\" \/>\n\t<meta property=\"og:image:type\" content=\"image\/png\" \/>\n<meta name=\"twitter:card\" content=\"summary_large_image\" \/>\n<meta name=\"twitter:label1\" content=\"Tiempo de lectura\" \/>\n\t<meta name=\"twitter:data1\" content=\"2 minutos\" \/>\n<script type=\"application\/ld+json\" class=\"yoast-schema-graph\">{\"@context\":\"https:\\\/\\\/schema.org\",\"@graph\":[{\"@type\":\"WebPage\",\"@id\":\"https:\\\/\\\/www.brymmo.ch\\\/es\\\/property\\\/excepcional-villa-entre-lago-y-vinedos\\\/\",\"url\":\"https:\\\/\\\/www.brymmo.ch\\\/es\\\/property\\\/excepcional-villa-entre-lago-y-vinedos\\\/\",\"name\":\"Excepcional villa entre lago y vi\u00f1edos - BRYMMO\",\"isPartOf\":{\"@id\":\"https:\\\/\\\/www.brymmo.ch\\\/es\\\/#website\"},\"primaryImageOfPage\":{\"@id\":\"https:\\\/\\\/www.brymmo.ch\\\/es\\\/property\\\/excepcional-villa-entre-lago-y-vinedos\\\/#primaryimage\"},\"image\":{\"@id\":\"https:\\\/\\\/www.brymmo.ch\\\/es\\\/property\\\/excepcional-villa-entre-lago-y-vinedos\\\/#primaryimage\"},\"thumbnailUrl\":\"https:\\\/\\\/www.brymmo.ch\\\/wp-content\\\/uploads\\\/2025\\\/05\\\/2.webp\",\"datePublished\":\"2025-09-21T07:48:52+00:00\",\"dateModified\":\"2025-10-21T16:46:01+00:00\",\"description\":\"Descubre esta villa excepcional de estilo provenzal con acceso directo al lago, playa privada y vistas impresionantes a los vi\u00f1edos...\",\"breadcrumb\":{\"@id\":\"https:\\\/\\\/www.brymmo.ch\\\/es\\\/property\\\/excepcional-villa-entre-lago-y-vinedos\\\/#breadcrumb\"},\"inLanguage\":\"es\",\"potentialAction\":[{\"@type\":\"ReadAction\",\"target\":[\"https:\\\/\\\/www.brymmo.ch\\\/es\\\/property\\\/excepcional-villa-entre-lago-y-vinedos\\\/\"]}]},{\"@type\":\"ImageObject\",\"inLanguage\":\"es\",\"@id\":\"https:\\\/\\\/www.brymmo.ch\\\/es\\\/property\\\/excepcional-villa-entre-lago-y-vinedos\\\/#primaryimage\",\"url\":\"https:\\\/\\\/www.brymmo.ch\\\/wp-content\\\/uploads\\\/2025\\\/05\\\/2.webp\",\"contentUrl\":\"https:\\\/\\\/www.brymmo.ch\\\/wp-content\\\/uploads\\\/2025\\\/05\\\/2.webp\",\"width\":1920,\"height\":1080,\"caption\":\"Perroy\"},{\"@type\":\"BreadcrumbList\",\"@id\":\"https:\\\/\\\/www.brymmo.ch\\\/es\\\/property\\\/excepcional-villa-entre-lago-y-vinedos\\\/#breadcrumb\",\"itemListElement\":[{\"@type\":\"ListItem\",\"position\":1,\"name\":\"Accueil\",\"item\":\"https:\\\/\\\/www.brymmo.ch\\\/es\\\/\"},{\"@type\":\"ListItem\",\"position\":2,\"name\":\"Propiedades\",\"item\":\"https:\\\/\\\/www.brymmo.ch\\\/es\\\/property\\\/\"},{\"@type\":\"ListItem\",\"position\":3,\"name\":\"Excepcional villa entre lago y vi\u00f1edos\"}]},{\"@type\":\"WebSite\",\"@id\":\"https:\\\/\\\/www.brymmo.ch\\\/es\\\/#website\",\"url\":\"https:\\\/\\\/www.brymmo.ch\\\/es\\\/\",\"name\":\"BRYMMO\",\"description\":\"Agence immobili\u00e8re \u00e0 Lausanne | BRYMMO\",\"potentialAction\":[{\"@type\":\"SearchAction\",\"target\":{\"@type\":\"EntryPoint\",\"urlTemplate\":\"https:\\\/\\\/www.brymmo.ch\\\/es\\\/?s={search_term_string}\"},\"query-input\":{\"@type\":\"PropertyValueSpecification\",\"valueRequired\":true,\"valueName\":\"search_term_string\"}}],\"inLanguage\":\"es\"}]}<\/script>\n<!-- \/ Yoast SEO plugin. -->","yoast_head_json":{"title":"Excepcional villa entre lago y vi\u00f1edos - BRYMMO","description":"Descubre esta villa excepcional de estilo provenzal con acceso directo al lago, playa privada y vistas impresionantes a los vi\u00f1edos...","robots":{"index":"index","follow":"follow","max-snippet":"max-snippet:-1","max-image-preview":"max-image-preview:large","max-video-preview":"max-video-preview:-1"},"canonical":"https:\/\/www.brymmo.ch\/es\/property\/excepcional-villa-entre-lago-y-vinedos\/","og_locale":"es_ES","og_type":"article","og_title":"Excepcional villa entre lago y vi\u00f1edos - BRYMMO","og_description":"Descubre esta villa excepcional de estilo provenzal con acceso directo al lago, playa privada y vistas impresionantes a los vi\u00f1edos...","og_url":"https:\/\/www.brymmo.ch\/es\/property\/excepcional-villa-entre-lago-y-vinedos\/","og_site_name":"BRYMMO","article_modified_time":"2025-10-21T16:46:01+00:00","og_image":[{"width":1920,"height":1080,"url":"https:\/\/www.brymmo.ch\/wp-content\/uploads\/2025\/05\/2.webp","type":"image\/png"}],"twitter_card":"summary_large_image","twitter_misc":{"Tiempo de lectura":"2 minutos"},"schema":{"@context":"https:\/\/schema.org","@graph":[{"@type":"WebPage","@id":"https:\/\/www.brymmo.ch\/es\/property\/excepcional-villa-entre-lago-y-vinedos\/","url":"https:\/\/www.brymmo.ch\/es\/property\/excepcional-villa-entre-lago-y-vinedos\/","name":"Excepcional villa entre lago y vi\u00f1edos - BRYMMO","isPartOf":{"@id":"https:\/\/www.brymmo.ch\/es\/#website"},"primaryImageOfPage":{"@id":"https:\/\/www.brymmo.ch\/es\/property\/excepcional-villa-entre-lago-y-vinedos\/#primaryimage"},"image":{"@id":"https:\/\/www.brymmo.ch\/es\/property\/excepcional-villa-entre-lago-y-vinedos\/#primaryimage"},"thumbnailUrl":"https:\/\/www.brymmo.ch\/wp-content\/uploads\/2025\/05\/2.webp","datePublished":"2025-09-21T07:48:52+00:00","dateModified":"2025-10-21T16:46:01+00:00","description":"Descubre esta villa excepcional de estilo provenzal con acceso directo al lago, playa privada y vistas impresionantes a los vi\u00f1edos...","breadcrumb":{"@id":"https:\/\/www.brymmo.ch\/es\/property\/excepcional-villa-entre-lago-y-vinedos\/#breadcrumb"},"inLanguage":"es","potentialAction":[{"@type":"ReadAction","target":["https:\/\/www.brymmo.ch\/es\/property\/excepcional-villa-entre-lago-y-vinedos\/"]}]},{"@type":"ImageObject","inLanguage":"es","@id":"https:\/\/www.brymmo.ch\/es\/property\/excepcional-villa-entre-lago-y-vinedos\/#primaryimage","url":"https:\/\/www.brymmo.ch\/wp-content\/uploads\/2025\/05\/2.webp","contentUrl":"https:\/\/www.brymmo.ch\/wp-content\/uploads\/2025\/05\/2.webp","width":1920,"height":1080,"caption":"Perroy"},{"@type":"BreadcrumbList","@id":"https:\/\/www.brymmo.ch\/es\/property\/excepcional-villa-entre-lago-y-vinedos\/#breadcrumb","itemListElement":[{"@type":"ListItem","position":1,"name":"Accueil","item":"https:\/\/www.brymmo.ch\/es\/"},{"@type":"ListItem","position":2,"name":"Propiedades","item":"https:\/\/www.brymmo.ch\/es\/property\/"},{"@type":"ListItem","position":3,"name":"Excepcional villa entre lago y vi\u00f1edos"}]},{"@type":"WebSite","@id":"https:\/\/www.brymmo.ch\/es\/#website","url":"https:\/\/www.brymmo.ch\/es\/","name":"BRYMMO","description":"Agence immobili\u00e8re \u00e0 Lausanne | BRYMMO","potentialAction":[{"@type":"SearchAction","target":{"@type":"EntryPoint","urlTemplate":"https:\/\/www.brymmo.ch\/es\/?s={search_term_string}"},"query-input":{"@type":"PropertyValueSpecification","valueRequired":true,"valueName":"search_term_string"}}],"inLanguage":"es"}]}},"_links":{"self":[{"href":"https:\/\/www.brymmo.ch\/es\/wp-json\/wp\/v2\/properties\/34334","targetHints":{"allow":["GET"]}}],"collection":[{"href":"https:\/\/www.brymmo.ch\/es\/wp-json\/wp\/v2\/properties"}],"about":[{"href":"https:\/\/www.brymmo.ch\/es\/wp-json\/wp\/v2\/types\/property"}],"author":[{"embeddable":true,"href":"https:\/\/www.brymmo.ch\/es\/wp-json\/wp\/v2\/users\/1"}],"version-history":[{"count":2,"href":"https:\/\/www.brymmo.ch\/es\/wp-json\/wp\/v2\/properties\/34334\/revisions"}],"predecessor-version":[{"id":35089,"href":"https:\/\/www.brymmo.ch\/es\/wp-json\/wp\/v2\/properties\/34334\/revisions\/35089"}],"wp:featuredmedia":[{"embeddable":true,"href":"https:\/\/www.brymmo.ch\/es\/wp-json\/wp\/v2\/media\/33473"}],"wp:attachment":[{"href":"https:\/\/www.brymmo.ch\/es\/wp-json\/wp\/v2\/media?parent=34334"}],"wp:term":[{"taxonomy":"property_type","embeddable":true,"href":"https:\/\/www.brymmo.ch\/es\/wp-json\/wp\/v2\/property_type?post=34334"},{"taxonomy":"property_status","embeddable":true,"href":"https:\/\/www.brymmo.ch\/es\/wp-json\/wp\/v2\/property_status?post=34334"},{"taxonomy":"property_feature","embeddable":true,"href":"https:\/\/www.brymmo.ch\/es\/wp-json\/wp\/v2\/property_feature?post=34334"},{"taxonomy":"property_label","embeddable":true,"href":"https:\/\/www.brymmo.ch\/es\/wp-json\/wp\/v2\/property_label?post=34334"},{"taxonomy":"property_city","embeddable":true,"href":"https:\/\/www.brymmo.ch\/es\/wp-json\/wp\/v2\/property_city?post=34334"},{"taxonomy":"property_area","embeddable":true,"href":"https:\/\/www.brymmo.ch\/es\/wp-json\/wp\/v2\/property_area?post=34334"}],"curies":[{"name":"wp","href":"https:\/\/api.w.org\/{rel}","templated":true}]}}