{"id":34355,"date":"2025-03-07T15:17:53","date_gmt":"2025-03-07T14:17:53","guid":{"rendered":"https:\/\/www.brymmo.ch\/property\/un-atico-excepcional-con-vistas-panoramicas\/"},"modified":"2025-09-02T14:41:32","modified_gmt":"2025-09-02T12:41:32","slug":"un-atico-excepcional-con-vistas-panoramicas","status":"publish","type":"property","link":"https:\/\/www.brymmo.ch\/es\/property\/un-atico-excepcional-con-vistas-panoramicas\/","title":{"rendered":"Un \u00c1tico Excepcional con Vistas Panor\u00e1micas"},"content":{"rendered":"\n<p>Tu nuevo hogar entre el cielo y la tierra! Este espl\u00e9ndido \u00e1tico Minergie de 3.5 habitaciones te seducir\u00e1 con su amplia terraza de madera ex\u00f3tica de m\u00e1s de 130 m\u00b2. Su orientaci\u00f3n de 270\u00b0 ofrece una vista impresionante del lago Lem\u00e1n, los Alpes y la cordillera del Jura.  <\/p>\n\n<p>Con una superficie habitable de 98 m\u00b2, este moderno apartamento fue construido con materiales de alta calidad y acabados meticulosos. Combina confort y respeto por el medio ambiente gracias a su sistema de calefacci\u00f3n con bomba de calor &#8220;geot\u00e9rmica&#8221; y sus paneles solares t\u00e9rmicos. <\/p>\n\n<p>La distribuci\u00f3n interior consta de un hall de entrada con armarios empotrados, un aseo para invitados con una ducha a ras de suelo bajo una claraboya, y un espacioso sal\u00f3n-cocina de 51 m\u00b2, adornado con cemento pulido que le da un toque personal. La cocina semiabierta est\u00e1 perfectamente equipada con placas de inducci\u00f3n, una vaporera, etc. El \u00e1rea de noche incluye un dormitorio luminoso de unos 13 m\u00b2 con un magn\u00edfico suelo de parqu\u00e9 y vestidor, as\u00ed como un segundo dormitorio, la suite principal de 20 m\u00b2, con ba\u00f1o privado con ba\u00f1era y vestidor. Una columna de lavado est\u00e1 integrada en el apartamento.   <\/p>\n\n<p>La gran terraza cubierta, que se extiende 270\u00b0 alrededor del apartamento, es un espacio excepcional para disfrutar del panorama y vivir al aire libre gran parte del a\u00f1o. Est\u00e1 equipada con un sistema de riego autom\u00e1tico y luces de suelo. Un espacioso s\u00f3tano de aproximadamente 10 m\u00b2 con portabicicletas completa esta propiedad.  <\/p>\n\n<p>Dos plazas de aparcamiento subterr\u00e1neo est\u00e1n disponibles, con la posibilidad de instalar una estaci\u00f3n de carga para veh\u00edculos el\u00e9ctricos (con un coste adicional al precio de venta).<\/p>\n\n<p>Esta propiedad ofrece ventajas \u00fanicas como una vista espectacular del lago y las monta\u00f1as, una ubicaci\u00f3n tranquila y resguardada, materiales nobles como el roble y la madera ex\u00f3tica, y equipamiento moderno como persianas y luces conectadas a la dom\u00f3tica. El municipio, por su parte, est\u00e1 perfectamente comunicado por transporte p\u00fablico y cerca de la autopista (a 5 minutos), y ofrece una rica infraestructura con escuelas, diversas actividades y todas las tiendas necesarias cerca. <\/p>\n\n<p>Para cualquier informaci\u00f3n adicional o para organizar una visita, no dude en contactarnos.<\/p>\n","protected":false},"excerpt":{"rendered":"<p>Tu nuevo hogar entre el cielo y la tierra! Este espl\u00e9ndido \u00e1tico Minergie de 3.5 habitaciones te seducir\u00e1 con su amplia terraza de madera ex\u00f3tica de m\u00e1s de 130 m\u00b2. Su orientaci\u00f3n de 270\u00b0 ofrece una vista impresionante del lago Lem\u00e1n, los Alpes y la cordillera del Jura. Con una superficie habitable de 98 m\u00b2, [&hellip;]<\/p>\n","protected":false},"author":1,"featured_media":32709,"parent":0,"menu_order":0,"template":"","property_type":[541],"property_status":[537],"property_feature":[677,481,772,685,778,493,814,679,805,774,687,682,680,802,686,815,775,803,801,800],"property_label":[448],"property_city":[388],"property_area":[376],"class_list":["post-34355","property","type-property","status-publish","has-post-thumbnail","hentry","property_type-apartamento","property_status-vendido","property_feature-amplio-espacio-exterior","property_feature-armarios-empotrados","property_feature-bano-para-visitantes","property_feature-barrio-tranquilo-y-familiar","property_feature-bien-comunicado-con-transporte-publico","property_feature-bodega-espaciosa","property_feature-bomba-de-calor","property_feature-congelador","property_feature-garage-jusqua-2-voitures","property_feature-horno","property_feature-ideal-para-familias-y-ninos","property_feature-lavadora-y-secadora","property_feature-lavavajillas","property_feature-multiples-opciones-de-almacenamiento","property_feature-muy-luminoso","property_feature-placas-de-induccion","property_feature-plazas-de-aparcamiento-para-visitantes","property_feature-refrigerador","property_feature-terraza-cubierta","property_feature-terraza-espaciosa","property_label-demasiado-tarde","property_city-le-mont-sur-lausanne","property_area-vaud"],"aioseo_notices":[],"property_meta":{"fave_featured":["0"],"houzez_featured_listing_date":[""],"fave_property_images":["30132","30134","30135","30136","30137","30138","30139","30140","30141","30142","30143","30144","30145","30146","30133","30147"],"fave_agent_display_option":["agent_info"],"fave_agents":["150"],"fave_single_top_area":["global"],"_top_nav_excluded":[""],"_cms_nav_minihome":[""],"_yoast_wpseo_title":["\u00e1tico excepcional con vistas panor\u00e1micas"],"_yoast_wpseo_metadesc":["Tu nuevo hogar entre el cielo y la tierra! Este espl\u00e9ndido \u00e1tico Minergie de 3.5 habitaciones te seducir\u00e1 con su amplia terraza de madera ex\u00f3tica..."],"_yoast_wpseo_focuskw":["\u00e1tico"],"fave_property_size":["98"],"fave_property_size_prefix":["m\u00b2"],"fave_property_bedrooms":["2"],"fave_property_bathrooms":["2"],"fave_property_rooms":["3.5"],"fave_property_garage":["2"],"fave_property_year":["2014"],"fave_property_id":["A.1052.0412.DK"],"fave_property_map":["1"],"fave_property_location":["46.550993929998,6.6405984233399,12"],"houzez_geolocation_lat":["46.550993929998"],"houzez_geolocation_long":["6.6405984233399"],"fave_property_map_street_view":["hide"],"fave_property_zip":["1052"],"fave_video_url":["https:\/\/www.youtube.com\/watch?v=ho98oruu6c8&t=15s"],"fave_virtual_tour":["https:\/\/my.matterport.com\/show\/?m=q1TGnYPYHr8"],"fave_prop_homeslider":["yes"],"_thumbnail_id":["32709"],"_last_translation_edit_mode":["translation-editor"],"_wpml_word_count":["388"],"houzez_total_property_views":["349"],"houzez_views_by_date":["a:61:{s:10:\"12-18-2025\";i:4;s:10:\"12-22-2025\";i:2;s:10:\"12-23-2025\";i:1;s:10:\"12-24-2025\";i:1;s:10:\"12-27-2025\";i:2;s:10:\"12-28-2025\";i:2;s:10:\"01-05-2026\";i:1;s:10:\"01-07-2026\";i:2;s:10:\"01-08-2026\";i:1;s:10:\"01-14-2026\";i:1;s:10:\"01-16-2026\";i:1;s:10:\"01-23-2026\";i:2;s:10:\"01-26-2026\";i:1;s:10:\"01-27-2026\";i:3;s:10:\"01-28-2026\";i:1;s:10:\"01-29-2026\";i:1;s:10:\"01-30-2026\";i:1;s:10:\"02-01-2026\";i:1;s:10:\"02-03-2026\";i:2;s:10:\"02-05-2026\";i:1;s:10:\"02-06-2026\";i:1;s:10:\"02-07-2026\";i:3;s:10:\"02-08-2026\";i:1;s:10:\"02-09-2026\";i:2;s:10:\"02-10-2026\";i:2;s:10:\"02-13-2026\";i:1;s:10:\"02-15-2026\";i:1;s:10:\"02-16-2026\";i:1;s:10:\"02-18-2026\";i:2;s:10:\"02-20-2026\";i:1;s:10:\"02-22-2026\";i:2;s:10:\"02-23-2026\";i:1;s:10:\"02-24-2026\";i:1;s:10:\"03-01-2026\";i:1;s:10:\"03-03-2026\";i:1;s:10:\"03-06-2026\";i:2;s:10:\"03-07-2026\";i:1;s:10:\"03-13-2026\";i:1;s:10:\"03-16-2026\";i:1;s:10:\"03-19-2026\";i:1;s:10:\"03-22-2026\";i:2;s:10:\"03-24-2026\";i:1;s:10:\"03-26-2026\";i:2;s:10:\"03-28-2026\";i:1;s:10:\"03-29-2026\";i:1;s:10:\"04-01-2026\";i:1;s:10:\"04-02-2026\";i:1;s:10:\"04-06-2026\";i:1;s:10:\"04-08-2026\";i:3;s:10:\"04-09-2026\";i:1;s:10:\"04-12-2026\";i:1;s:10:\"04-13-2026\";i:3;s:10:\"04-15-2026\";i:1;s:10:\"04-18-2026\";i:3;s:10:\"04-23-2026\";i:1;s:10:\"04-24-2026\";i:1;s:10:\"04-25-2026\";i:3;s:10:\"04-27-2026\";i:1;s:10:\"04-29-2026\";i:2;s:10:\"04-30-2026\";i:2;s:10:\"05-02-2026\";i:3;}"],"houzez_recently_viewed":["2026-05-02 10:01:47"],"_elementor_page_assets":["a:0:{}"]},"yoast_head":"<!-- This site is optimized with the Yoast SEO plugin v27.5 - https:\/\/yoast.com\/product\/yoast-seo-wordpress\/ -->\n<title>\u00e1tico excepcional con vistas panor\u00e1micas<\/title>\n<meta name=\"description\" content=\"Tu nuevo hogar entre el cielo y la tierra! Este espl\u00e9ndido \u00e1tico Minergie de 3.5 habitaciones te seducir\u00e1 con su amplia terraza de madera ex\u00f3tica...\" \/>\n<meta name=\"robots\" content=\"index, follow, max-snippet:-1, max-image-preview:large, max-video-preview:-1\" \/>\n<link rel=\"canonical\" href=\"https:\/\/www.brymmo.ch\/es\/property\/un-atico-excepcional-con-vistas-panoramicas\/\" \/>\n<meta property=\"og:locale\" content=\"es_ES\" \/>\n<meta property=\"og:type\" content=\"article\" \/>\n<meta property=\"og:title\" content=\"\u00e1tico excepcional con vistas panor\u00e1micas\" \/>\n<meta property=\"og:description\" content=\"Tu nuevo hogar entre el cielo y la tierra! Este espl\u00e9ndido \u00e1tico Minergie de 3.5 habitaciones te seducir\u00e1 con su amplia terraza de madera ex\u00f3tica...\" \/>\n<meta property=\"og:url\" content=\"https:\/\/www.brymmo.ch\/es\/property\/un-atico-excepcional-con-vistas-panoramicas\/\" \/>\n<meta property=\"og:site_name\" content=\"BRYMMO\" \/>\n<meta property=\"article:modified_time\" content=\"2025-09-02T12:41:32+00:00\" \/>\n<meta property=\"og:image\" content=\"https:\/\/www.brymmo.ch\/wp-content\/uploads\/2024\/12\/2.jpg\" \/>\n\t<meta property=\"og:image:width\" content=\"1920\" \/>\n\t<meta property=\"og:image:height\" content=\"1080\" \/>\n\t<meta property=\"og:image:type\" content=\"image\/jpeg\" \/>\n<meta name=\"twitter:card\" content=\"summary_large_image\" \/>\n<meta name=\"twitter:label1\" content=\"Tiempo de lectura\" \/>\n\t<meta name=\"twitter:data1\" content=\"2 minutos\" \/>\n<script type=\"application\/ld+json\" class=\"yoast-schema-graph\">{\"@context\":\"https:\\\/\\\/schema.org\",\"@graph\":[{\"@type\":\"WebPage\",\"@id\":\"https:\\\/\\\/www.brymmo.ch\\\/es\\\/property\\\/un-atico-excepcional-con-vistas-panoramicas\\\/\",\"url\":\"https:\\\/\\\/www.brymmo.ch\\\/es\\\/property\\\/un-atico-excepcional-con-vistas-panoramicas\\\/\",\"name\":\"\u00e1tico excepcional con vistas panor\u00e1micas\",\"isPartOf\":{\"@id\":\"https:\\\/\\\/www.brymmo.ch\\\/es\\\/#website\"},\"primaryImageOfPage\":{\"@id\":\"https:\\\/\\\/www.brymmo.ch\\\/es\\\/property\\\/un-atico-excepcional-con-vistas-panoramicas\\\/#primaryimage\"},\"image\":{\"@id\":\"https:\\\/\\\/www.brymmo.ch\\\/es\\\/property\\\/un-atico-excepcional-con-vistas-panoramicas\\\/#primaryimage\"},\"thumbnailUrl\":\"https:\\\/\\\/www.brymmo.ch\\\/wp-content\\\/uploads\\\/2024\\\/12\\\/2.jpg\",\"datePublished\":\"2025-03-07T14:17:53+00:00\",\"dateModified\":\"2025-09-02T12:41:32+00:00\",\"description\":\"Tu nuevo hogar entre el cielo y la tierra! Este espl\u00e9ndido \u00e1tico Minergie de 3.5 habitaciones te seducir\u00e1 con su amplia terraza de madera ex\u00f3tica...\",\"breadcrumb\":{\"@id\":\"https:\\\/\\\/www.brymmo.ch\\\/es\\\/property\\\/un-atico-excepcional-con-vistas-panoramicas\\\/#breadcrumb\"},\"inLanguage\":\"es\",\"potentialAction\":[{\"@type\":\"ReadAction\",\"target\":[\"https:\\\/\\\/www.brymmo.ch\\\/es\\\/property\\\/un-atico-excepcional-con-vistas-panoramicas\\\/\"]}]},{\"@type\":\"ImageObject\",\"inLanguage\":\"es\",\"@id\":\"https:\\\/\\\/www.brymmo.ch\\\/es\\\/property\\\/un-atico-excepcional-con-vistas-panoramicas\\\/#primaryimage\",\"url\":\"https:\\\/\\\/www.brymmo.ch\\\/wp-content\\\/uploads\\\/2024\\\/12\\\/2.jpg\",\"contentUrl\":\"https:\\\/\\\/www.brymmo.ch\\\/wp-content\\\/uploads\\\/2024\\\/12\\\/2.jpg\",\"width\":1920,\"height\":1080,\"caption\":\"Le Mont-sur-Lausanne\"},{\"@type\":\"BreadcrumbList\",\"@id\":\"https:\\\/\\\/www.brymmo.ch\\\/es\\\/property\\\/un-atico-excepcional-con-vistas-panoramicas\\\/#breadcrumb\",\"itemListElement\":[{\"@type\":\"ListItem\",\"position\":1,\"name\":\"Accueil\",\"item\":\"https:\\\/\\\/www.brymmo.ch\\\/es\\\/\"},{\"@type\":\"ListItem\",\"position\":2,\"name\":\"Propiedades\",\"item\":\"https:\\\/\\\/www.brymmo.ch\\\/es\\\/property\\\/\"},{\"@type\":\"ListItem\",\"position\":3,\"name\":\"Un \u00c1tico Excepcional con Vistas Panor\u00e1micas\"}]},{\"@type\":\"WebSite\",\"@id\":\"https:\\\/\\\/www.brymmo.ch\\\/es\\\/#website\",\"url\":\"https:\\\/\\\/www.brymmo.ch\\\/es\\\/\",\"name\":\"BRYMMO\",\"description\":\"Agence immobili\u00e8re \u00e0 Lausanne | BRYMMO\",\"potentialAction\":[{\"@type\":\"SearchAction\",\"target\":{\"@type\":\"EntryPoint\",\"urlTemplate\":\"https:\\\/\\\/www.brymmo.ch\\\/es\\\/?s={search_term_string}\"},\"query-input\":{\"@type\":\"PropertyValueSpecification\",\"valueRequired\":true,\"valueName\":\"search_term_string\"}}],\"inLanguage\":\"es\"}]}<\/script>\n<!-- \/ Yoast SEO plugin. -->","yoast_head_json":{"title":"\u00e1tico excepcional con vistas panor\u00e1micas","description":"Tu nuevo hogar entre el cielo y la tierra! Este espl\u00e9ndido \u00e1tico Minergie de 3.5 habitaciones te seducir\u00e1 con su amplia terraza de madera ex\u00f3tica...","robots":{"index":"index","follow":"follow","max-snippet":"max-snippet:-1","max-image-preview":"max-image-preview:large","max-video-preview":"max-video-preview:-1"},"canonical":"https:\/\/www.brymmo.ch\/es\/property\/un-atico-excepcional-con-vistas-panoramicas\/","og_locale":"es_ES","og_type":"article","og_title":"\u00e1tico excepcional con vistas panor\u00e1micas","og_description":"Tu nuevo hogar entre el cielo y la tierra! Este espl\u00e9ndido \u00e1tico Minergie de 3.5 habitaciones te seducir\u00e1 con su amplia terraza de madera ex\u00f3tica...","og_url":"https:\/\/www.brymmo.ch\/es\/property\/un-atico-excepcional-con-vistas-panoramicas\/","og_site_name":"BRYMMO","article_modified_time":"2025-09-02T12:41:32+00:00","og_image":[{"width":1920,"height":1080,"url":"https:\/\/www.brymmo.ch\/wp-content\/uploads\/2024\/12\/2.jpg","type":"image\/jpeg"}],"twitter_card":"summary_large_image","twitter_misc":{"Tiempo de lectura":"2 minutos"},"schema":{"@context":"https:\/\/schema.org","@graph":[{"@type":"WebPage","@id":"https:\/\/www.brymmo.ch\/es\/property\/un-atico-excepcional-con-vistas-panoramicas\/","url":"https:\/\/www.brymmo.ch\/es\/property\/un-atico-excepcional-con-vistas-panoramicas\/","name":"\u00e1tico excepcional con vistas panor\u00e1micas","isPartOf":{"@id":"https:\/\/www.brymmo.ch\/es\/#website"},"primaryImageOfPage":{"@id":"https:\/\/www.brymmo.ch\/es\/property\/un-atico-excepcional-con-vistas-panoramicas\/#primaryimage"},"image":{"@id":"https:\/\/www.brymmo.ch\/es\/property\/un-atico-excepcional-con-vistas-panoramicas\/#primaryimage"},"thumbnailUrl":"https:\/\/www.brymmo.ch\/wp-content\/uploads\/2024\/12\/2.jpg","datePublished":"2025-03-07T14:17:53+00:00","dateModified":"2025-09-02T12:41:32+00:00","description":"Tu nuevo hogar entre el cielo y la tierra! Este espl\u00e9ndido \u00e1tico Minergie de 3.5 habitaciones te seducir\u00e1 con su amplia terraza de madera ex\u00f3tica...","breadcrumb":{"@id":"https:\/\/www.brymmo.ch\/es\/property\/un-atico-excepcional-con-vistas-panoramicas\/#breadcrumb"},"inLanguage":"es","potentialAction":[{"@type":"ReadAction","target":["https:\/\/www.brymmo.ch\/es\/property\/un-atico-excepcional-con-vistas-panoramicas\/"]}]},{"@type":"ImageObject","inLanguage":"es","@id":"https:\/\/www.brymmo.ch\/es\/property\/un-atico-excepcional-con-vistas-panoramicas\/#primaryimage","url":"https:\/\/www.brymmo.ch\/wp-content\/uploads\/2024\/12\/2.jpg","contentUrl":"https:\/\/www.brymmo.ch\/wp-content\/uploads\/2024\/12\/2.jpg","width":1920,"height":1080,"caption":"Le Mont-sur-Lausanne"},{"@type":"BreadcrumbList","@id":"https:\/\/www.brymmo.ch\/es\/property\/un-atico-excepcional-con-vistas-panoramicas\/#breadcrumb","itemListElement":[{"@type":"ListItem","position":1,"name":"Accueil","item":"https:\/\/www.brymmo.ch\/es\/"},{"@type":"ListItem","position":2,"name":"Propiedades","item":"https:\/\/www.brymmo.ch\/es\/property\/"},{"@type":"ListItem","position":3,"name":"Un \u00c1tico Excepcional con Vistas Panor\u00e1micas"}]},{"@type":"WebSite","@id":"https:\/\/www.brymmo.ch\/es\/#website","url":"https:\/\/www.brymmo.ch\/es\/","name":"BRYMMO","description":"Agence immobili\u00e8re \u00e0 Lausanne | BRYMMO","potentialAction":[{"@type":"SearchAction","target":{"@type":"EntryPoint","urlTemplate":"https:\/\/www.brymmo.ch\/es\/?s={search_term_string}"},"query-input":{"@type":"PropertyValueSpecification","valueRequired":true,"valueName":"search_term_string"}}],"inLanguage":"es"}]}},"_links":{"self":[{"href":"https:\/\/www.brymmo.ch\/es\/wp-json\/wp\/v2\/properties\/34355","targetHints":{"allow":["GET"]}}],"collection":[{"href":"https:\/\/www.brymmo.ch\/es\/wp-json\/wp\/v2\/properties"}],"about":[{"href":"https:\/\/www.brymmo.ch\/es\/wp-json\/wp\/v2\/types\/property"}],"author":[{"embeddable":true,"href":"https:\/\/www.brymmo.ch\/es\/wp-json\/wp\/v2\/users\/1"}],"version-history":[{"count":1,"href":"https:\/\/www.brymmo.ch\/es\/wp-json\/wp\/v2\/properties\/34355\/revisions"}],"predecessor-version":[{"id":34356,"href":"https:\/\/www.brymmo.ch\/es\/wp-json\/wp\/v2\/properties\/34355\/revisions\/34356"}],"wp:featuredmedia":[{"embeddable":true,"href":"https:\/\/www.brymmo.ch\/es\/wp-json\/wp\/v2\/media\/32709"}],"wp:attachment":[{"href":"https:\/\/www.brymmo.ch\/es\/wp-json\/wp\/v2\/media?parent=34355"}],"wp:term":[{"taxonomy":"property_type","embeddable":true,"href":"https:\/\/www.brymmo.ch\/es\/wp-json\/wp\/v2\/property_type?post=34355"},{"taxonomy":"property_status","embeddable":true,"href":"https:\/\/www.brymmo.ch\/es\/wp-json\/wp\/v2\/property_status?post=34355"},{"taxonomy":"property_feature","embeddable":true,"href":"https:\/\/www.brymmo.ch\/es\/wp-json\/wp\/v2\/property_feature?post=34355"},{"taxonomy":"property_label","embeddable":true,"href":"https:\/\/www.brymmo.ch\/es\/wp-json\/wp\/v2\/property_label?post=34355"},{"taxonomy":"property_city","embeddable":true,"href":"https:\/\/www.brymmo.ch\/es\/wp-json\/wp\/v2\/property_city?post=34355"},{"taxonomy":"property_area","embeddable":true,"href":"https:\/\/www.brymmo.ch\/es\/wp-json\/wp\/v2\/property_area?post=34355"}],"curies":[{"name":"wp","href":"https:\/\/api.w.org\/{rel}","templated":true}]}}