{"id":34659,"date":"2025-09-04T17:09:55","date_gmt":"2025-09-04T15:09:55","guid":{"rendered":"https:\/\/www.brymmo.ch\/property\/52-hectareas-entre-selva-oceano-y-cascada-oportunidad-unica-en-costa-rica\/"},"modified":"2025-10-10T07:49:07","modified_gmt":"2025-10-10T05:49:07","slug":"52-hectareas-entre-selva-oceano","status":"publish","type":"property","link":"https:\/\/www.brymmo.ch\/es\/property\/52-hectareas-entre-selva-oceano\/","title":{"rendered":"52 hect\u00e1reas entre selva, oc\u00e9ano y cascada \u2013 Oportunidad \u00fanica en Costa Rica"},"content":{"rendered":"\n<p>Les invito a descubrir un lugar raro e inspirador en Santa Marta de Hojancha, a pocos minutos de las playas paradis\u00edacas de Playa Carrillo. Aqu\u00ed, cada parcela de tierra cuenta una historia, cada panorama invita a so\u00f1ar. 52 hect\u00e1reas en Costa Rica\u2026  <\/p>\n\n<h3 class=\"wp-block-heading\">Un entorno natural de riqueza incomparable<\/h3>\n\n<p>Al entrar en la propiedad se revela un mundo \u00fanico:<\/p>\n\n<ul class=\"wp-block-list\">\n<li>10 hect\u00e1reas de plantaci\u00f3n de teca, un patrimonio forestal sostenible y valioso.<br\/><\/li>\n\n\n\n<li>30 hect\u00e1reas de selva primaria intacta, habitada por monos aulladores, guacamayos rojos y una fauna tropical excepcional.<\/li>\n\n\n\n<li>5 hect\u00e1reas de crestas con vistas al Oc\u00e9ano Pac\u00edfico, que ofrecen espectaculares amaneceres y atardeceres.<\/li>\n\n\n\n<li>Y, en el coraz\u00f3n de este santuario, una cascada de 25 metros que desemboca en un arroyo cristalino: un verdadero refugio de paz y belleza natural.<\/li>\n<\/ul>\n\n<h3 class=\"wp-block-heading\">Un lugar de posibilidades infinitas<\/h3>\n\n<p>Gracias a su ubicaci\u00f3n privilegiada, a solo un kil\u00f3metro de la carretera principal asfaltada, esta propiedad combina aislamiento beneficioso con facilidad de acceso.<\/p>\n\n<p>52 hect\u00e1reas en Costa Rica son ideales para:<\/p>\n\n<ul class=\"wp-block-list\">\n<li>Desarrollar un eco-resort de lujo, donde la naturaleza y el confort se encuentren.<\/li>\n\n\n\n<li>Crear una eco-comunidad sostenible, enfocada en el bienestar, el yoga, la agroecolog\u00eda y la vida compartida.<\/li>\n\n\n\n<li>O bien, realizar un santuario privado, un refugio personal en plena selva y frente al oc\u00e9ano.<\/li>\n<\/ul>\n\n<h3 class=\"wp-block-heading\">Vivir en el coraz\u00f3n de una \u201cZona Azul\u201d<\/h3>\n\n<p>La propiedad se encuentra en una de las famosas Zonas Azules del mundo, reconocidas por la longevidad y la calidad de vida excepcional de sus habitantes. Invertir aqu\u00ed significa no solo adquirir una propiedad \u00fanica, sino tambi\u00e9n sumergirse en un estilo de vida basado en la armon\u00eda con la naturaleza, la serenidad y la vitalidad. <\/p>\n\n<p>\ud83c\udf3f Con Brymmo, esta oportunidad se convierte en algo m\u00e1s que una inversi\u00f3n: es una invitaci\u00f3n a crear su propia visi\u00f3n del para\u00edso en Costa Rica.<\/p>\n","protected":false},"excerpt":{"rendered":"<p>Les invito a descubrir un lugar raro e inspirador en Santa Marta de Hojancha, a pocos minutos de las playas paradis\u00edacas de Playa Carrillo. Aqu\u00ed, cada parcela de tierra cuenta una historia, cada panorama invita a so\u00f1ar. 52 hect\u00e1reas en Costa Rica\u2026 Un entorno natural de riqueza incomparable Al entrar en la propiedad se revela [&hellip;]<\/p>\n","protected":false},"author":1,"featured_media":34630,"parent":0,"menu_order":0,"template":"","property_type":[561],"property_status":[505],"property_feature":[],"property_label":[],"property_city":[867],"property_area":[866],"class_list":["post-34659","property","type-property","status-publish","has-post-thumbnail","hentry","property_type-terreno","property_status-en-venta","property_city-santa-marta-costa-rica","property_area-costa-rica"],"aioseo_notices":[],"property_meta":{"fave_featured":["0"],"houzez_featured_listing_date":[""],"fave_property_images":["34623","34621","34604","34607","34609","34610","34613","34615","34617","34619","34624"],"fave_agent_display_option":["agent_info"],"fave_agents":["150"],"fave_single_top_area":["global"],"_top_nav_excluded":[""],"_cms_nav_minihome":[""],"_yoast_wpseo_title":["52 hect\u00e1reas en Costa Rica \u2013 Brymmo"],"_yoast_wpseo_metadesc":["Descubra con Brymmo una propiedad \u00fanica de 52 hect\u00e1reas en Costa Rica: selva primaria, Oc\u00e9ano Pac\u00edfico, cascada y potencial ilimitado."],"_yoast_wpseo_focuskw":["52 hect\u00e1reas en Costa Rica"],"fave_property_price":["730000"],"fave_property_land":["52"],"fave_property_land_postfix":["Hect\u00e1reas"],"fave_property_id":["CRT.1008.NS"],"fave_property_map":["1"],"fave_property_location":["10.159228076857,-85.6963995625,8"],"houzez_geolocation_lat":["10.159228076857"],"houzez_geolocation_long":["-85.6963995625"],"fave_property_map_street_view":["hide"],"fave_prop_homeslider":["yes"],"_thumbnail_id":["34630"],"_last_translation_edit_mode":["translation-editor"],"_wpml_word_count":["328"],"houzez_total_property_views":["347"],"houzez_views_by_date":["a:61:{s:10:\"12-27-2025\";i:2;s:10:\"01-02-2026\";i:2;s:10:\"01-03-2026\";i:2;s:10:\"01-07-2026\";i:1;s:10:\"01-08-2026\";i:2;s:10:\"01-14-2026\";i:1;s:10:\"01-15-2026\";i:1;s:10:\"01-18-2026\";i:2;s:10:\"01-19-2026\";i:1;s:10:\"01-21-2026\";i:1;s:10:\"01-22-2026\";i:1;s:10:\"01-24-2026\";i:2;s:10:\"01-26-2026\";i:1;s:10:\"01-27-2026\";i:5;s:10:\"01-28-2026\";i:1;s:10:\"01-30-2026\";i:3;s:10:\"01-31-2026\";i:1;s:10:\"02-03-2026\";i:3;s:10:\"02-04-2026\";i:2;s:10:\"02-08-2026\";i:2;s:10:\"02-09-2026\";i:1;s:10:\"02-11-2026\";i:3;s:10:\"02-12-2026\";i:1;s:10:\"02-13-2026\";i:1;s:10:\"02-15-2026\";i:2;s:10:\"02-18-2026\";i:2;s:10:\"02-19-2026\";i:1;s:10:\"02-20-2026\";i:1;s:10:\"02-23-2026\";i:1;s:10:\"02-28-2026\";i:1;s:10:\"03-01-2026\";i:2;s:10:\"03-02-2026\";i:1;s:10:\"03-06-2026\";i:1;s:10:\"03-07-2026\";i:1;s:10:\"03-11-2026\";i:1;s:10:\"03-12-2026\";i:3;s:10:\"03-22-2026\";i:1;s:10:\"03-23-2026\";i:1;s:10:\"03-24-2026\";i:3;s:10:\"03-25-2026\";i:3;s:10:\"03-26-2026\";i:2;s:10:\"03-28-2026\";i:2;s:10:\"03-30-2026\";i:1;s:10:\"03-31-2026\";i:1;s:10:\"04-01-2026\";i:1;s:10:\"04-02-2026\";i:2;s:10:\"04-04-2026\";i:1;s:10:\"04-06-2026\";i:3;s:10:\"04-08-2026\";i:1;s:10:\"04-09-2026\";i:1;s:10:\"04-12-2026\";i:1;s:10:\"04-13-2026\";i:2;s:10:\"04-15-2026\";i:1;s:10:\"04-18-2026\";i:2;s:10:\"04-22-2026\";i:1;s:10:\"04-23-2026\";i:1;s:10:\"04-24-2026\";i:1;s:10:\"04-25-2026\";i:3;s:10:\"04-26-2026\";i:1;s:10:\"04-29-2026\";i:2;s:10:\"04-30-2026\";i:1;}"],"houzez_recently_viewed":["2026-04-30 07:48:20"],"_edit_last":["1"],"rs_page_bg_color":[""],"_wpml_media_has_media":["1"],"_edit_lock":["1760075347:1"]},"yoast_head":"<!-- This site is optimized with the Yoast SEO plugin v27.5 - https:\/\/yoast.com\/product\/yoast-seo-wordpress\/ -->\n<title>52 hect\u00e1reas en Costa Rica \u2013 Brymmo<\/title>\n<meta name=\"description\" content=\"Descubra con Brymmo una propiedad \u00fanica de 52 hect\u00e1reas en Costa Rica: selva primaria, Oc\u00e9ano Pac\u00edfico, cascada y potencial ilimitado.\" \/>\n<meta name=\"robots\" content=\"index, follow, max-snippet:-1, max-image-preview:large, max-video-preview:-1\" \/>\n<link rel=\"canonical\" href=\"https:\/\/www.brymmo.ch\/es\/property\/52-hectareas-entre-selva-oceano\/\" \/>\n<meta property=\"og:locale\" content=\"es_ES\" \/>\n<meta property=\"og:type\" content=\"article\" \/>\n<meta property=\"og:title\" content=\"52 hect\u00e1reas en Costa Rica \u2013 Brymmo\" \/>\n<meta property=\"og:description\" content=\"Descubra con Brymmo una propiedad \u00fanica de 52 hect\u00e1reas en Costa Rica: selva primaria, Oc\u00e9ano Pac\u00edfico, cascada y potencial ilimitado.\" \/>\n<meta property=\"og:url\" content=\"https:\/\/www.brymmo.ch\/es\/property\/52-hectareas-entre-selva-oceano\/\" \/>\n<meta property=\"og:site_name\" content=\"BRYMMO\" \/>\n<meta property=\"article:modified_time\" content=\"2025-10-10T05:49:07+00:00\" \/>\n<meta property=\"og:image\" content=\"https:\/\/www.brymmo.ch\/wp-content\/uploads\/2025\/09\/11.webp\" \/>\n\t<meta property=\"og:image:width\" content=\"1920\" \/>\n\t<meta property=\"og:image:height\" content=\"1080\" \/>\n\t<meta property=\"og:image:type\" content=\"image\/jpeg\" \/>\n<meta name=\"twitter:card\" content=\"summary_large_image\" \/>\n<meta name=\"twitter:label1\" content=\"Tiempo de lectura\" \/>\n\t<meta name=\"twitter:data1\" content=\"2 minutos\" \/>\n<script type=\"application\/ld+json\" class=\"yoast-schema-graph\">{\"@context\":\"https:\\\/\\\/schema.org\",\"@graph\":[{\"@type\":\"WebPage\",\"@id\":\"https:\\\/\\\/www.brymmo.ch\\\/es\\\/property\\\/52-hectareas-entre-selva-oceano\\\/\",\"url\":\"https:\\\/\\\/www.brymmo.ch\\\/es\\\/property\\\/52-hectareas-entre-selva-oceano\\\/\",\"name\":\"52 hect\u00e1reas en Costa Rica \u2013 Brymmo\",\"isPartOf\":{\"@id\":\"https:\\\/\\\/www.brymmo.ch\\\/es\\\/#website\"},\"primaryImageOfPage\":{\"@id\":\"https:\\\/\\\/www.brymmo.ch\\\/es\\\/property\\\/52-hectareas-entre-selva-oceano\\\/#primaryimage\"},\"image\":{\"@id\":\"https:\\\/\\\/www.brymmo.ch\\\/es\\\/property\\\/52-hectareas-entre-selva-oceano\\\/#primaryimage\"},\"thumbnailUrl\":\"https:\\\/\\\/www.brymmo.ch\\\/wp-content\\\/uploads\\\/2025\\\/09\\\/11.webp\",\"datePublished\":\"2025-09-04T15:09:55+00:00\",\"dateModified\":\"2025-10-10T05:49:07+00:00\",\"description\":\"Descubra con Brymmo una propiedad \u00fanica de 52 hect\u00e1reas en Costa Rica: selva primaria, Oc\u00e9ano Pac\u00edfico, cascada y potencial ilimitado.\",\"breadcrumb\":{\"@id\":\"https:\\\/\\\/www.brymmo.ch\\\/es\\\/property\\\/52-hectareas-entre-selva-oceano\\\/#breadcrumb\"},\"inLanguage\":\"es\",\"potentialAction\":[{\"@type\":\"ReadAction\",\"target\":[\"https:\\\/\\\/www.brymmo.ch\\\/es\\\/property\\\/52-hectareas-entre-selva-oceano\\\/\"]}]},{\"@type\":\"ImageObject\",\"inLanguage\":\"es\",\"@id\":\"https:\\\/\\\/www.brymmo.ch\\\/es\\\/property\\\/52-hectareas-entre-selva-oceano\\\/#primaryimage\",\"url\":\"https:\\\/\\\/www.brymmo.ch\\\/wp-content\\\/uploads\\\/2025\\\/09\\\/11.webp\",\"contentUrl\":\"https:\\\/\\\/www.brymmo.ch\\\/wp-content\\\/uploads\\\/2025\\\/09\\\/11.webp\",\"width\":1920,\"height\":1080},{\"@type\":\"BreadcrumbList\",\"@id\":\"https:\\\/\\\/www.brymmo.ch\\\/es\\\/property\\\/52-hectareas-entre-selva-oceano\\\/#breadcrumb\",\"itemListElement\":[{\"@type\":\"ListItem\",\"position\":1,\"name\":\"Accueil\",\"item\":\"https:\\\/\\\/www.brymmo.ch\\\/es\\\/\"},{\"@type\":\"ListItem\",\"position\":2,\"name\":\"Propiedades\",\"item\":\"https:\\\/\\\/www.brymmo.ch\\\/es\\\/property\\\/\"},{\"@type\":\"ListItem\",\"position\":3,\"name\":\"52 hect\u00e1reas entre selva, oc\u00e9ano y cascada \u2013 Oportunidad \u00fanica en Costa Rica\"}]},{\"@type\":\"WebSite\",\"@id\":\"https:\\\/\\\/www.brymmo.ch\\\/es\\\/#website\",\"url\":\"https:\\\/\\\/www.brymmo.ch\\\/es\\\/\",\"name\":\"BRYMMO\",\"description\":\"Agence immobili\u00e8re \u00e0 Lausanne | BRYMMO\",\"potentialAction\":[{\"@type\":\"SearchAction\",\"target\":{\"@type\":\"EntryPoint\",\"urlTemplate\":\"https:\\\/\\\/www.brymmo.ch\\\/es\\\/?s={search_term_string}\"},\"query-input\":{\"@type\":\"PropertyValueSpecification\",\"valueRequired\":true,\"valueName\":\"search_term_string\"}}],\"inLanguage\":\"es\"}]}<\/script>\n<!-- \/ Yoast SEO plugin. -->","yoast_head_json":{"title":"52 hect\u00e1reas en Costa Rica \u2013 Brymmo","description":"Descubra con Brymmo una propiedad \u00fanica de 52 hect\u00e1reas en Costa Rica: selva primaria, Oc\u00e9ano Pac\u00edfico, cascada y potencial ilimitado.","robots":{"index":"index","follow":"follow","max-snippet":"max-snippet:-1","max-image-preview":"max-image-preview:large","max-video-preview":"max-video-preview:-1"},"canonical":"https:\/\/www.brymmo.ch\/es\/property\/52-hectareas-entre-selva-oceano\/","og_locale":"es_ES","og_type":"article","og_title":"52 hect\u00e1reas en Costa Rica \u2013 Brymmo","og_description":"Descubra con Brymmo una propiedad \u00fanica de 52 hect\u00e1reas en Costa Rica: selva primaria, Oc\u00e9ano Pac\u00edfico, cascada y potencial ilimitado.","og_url":"https:\/\/www.brymmo.ch\/es\/property\/52-hectareas-entre-selva-oceano\/","og_site_name":"BRYMMO","article_modified_time":"2025-10-10T05:49:07+00:00","og_image":[{"width":1920,"height":1080,"url":"https:\/\/www.brymmo.ch\/wp-content\/uploads\/2025\/09\/11.webp","type":"image\/jpeg"}],"twitter_card":"summary_large_image","twitter_misc":{"Tiempo de lectura":"2 minutos"},"schema":{"@context":"https:\/\/schema.org","@graph":[{"@type":"WebPage","@id":"https:\/\/www.brymmo.ch\/es\/property\/52-hectareas-entre-selva-oceano\/","url":"https:\/\/www.brymmo.ch\/es\/property\/52-hectareas-entre-selva-oceano\/","name":"52 hect\u00e1reas en Costa Rica \u2013 Brymmo","isPartOf":{"@id":"https:\/\/www.brymmo.ch\/es\/#website"},"primaryImageOfPage":{"@id":"https:\/\/www.brymmo.ch\/es\/property\/52-hectareas-entre-selva-oceano\/#primaryimage"},"image":{"@id":"https:\/\/www.brymmo.ch\/es\/property\/52-hectareas-entre-selva-oceano\/#primaryimage"},"thumbnailUrl":"https:\/\/www.brymmo.ch\/wp-content\/uploads\/2025\/09\/11.webp","datePublished":"2025-09-04T15:09:55+00:00","dateModified":"2025-10-10T05:49:07+00:00","description":"Descubra con Brymmo una propiedad \u00fanica de 52 hect\u00e1reas en Costa Rica: selva primaria, Oc\u00e9ano Pac\u00edfico, cascada y potencial ilimitado.","breadcrumb":{"@id":"https:\/\/www.brymmo.ch\/es\/property\/52-hectareas-entre-selva-oceano\/#breadcrumb"},"inLanguage":"es","potentialAction":[{"@type":"ReadAction","target":["https:\/\/www.brymmo.ch\/es\/property\/52-hectareas-entre-selva-oceano\/"]}]},{"@type":"ImageObject","inLanguage":"es","@id":"https:\/\/www.brymmo.ch\/es\/property\/52-hectareas-entre-selva-oceano\/#primaryimage","url":"https:\/\/www.brymmo.ch\/wp-content\/uploads\/2025\/09\/11.webp","contentUrl":"https:\/\/www.brymmo.ch\/wp-content\/uploads\/2025\/09\/11.webp","width":1920,"height":1080},{"@type":"BreadcrumbList","@id":"https:\/\/www.brymmo.ch\/es\/property\/52-hectareas-entre-selva-oceano\/#breadcrumb","itemListElement":[{"@type":"ListItem","position":1,"name":"Accueil","item":"https:\/\/www.brymmo.ch\/es\/"},{"@type":"ListItem","position":2,"name":"Propiedades","item":"https:\/\/www.brymmo.ch\/es\/property\/"},{"@type":"ListItem","position":3,"name":"52 hect\u00e1reas entre selva, oc\u00e9ano y cascada \u2013 Oportunidad \u00fanica en Costa Rica"}]},{"@type":"WebSite","@id":"https:\/\/www.brymmo.ch\/es\/#website","url":"https:\/\/www.brymmo.ch\/es\/","name":"BRYMMO","description":"Agence immobili\u00e8re \u00e0 Lausanne | BRYMMO","potentialAction":[{"@type":"SearchAction","target":{"@type":"EntryPoint","urlTemplate":"https:\/\/www.brymmo.ch\/es\/?s={search_term_string}"},"query-input":{"@type":"PropertyValueSpecification","valueRequired":true,"valueName":"search_term_string"}}],"inLanguage":"es"}]}},"_links":{"self":[{"href":"https:\/\/www.brymmo.ch\/es\/wp-json\/wp\/v2\/properties\/34659","targetHints":{"allow":["GET"]}}],"collection":[{"href":"https:\/\/www.brymmo.ch\/es\/wp-json\/wp\/v2\/properties"}],"about":[{"href":"https:\/\/www.brymmo.ch\/es\/wp-json\/wp\/v2\/types\/property"}],"author":[{"embeddable":true,"href":"https:\/\/www.brymmo.ch\/es\/wp-json\/wp\/v2\/users\/1"}],"version-history":[{"count":1,"href":"https:\/\/www.brymmo.ch\/es\/wp-json\/wp\/v2\/properties\/34659\/revisions"}],"predecessor-version":[{"id":34672,"href":"https:\/\/www.brymmo.ch\/es\/wp-json\/wp\/v2\/properties\/34659\/revisions\/34672"}],"wp:featuredmedia":[{"embeddable":true,"href":"https:\/\/www.brymmo.ch\/es\/wp-json\/wp\/v2\/media\/34630"}],"wp:attachment":[{"href":"https:\/\/www.brymmo.ch\/es\/wp-json\/wp\/v2\/media?parent=34659"}],"wp:term":[{"taxonomy":"property_type","embeddable":true,"href":"https:\/\/www.brymmo.ch\/es\/wp-json\/wp\/v2\/property_type?post=34659"},{"taxonomy":"property_status","embeddable":true,"href":"https:\/\/www.brymmo.ch\/es\/wp-json\/wp\/v2\/property_status?post=34659"},{"taxonomy":"property_feature","embeddable":true,"href":"https:\/\/www.brymmo.ch\/es\/wp-json\/wp\/v2\/property_feature?post=34659"},{"taxonomy":"property_label","embeddable":true,"href":"https:\/\/www.brymmo.ch\/es\/wp-json\/wp\/v2\/property_label?post=34659"},{"taxonomy":"property_city","embeddable":true,"href":"https:\/\/www.brymmo.ch\/es\/wp-json\/wp\/v2\/property_city?post=34659"},{"taxonomy":"property_area","embeddable":true,"href":"https:\/\/www.brymmo.ch\/es\/wp-json\/wp\/v2\/property_area?post=34659"}],"curies":[{"name":"wp","href":"https:\/\/api.w.org\/{rel}","templated":true}]}}