{"id":35257,"date":"2025-10-05T21:23:52","date_gmt":"2025-10-05T19:23:52","guid":{"rendered":"https:\/\/www.brymmo.ch\/property\/casa-adosada-en-gland-5-5-habitaciones-en-el-centro-de-la-ciudad-rara-en-el-mercado\/"},"modified":"2025-10-06T12:39:45","modified_gmt":"2025-10-06T10:39:45","slug":"casa-adosada-en-gland","status":"publish","type":"property","link":"https:\/\/www.brymmo.ch\/es\/property\/casa-adosada-en-gland\/","title":{"rendered":"Casa adosada en Gland \u2013 5.5 habitaciones en el centro de la ciudad \u2013 rara en el mercado"},"content":{"rendered":"\n<h2 class=\"wp-block-heading\"><strong>PRESENTACI\u00d3N DE LA CASA<\/strong><\/h2>\n\n<p>Descubre esta espaciosa y luminosa casa adosada de 5.5 habitaciones, idealmente situada en el coraz\u00f3n de Gland, a pocos pasos de la estaci\u00f3n, tiendas, escuelas y todas las comodidades urbanas. Construida en 2003, ofrece un entorno de vida moderno, pr\u00e1ctico y c\u00f3modo, perfecto para una familia o pareja que busca combinar confort y cercan\u00eda. <\/p>\n\n<h3 class=\"wp-block-heading\"><strong>Superficie y distribuci\u00f3n:<\/strong><\/h3>\n\n<p>160 m\u00b2 habitables distribuidos en 3 niveles + s\u00f3tano y garajes<br\/>250 m\u00b2 totales \u00fatiles, con amplios espacios y m\u00faltiples posibilidades de distribuci\u00f3n<br\/>Sal\u00f3n luminoso con amplia sala de estar, cocina abierta totalmente equipada, comedor acogedor y chimenea<br\/>3\u20134 dormitorios confortables, incluida una suite principal con ba\u00f1o privado<br\/>2 ba\u00f1os adicionales y 1 aseo de cortes\u00eda<br\/>S\u00f3tano adaptable (sala de juegos, oficina o trastero)<br\/>Jard\u00edn privado ideal para comidas al aire libre y momentos de relax<br\/>Garaje muy amplio<\/p>\n\n<h3 class=\"wp-block-heading\"><strong>Ubicaci\u00f3n y estilo de vida:<\/strong><\/h3>\n\n<p>La ubicaci\u00f3n de esta casa adosada es uno de sus principales puntos fuertes. Situada en pleno centro de Gland, ofrece acceso inmediato a todas las comodidades: <\/p>\n\n<p>Estaci\u00f3n de tren a pocos minutos a pie<br\/>Tiendas, escuelas y servicios muy cerca<br\/>Acceso r\u00e1pido al transporte p\u00fablico y a las principales carreteras<\/p>\n\n<p>Disfruta de un estilo de vida urbano din\u00e1mico manteniendo el confort familiar y una calidad de vida excepcional.<\/p>\n\n<h3 class=\"wp-block-heading\"><strong>Puntos destacados:<\/strong><\/h3>\n\n<p>Ubicaci\u00f3n c\u00e9ntrica y muy buscada<br\/>Espacios generosos y mucha luz natural<br\/>Jard\u00edn privado y agradables zonas exteriores<br\/>S\u00f3tano vers\u00e1til con muchas posibilidades y gran garaje<br\/>Proximidad inmediata a todas las comodidades<\/p>\n\n<p>Una propiedad rara en el mercado, ideal para quienes buscan una casa familiar espaciosa en pleno centro sin renunciar al confort ni a la calidad de vida.<\/p>\n\n<p><strong>Disponibilidad: A partir de diciembre de 2025<\/strong><\/p>\n\n<p>Obtenga m\u00e1s informaci\u00f3n sobre la ciudad de <a href=\"https:\/\/www.gland.ch\/accueil\">Gland<\/a> o sobre nuestras otras <a href=\"https:\/\/www.brymmo.ch\/es\/venta\/\">propiedades<\/a><\/p>\n\n<p><\/p>\n","protected":false},"excerpt":{"rendered":"<p>PRESENTACI\u00d3N DE LA CASA Descubre esta espaciosa y luminosa casa adosada de 5.5 habitaciones, idealmente situada en el coraz\u00f3n de Gland, a pocos pasos de la estaci\u00f3n, tiendas, escuelas y todas las comodidades urbanas. Construida en 2003, ofrece un entorno de vida moderno, pr\u00e1ctico y c\u00f3modo, perfecto para una familia o pareja que busca combinar [&hellip;]<\/p>\n","protected":false},"author":1,"featured_media":37434,"parent":0,"menu_order":0,"template":"","property_type":[557],"property_status":[505],"property_feature":[473,813,859,689,481,772,676,778,497,806,799,808,679,883,810,881,809,774,687,882,682,819,680,802,686,681,775,683,821,801,800,781],"property_label":[],"property_city":[880],"property_area":[376],"class_list":["post-35257","property","type-property","status-publish","has-post-thumbnail","hentry","property_type-casa","property_status-en-venta","property_feature-2-bodegas-espaciosas","property_feature-accesibilidad","property_feature-aparcamiento-para-bicicletas","property_feature-area-de-juegos","property_feature-armarios-empotrados","property_feature-bano-para-visitantes","property_feature-barbacoa","property_feature-bien-comunicado-con-transporte-publico","property_feature-bodega-de-vinos","property_feature-calefaccion-de-gas","property_feature-calefaccion-de-lena","property_feature-chimenea","property_feature-congelador","property_feature-estufa-de-lena","property_feature-garaje-para-hasta-2-coches","property_feature-garajes-integrados","property_feature-gran-sotano","property_feature-horno","property_feature-ideal-para-familias-y-ninos","property_feature-jacuzzi","property_feature-lavadora-y-secadora","property_feature-lavanderia-privada","property_feature-lavavajillas","property_feature-multiples-opciones-de-almacenamiento","property_feature-muy-luminoso","property_feature-placas-vitroceramicas","property_feature-plazas-de-aparcamiento-para-visitantes","property_feature-refrigerador-americano","property_feature-television-por-cable","property_feature-terraza-cubierta","property_feature-terraza-espaciosa","property_feature-transporte-publico","property_city-gland","property_area-vaud"],"aioseo_notices":[],"property_meta":{"fave_featured":["0"],"houzez_featured_listing_date":[""],"fave_property_images":["35172","37401","37429","37402","37428","37403","37406","37407","37410","37412","37414","37418","37419","37420","37421","37422","37423","37424","37426"],"fave_agent_display_option":["agent_info"],"fave_agents":["150"],"fave_single_top_area":["global"],"_top_nav_excluded":[""],"_cms_nav_minihome":[""],"_yoast_wpseo_title":["Se vende casa adosada en Gland - Brymmo"],"_yoast_wpseo_metadesc":["Casa adosada en Gland - Descubra esta espaciosa y luminosa casa adosada de 5,5 habitaciones, idealmente ubicada en el coraz\u00f3n de la ciudad de Gland..."],"_yoast_wpseo_focuskw":["Casa adosada en Gland"],"fave_property_price":["1850000"],"fave_property_size":["250"],"fave_property_size_prefix":["m\u00b2"],"fave_property_bedrooms":["3-4"],"fave_property_bathrooms":["3"],"fave_property_rooms":["5.5"],"fave_property_garage":["3"],"fave_property_year":["2003"],"fave_property_id":["M.1196.1509.HW"],"fave_property_map":["1"],"fave_property_location":["46.422991907429,6.2670632670899,11"],"houzez_geolocation_lat":["46.422991907429"],"houzez_geolocation_long":["6.2670632670899"],"fave_property_map_street_view":["esconder"],"fave_property_zip":["1196 Gland"],"fave_video_url":["https:\/\/youtu.be\/QYVxzoV_qdM"],"fave_virtual_tour":["https:\/\/my.matterport.com\/show\/?m=Sf9YBst81uk"],"fave_prop_homeslider":["yes"],"_thumbnail_id":["37434"],"_last_translation_edit_mode":["translation-editor"],"_wpml_word_count":["332"],"houzez_total_property_views":["325"],"houzez_views_by_date":["a:61:{s:10:\"01-23-2026\";i:2;s:10:\"01-26-2026\";i:1;s:10:\"01-27-2026\";i:5;s:10:\"01-28-2026\";i:1;s:10:\"01-29-2026\";i:4;s:10:\"01-30-2026\";i:3;s:10:\"01-31-2026\";i:1;s:10:\"02-03-2026\";i:1;s:10:\"02-05-2026\";i:1;s:10:\"02-06-2026\";i:2;s:10:\"02-07-2026\";i:1;s:10:\"02-09-2026\";i:1;s:10:\"02-10-2026\";i:3;s:10:\"02-11-2026\";i:3;s:10:\"02-12-2026\";i:1;s:10:\"02-15-2026\";i:1;s:10:\"02-16-2026\";i:1;s:10:\"02-18-2026\";i:2;s:10:\"02-20-2026\";i:1;s:10:\"02-23-2026\";i:1;s:10:\"02-24-2026\";i:1;s:10:\"02-26-2026\";i:1;s:10:\"02-27-2026\";i:1;s:10:\"03-01-2026\";i:2;s:10:\"03-02-2026\";i:1;s:10:\"03-06-2026\";i:2;s:10:\"03-07-2026\";i:3;s:10:\"03-08-2026\";i:1;s:10:\"03-09-2026\";i:1;s:10:\"03-10-2026\";i:2;s:10:\"03-12-2026\";i:3;s:10:\"03-13-2026\";i:2;s:10:\"03-14-2026\";i:1;s:10:\"03-19-2026\";i:2;s:10:\"03-22-2026\";i:1;s:10:\"03-23-2026\";i:1;s:10:\"03-24-2026\";i:3;s:10:\"03-25-2026\";i:1;s:10:\"03-27-2026\";i:1;s:10:\"03-28-2026\";i:2;s:10:\"03-29-2026\";i:2;s:10:\"03-31-2026\";i:1;s:10:\"04-02-2026\";i:1;s:10:\"04-03-2026\";i:1;s:10:\"04-06-2026\";i:2;s:10:\"04-07-2026\";i:1;s:10:\"04-08-2026\";i:1;s:10:\"04-09-2026\";i:1;s:10:\"04-11-2026\";i:2;s:10:\"04-12-2026\";i:1;s:10:\"04-13-2026\";i:1;s:10:\"04-15-2026\";i:1;s:10:\"04-18-2026\";i:1;s:10:\"04-19-2026\";i:1;s:10:\"04-21-2026\";i:1;s:10:\"04-23-2026\";i:1;s:10:\"04-24-2026\";i:1;s:10:\"04-25-2026\";i:3;s:10:\"04-29-2026\";i:2;s:10:\"04-30-2026\";i:1;s:10:\"05-01-2026\";i:1;}"],"houzez_recently_viewed":["2026-05-01 14:14:08"],"_edit_last":["1"],"rs_page_bg_color":[""],"_wpml_media_has_media":["1"],"_edit_lock":["1759747185:1"],"_elementor_page_assets":["a:0:{}"]},"yoast_head":"<!-- This site is optimized with the Yoast SEO plugin v27.5 - https:\/\/yoast.com\/product\/yoast-seo-wordpress\/ -->\n<title>Se vende casa adosada en Gland - Brymmo<\/title>\n<meta name=\"description\" content=\"Casa adosada en Gland - Descubra esta espaciosa y luminosa casa adosada de 5,5 habitaciones, idealmente ubicada en el coraz\u00f3n de la ciudad de Gland...\" \/>\n<meta name=\"robots\" content=\"index, follow, max-snippet:-1, max-image-preview:large, max-video-preview:-1\" \/>\n<link rel=\"canonical\" href=\"https:\/\/www.brymmo.ch\/es\/property\/casa-adosada-en-gland\/\" \/>\n<meta property=\"og:locale\" content=\"es_ES\" \/>\n<meta property=\"og:type\" content=\"article\" \/>\n<meta property=\"og:title\" content=\"Se vende casa adosada en Gland - Brymmo\" \/>\n<meta property=\"og:description\" content=\"Casa adosada en Gland - Descubra esta espaciosa y luminosa casa adosada de 5,5 habitaciones, idealmente ubicada en el coraz\u00f3n de la ciudad de Gland...\" \/>\n<meta property=\"og:url\" content=\"https:\/\/www.brymmo.ch\/es\/property\/casa-adosada-en-gland\/\" \/>\n<meta property=\"og:site_name\" content=\"BRYMMO\" \/>\n<meta property=\"article:modified_time\" content=\"2025-10-06T10:39:45+00:00\" \/>\n<meta property=\"og:image\" content=\"https:\/\/www.brymmo.ch\/wp-content\/uploads\/2025\/10\/Maison-Gland9.webp\" \/>\n\t<meta property=\"og:image:width\" content=\"1920\" \/>\n\t<meta property=\"og:image:height\" content=\"1080\" \/>\n\t<meta property=\"og:image:type\" content=\"image\/jpeg\" \/>\n<meta name=\"twitter:card\" content=\"summary_large_image\" \/>\n<meta name=\"twitter:label1\" content=\"Tiempo de lectura\" \/>\n\t<meta name=\"twitter:data1\" content=\"2 minutos\" \/>\n<script type=\"application\/ld+json\" class=\"yoast-schema-graph\">{\"@context\":\"https:\\\/\\\/schema.org\",\"@graph\":[{\"@type\":\"WebPage\",\"@id\":\"https:\\\/\\\/www.brymmo.ch\\\/es\\\/property\\\/casa-adosada-en-gland\\\/\",\"url\":\"https:\\\/\\\/www.brymmo.ch\\\/es\\\/property\\\/casa-adosada-en-gland\\\/\",\"name\":\"Se vende casa adosada en Gland - Brymmo\",\"isPartOf\":{\"@id\":\"https:\\\/\\\/www.brymmo.ch\\\/es\\\/#website\"},\"primaryImageOfPage\":{\"@id\":\"https:\\\/\\\/www.brymmo.ch\\\/es\\\/property\\\/casa-adosada-en-gland\\\/#primaryimage\"},\"image\":{\"@id\":\"https:\\\/\\\/www.brymmo.ch\\\/es\\\/property\\\/casa-adosada-en-gland\\\/#primaryimage\"},\"thumbnailUrl\":\"https:\\\/\\\/www.brymmo.ch\\\/wp-content\\\/uploads\\\/2025\\\/10\\\/78.webp\",\"datePublished\":\"2025-10-05T19:23:52+00:00\",\"dateModified\":\"2025-10-06T10:39:45+00:00\",\"description\":\"Casa adosada en Gland - Descubra esta espaciosa y luminosa casa adosada de 5,5 habitaciones, idealmente ubicada en el coraz\u00f3n de la ciudad de Gland...\",\"breadcrumb\":{\"@id\":\"https:\\\/\\\/www.brymmo.ch\\\/es\\\/property\\\/casa-adosada-en-gland\\\/#breadcrumb\"},\"inLanguage\":\"es\",\"potentialAction\":[{\"@type\":\"ReadAction\",\"target\":[\"https:\\\/\\\/www.brymmo.ch\\\/es\\\/property\\\/casa-adosada-en-gland\\\/\"]}]},{\"@type\":\"ImageObject\",\"inLanguage\":\"es\",\"@id\":\"https:\\\/\\\/www.brymmo.ch\\\/es\\\/property\\\/casa-adosada-en-gland\\\/#primaryimage\",\"url\":\"https:\\\/\\\/www.brymmo.ch\\\/wp-content\\\/uploads\\\/2025\\\/10\\\/78.webp\",\"contentUrl\":\"https:\\\/\\\/www.brymmo.ch\\\/wp-content\\\/uploads\\\/2025\\\/10\\\/78.webp\",\"width\":1920,\"height\":1080},{\"@type\":\"BreadcrumbList\",\"@id\":\"https:\\\/\\\/www.brymmo.ch\\\/es\\\/property\\\/casa-adosada-en-gland\\\/#breadcrumb\",\"itemListElement\":[{\"@type\":\"ListItem\",\"position\":1,\"name\":\"Accueil\",\"item\":\"https:\\\/\\\/www.brymmo.ch\\\/es\\\/\"},{\"@type\":\"ListItem\",\"position\":2,\"name\":\"Propiedades\",\"item\":\"https:\\\/\\\/www.brymmo.ch\\\/es\\\/property\\\/\"},{\"@type\":\"ListItem\",\"position\":3,\"name\":\"Casa adosada en Gland \u2013 5.5 habitaciones en el centro de la ciudad \u2013 rara en el mercado\"}]},{\"@type\":\"WebSite\",\"@id\":\"https:\\\/\\\/www.brymmo.ch\\\/es\\\/#website\",\"url\":\"https:\\\/\\\/www.brymmo.ch\\\/es\\\/\",\"name\":\"BRYMMO\",\"description\":\"Agence immobili\u00e8re \u00e0 Lausanne | BRYMMO\",\"potentialAction\":[{\"@type\":\"SearchAction\",\"target\":{\"@type\":\"EntryPoint\",\"urlTemplate\":\"https:\\\/\\\/www.brymmo.ch\\\/es\\\/?s={search_term_string}\"},\"query-input\":{\"@type\":\"PropertyValueSpecification\",\"valueRequired\":true,\"valueName\":\"search_term_string\"}}],\"inLanguage\":\"es\"}]}<\/script>\n<!-- \/ Yoast SEO plugin. -->","yoast_head_json":{"title":"Se vende casa adosada en Gland - Brymmo","description":"Casa adosada en Gland - Descubra esta espaciosa y luminosa casa adosada de 5,5 habitaciones, idealmente ubicada en el coraz\u00f3n de la ciudad de Gland...","robots":{"index":"index","follow":"follow","max-snippet":"max-snippet:-1","max-image-preview":"max-image-preview:large","max-video-preview":"max-video-preview:-1"},"canonical":"https:\/\/www.brymmo.ch\/es\/property\/casa-adosada-en-gland\/","og_locale":"es_ES","og_type":"article","og_title":"Se vende casa adosada en Gland - Brymmo","og_description":"Casa adosada en Gland - Descubra esta espaciosa y luminosa casa adosada de 5,5 habitaciones, idealmente ubicada en el coraz\u00f3n de la ciudad de Gland...","og_url":"https:\/\/www.brymmo.ch\/es\/property\/casa-adosada-en-gland\/","og_site_name":"BRYMMO","article_modified_time":"2025-10-06T10:39:45+00:00","og_image":[{"width":1920,"height":1080,"url":"https:\/\/www.brymmo.ch\/wp-content\/uploads\/2025\/10\/Maison-Gland9.webp","type":"image\/jpeg"}],"twitter_card":"summary_large_image","twitter_misc":{"Tiempo de lectura":"2 minutos"},"schema":{"@context":"https:\/\/schema.org","@graph":[{"@type":"WebPage","@id":"https:\/\/www.brymmo.ch\/es\/property\/casa-adosada-en-gland\/","url":"https:\/\/www.brymmo.ch\/es\/property\/casa-adosada-en-gland\/","name":"Se vende casa adosada en Gland - Brymmo","isPartOf":{"@id":"https:\/\/www.brymmo.ch\/es\/#website"},"primaryImageOfPage":{"@id":"https:\/\/www.brymmo.ch\/es\/property\/casa-adosada-en-gland\/#primaryimage"},"image":{"@id":"https:\/\/www.brymmo.ch\/es\/property\/casa-adosada-en-gland\/#primaryimage"},"thumbnailUrl":"https:\/\/www.brymmo.ch\/wp-content\/uploads\/2025\/10\/78.webp","datePublished":"2025-10-05T19:23:52+00:00","dateModified":"2025-10-06T10:39:45+00:00","description":"Casa adosada en Gland - Descubra esta espaciosa y luminosa casa adosada de 5,5 habitaciones, idealmente ubicada en el coraz\u00f3n de la ciudad de Gland...","breadcrumb":{"@id":"https:\/\/www.brymmo.ch\/es\/property\/casa-adosada-en-gland\/#breadcrumb"},"inLanguage":"es","potentialAction":[{"@type":"ReadAction","target":["https:\/\/www.brymmo.ch\/es\/property\/casa-adosada-en-gland\/"]}]},{"@type":"ImageObject","inLanguage":"es","@id":"https:\/\/www.brymmo.ch\/es\/property\/casa-adosada-en-gland\/#primaryimage","url":"https:\/\/www.brymmo.ch\/wp-content\/uploads\/2025\/10\/78.webp","contentUrl":"https:\/\/www.brymmo.ch\/wp-content\/uploads\/2025\/10\/78.webp","width":1920,"height":1080},{"@type":"BreadcrumbList","@id":"https:\/\/www.brymmo.ch\/es\/property\/casa-adosada-en-gland\/#breadcrumb","itemListElement":[{"@type":"ListItem","position":1,"name":"Accueil","item":"https:\/\/www.brymmo.ch\/es\/"},{"@type":"ListItem","position":2,"name":"Propiedades","item":"https:\/\/www.brymmo.ch\/es\/property\/"},{"@type":"ListItem","position":3,"name":"Casa adosada en Gland \u2013 5.5 habitaciones en el centro de la ciudad \u2013 rara en el mercado"}]},{"@type":"WebSite","@id":"https:\/\/www.brymmo.ch\/es\/#website","url":"https:\/\/www.brymmo.ch\/es\/","name":"BRYMMO","description":"Agence immobili\u00e8re \u00e0 Lausanne | BRYMMO","potentialAction":[{"@type":"SearchAction","target":{"@type":"EntryPoint","urlTemplate":"https:\/\/www.brymmo.ch\/es\/?s={search_term_string}"},"query-input":{"@type":"PropertyValueSpecification","valueRequired":true,"valueName":"search_term_string"}}],"inLanguage":"es"}]}},"_links":{"self":[{"href":"https:\/\/www.brymmo.ch\/es\/wp-json\/wp\/v2\/properties\/35257","targetHints":{"allow":["GET"]}}],"collection":[{"href":"https:\/\/www.brymmo.ch\/es\/wp-json\/wp\/v2\/properties"}],"about":[{"href":"https:\/\/www.brymmo.ch\/es\/wp-json\/wp\/v2\/types\/property"}],"author":[{"embeddable":true,"href":"https:\/\/www.brymmo.ch\/es\/wp-json\/wp\/v2\/users\/1"}],"version-history":[{"count":1,"href":"https:\/\/www.brymmo.ch\/es\/wp-json\/wp\/v2\/properties\/35257\/revisions"}],"predecessor-version":[{"id":35282,"href":"https:\/\/www.brymmo.ch\/es\/wp-json\/wp\/v2\/properties\/35257\/revisions\/35282"}],"wp:featuredmedia":[{"embeddable":true,"href":"https:\/\/www.brymmo.ch\/es\/wp-json\/wp\/v2\/media\/37434"}],"wp:attachment":[{"href":"https:\/\/www.brymmo.ch\/es\/wp-json\/wp\/v2\/media?parent=35257"}],"wp:term":[{"taxonomy":"property_type","embeddable":true,"href":"https:\/\/www.brymmo.ch\/es\/wp-json\/wp\/v2\/property_type?post=35257"},{"taxonomy":"property_status","embeddable":true,"href":"https:\/\/www.brymmo.ch\/es\/wp-json\/wp\/v2\/property_status?post=35257"},{"taxonomy":"property_feature","embeddable":true,"href":"https:\/\/www.brymmo.ch\/es\/wp-json\/wp\/v2\/property_feature?post=35257"},{"taxonomy":"property_label","embeddable":true,"href":"https:\/\/www.brymmo.ch\/es\/wp-json\/wp\/v2\/property_label?post=35257"},{"taxonomy":"property_city","embeddable":true,"href":"https:\/\/www.brymmo.ch\/es\/wp-json\/wp\/v2\/property_city?post=35257"},{"taxonomy":"property_area","embeddable":true,"href":"https:\/\/www.brymmo.ch\/es\/wp-json\/wp\/v2\/property_area?post=35257"}],"curies":[{"name":"wp","href":"https:\/\/api.w.org\/{rel}","templated":true}]}}