{"id":35806,"date":"2025-09-20T14:05:34","date_gmt":"2025-09-20T12:05:34","guid":{"rendered":"https:\/\/www.brymmo.ch\/property\/parcela-de-mas-de-1-000-m%c2%b2-con-casa-para-demoler-en-cully\/"},"modified":"2025-11-23T19:10:54","modified_gmt":"2025-11-23T18:10:54","slug":"parcela-de-mas-de-1-000-m%c2%b2-con-casa-para-demoler-en-cully","status":"publish","type":"property","link":"https:\/\/www.brymmo.ch\/es\/property\/parcela-de-mas-de-1-000-m%c2%b2-con-casa-para-demoler-en-cully\/","title":{"rendered":"Parcela de m\u00e1s de 1.000 m\u00b2 con casa para demoler en Cully"},"content":{"rendered":"\n<p>Idealmente situada, cerca del centro de Cully, esta propiedad ofrece un potencial \u00fanico: imagine construir la casa de sus sue\u00f1os en un terreno amplio, a solo unos minutos de la estaci\u00f3n y de todas las comodidades. Disfrute de una vista magn\u00edfica desde el interior, en un entorno tranquilo y privilegiado. \u00a1Una oportunidad rara!  <\/p>\n\n<p>Cont\u00e1ctenos ahora para obtener m\u00e1s informaci\u00f3n.<\/p>\n\n<p>M\u00e1s informaci\u00f3n <a href=\"https:\/\/www.b-e-l.ch\/fr\/actualit%C3%A9s\/news\/bienvenue-%C3%A0-cully\">sobre el municipio de Cully<\/a><\/p>\n\n<p><\/p>\n","protected":false},"excerpt":{"rendered":"<p>Idealmente situada, cerca del centro de Cully, esta propiedad ofrece un potencial \u00fanico: imagine construir la casa de sus sue\u00f1os en un terreno amplio, a solo unos minutos de la estaci\u00f3n y de todas las comodidades. Disfrute de una vista magn\u00edfica desde el interior, en un entorno tranquilo y privilegiado. \u00a1Una oportunidad rara! Cont\u00e1ctenos ahora [&hellip;]<\/p>\n","protected":false},"author":1,"featured_media":35802,"parent":0,"menu_order":0,"template":"","property_type":[561],"property_status":[537],"property_feature":[],"property_label":[448],"property_city":[901],"property_area":[376],"class_list":["post-35806","property","type-property","status-publish","has-post-thumbnail","hentry","property_type-terreno","property_status-vendido","property_label-demasiado-tarde","property_city-cully","property_area-vaud"],"aioseo_notices":[],"property_meta":{"fave_featured":["0"],"houzez_featured_listing_date":[""],"fave_property_images":["35598"],"fave_agent_display_option":["agent_info"],"fave_agents":["150"],"fave_single_top_area":["global"],"_top_nav_excluded":[""],"_cms_nav_minihome":[""],"_wp_page_template":["default"],"_yoast_wpseo_title":["Parcela de m\u00e1s de 1.000 m\u00b2 con casa para demoler en Cully \u2013 Brymmo"],"_yoast_wpseo_metadesc":["Parcela de m\u00e1s de 1.000 m\u00b2 con casa para demoler en Cully \u2013 Idealmente situada cerca del centro de Cully, esta propiedad ofrece\u2026"],"_yoast_wpseo_focuskw":["Parcela de m\u00e1s de 1.000 m\u00b2 con casa para demoler en Cully"],"fave_property_price_prefix":["1650000"],"fave_property_land":["+ 1'000"],"fave_property_land_postfix":["m\u00b2"],"fave_property_id":["M.1096.1309"],"fave_property_map":["1"],"fave_property_location":["46.4870896655,6.727802402832,12"],"houzez_geolocation_lat":["46.4870896655"],"houzez_geolocation_long":["6.727802402832"],"fave_property_map_street_view":["esconder"],"fave_property_zip":["1096 Cully"],"fave_prop_homeslider":["yes"],"_thumbnail_id":["35802"],"_last_translation_edit_mode":["translation-editor"],"_wpml_word_count":["82"],"houzez_total_property_views":["388"],"houzez_views_by_date":["a:61:{s:10:\"02-13-2026\";i:2;s:10:\"02-14-2026\";i:3;s:10:\"02-15-2026\";i:3;s:10:\"02-16-2026\";i:2;s:10:\"02-17-2026\";i:1;s:10:\"02-18-2026\";i:3;s:10:\"02-19-2026\";i:3;s:10:\"02-20-2026\";i:2;s:10:\"02-21-2026\";i:1;s:10:\"02-22-2026\";i:1;s:10:\"02-23-2026\";i:3;s:10:\"02-25-2026\";i:3;s:10:\"02-27-2026\";i:2;s:10:\"03-01-2026\";i:3;s:10:\"03-06-2026\";i:3;s:10:\"03-08-2026\";i:1;s:10:\"03-09-2026\";i:1;s:10:\"03-10-2026\";i:3;s:10:\"03-12-2026\";i:3;s:10:\"03-13-2026\";i:1;s:10:\"03-16-2026\";i:1;s:10:\"03-19-2026\";i:1;s:10:\"03-20-2026\";i:1;s:10:\"03-21-2026\";i:1;s:10:\"03-22-2026\";i:3;s:10:\"03-23-2026\";i:3;s:10:\"03-24-2026\";i:1;s:10:\"03-25-2026\";i:5;s:10:\"03-26-2026\";i:2;s:10:\"03-27-2026\";i:2;s:10:\"03-28-2026\";i:3;s:10:\"03-29-2026\";i:2;s:10:\"03-30-2026\";i:1;s:10:\"03-31-2026\";i:3;s:10:\"04-01-2026\";i:1;s:10:\"04-02-2026\";i:2;s:10:\"04-03-2026\";i:1;s:10:\"04-04-2026\";i:2;s:10:\"04-05-2026\";i:2;s:10:\"04-06-2026\";i:3;s:10:\"04-07-2026\";i:2;s:10:\"04-08-2026\";i:2;s:10:\"04-09-2026\";i:3;s:10:\"04-10-2026\";i:2;s:10:\"04-11-2026\";i:3;s:10:\"04-12-2026\";i:2;s:10:\"04-13-2026\";i:4;s:10:\"04-14-2026\";i:3;s:10:\"04-15-2026\";i:3;s:10:\"04-16-2026\";i:1;s:10:\"04-17-2026\";i:2;s:10:\"04-19-2026\";i:1;s:10:\"04-21-2026\";i:1;s:10:\"04-23-2026\";i:1;s:10:\"04-24-2026\";i:2;s:10:\"04-25-2026\";i:4;s:10:\"04-26-2026\";i:3;s:10:\"04-27-2026\";i:2;s:10:\"04-28-2026\";i:5;s:10:\"04-29-2026\";i:2;s:10:\"04-30-2026\";i:3;}"],"houzez_recently_viewed":["2026-04-30 22:28:57"]},"yoast_head":"<!-- This site is optimized with the Yoast SEO plugin v27.5 - https:\/\/yoast.com\/product\/yoast-seo-wordpress\/ -->\n<title>Parcela de m\u00e1s de 1.000 m\u00b2 con casa para demoler en Cully \u2013 Brymmo<\/title>\n<meta name=\"description\" content=\"Parcela de m\u00e1s de 1.000 m\u00b2 con casa para demoler en Cully \u2013 Idealmente situada cerca del centro de Cully, esta propiedad ofrece\u2026\" \/>\n<meta name=\"robots\" content=\"index, follow, max-snippet:-1, max-image-preview:large, max-video-preview:-1\" \/>\n<link rel=\"canonical\" href=\"https:\/\/www.brymmo.ch\/es\/property\/parcela-de-mas-de-1-000-m%c2%b2-con-casa-para-demoler-en-cully\/\" \/>\n<meta property=\"og:locale\" content=\"es_ES\" \/>\n<meta property=\"og:type\" content=\"article\" \/>\n<meta property=\"og:title\" content=\"Parcela de m\u00e1s de 1.000 m\u00b2 con casa para demoler en Cully \u2013 Brymmo\" \/>\n<meta property=\"og:description\" content=\"Parcela de m\u00e1s de 1.000 m\u00b2 con casa para demoler en Cully \u2013 Idealmente situada cerca del centro de Cully, esta propiedad ofrece\u2026\" \/>\n<meta property=\"og:url\" content=\"https:\/\/www.brymmo.ch\/es\/property\/parcela-de-mas-de-1-000-m%c2%b2-con-casa-para-demoler-en-cully\/\" \/>\n<meta property=\"og:site_name\" content=\"BRYMMO\" \/>\n<meta property=\"article:modified_time\" content=\"2025-11-23T18:10:54+00:00\" \/>\n<meta property=\"og:image\" content=\"https:\/\/www.brymmo.ch\/wp-content\/uploads\/2025\/11\/Cully-scaled.webp\" \/>\n\t<meta property=\"og:image:width\" content=\"1024\" \/>\n\t<meta property=\"og:image:height\" content=\"684\" \/>\n\t<meta property=\"og:image:type\" content=\"image\/jpeg\" \/>\n<meta name=\"twitter:card\" content=\"summary_large_image\" \/>\n<script type=\"application\/ld+json\" class=\"yoast-schema-graph\">{\"@context\":\"https:\\\/\\\/schema.org\",\"@graph\":[{\"@type\":\"WebPage\",\"@id\":\"https:\\\/\\\/www.brymmo.ch\\\/es\\\/property\\\/parcela-de-mas-de-1-000-m%c2%b2-con-casa-para-demoler-en-cully\\\/\",\"url\":\"https:\\\/\\\/www.brymmo.ch\\\/es\\\/property\\\/parcela-de-mas-de-1-000-m%c2%b2-con-casa-para-demoler-en-cully\\\/\",\"name\":\"Parcela de m\u00e1s de 1.000 m\u00b2 con casa para demoler en Cully \u2013 Brymmo\",\"isPartOf\":{\"@id\":\"https:\\\/\\\/www.brymmo.ch\\\/es\\\/#website\"},\"primaryImageOfPage\":{\"@id\":\"https:\\\/\\\/www.brymmo.ch\\\/es\\\/property\\\/parcela-de-mas-de-1-000-m%c2%b2-con-casa-para-demoler-en-cully\\\/#primaryimage\"},\"image\":{\"@id\":\"https:\\\/\\\/www.brymmo.ch\\\/es\\\/property\\\/parcela-de-mas-de-1-000-m%c2%b2-con-casa-para-demoler-en-cully\\\/#primaryimage\"},\"thumbnailUrl\":\"https:\\\/\\\/www.brymmo.ch\\\/wp-content\\\/uploads\\\/2025\\\/11\\\/Cully-scaled.webp\",\"datePublished\":\"2025-09-20T12:05:34+00:00\",\"dateModified\":\"2025-11-23T18:10:54+00:00\",\"description\":\"Parcela de m\u00e1s de 1.000 m\u00b2 con casa para demoler en Cully \u2013 Idealmente situada cerca del centro de Cully, esta propiedad ofrece\u2026\",\"breadcrumb\":{\"@id\":\"https:\\\/\\\/www.brymmo.ch\\\/es\\\/property\\\/parcela-de-mas-de-1-000-m%c2%b2-con-casa-para-demoler-en-cully\\\/#breadcrumb\"},\"inLanguage\":\"es\",\"potentialAction\":[{\"@type\":\"ReadAction\",\"target\":[\"https:\\\/\\\/www.brymmo.ch\\\/es\\\/property\\\/parcela-de-mas-de-1-000-m%c2%b2-con-casa-para-demoler-en-cully\\\/\"]}]},{\"@type\":\"ImageObject\",\"inLanguage\":\"es\",\"@id\":\"https:\\\/\\\/www.brymmo.ch\\\/es\\\/property\\\/parcela-de-mas-de-1-000-m%c2%b2-con-casa-para-demoler-en-cully\\\/#primaryimage\",\"url\":\"https:\\\/\\\/www.brymmo.ch\\\/wp-content\\\/uploads\\\/2025\\\/11\\\/Cully-scaled.webp\",\"contentUrl\":\"https:\\\/\\\/www.brymmo.ch\\\/wp-content\\\/uploads\\\/2025\\\/11\\\/Cully-scaled.webp\",\"width\":2560,\"height\":1709},{\"@type\":\"BreadcrumbList\",\"@id\":\"https:\\\/\\\/www.brymmo.ch\\\/es\\\/property\\\/parcela-de-mas-de-1-000-m%c2%b2-con-casa-para-demoler-en-cully\\\/#breadcrumb\",\"itemListElement\":[{\"@type\":\"ListItem\",\"position\":1,\"name\":\"Accueil\",\"item\":\"https:\\\/\\\/www.brymmo.ch\\\/es\\\/\"},{\"@type\":\"ListItem\",\"position\":2,\"name\":\"Propiedades\",\"item\":\"https:\\\/\\\/www.brymmo.ch\\\/es\\\/property\\\/\"},{\"@type\":\"ListItem\",\"position\":3,\"name\":\"Parcela de m\u00e1s de 1.000 m\u00b2 con casa para demoler en Cully\"}]},{\"@type\":\"WebSite\",\"@id\":\"https:\\\/\\\/www.brymmo.ch\\\/es\\\/#website\",\"url\":\"https:\\\/\\\/www.brymmo.ch\\\/es\\\/\",\"name\":\"BRYMMO\",\"description\":\"Agence immobili\u00e8re \u00e0 Lausanne | BRYMMO\",\"potentialAction\":[{\"@type\":\"SearchAction\",\"target\":{\"@type\":\"EntryPoint\",\"urlTemplate\":\"https:\\\/\\\/www.brymmo.ch\\\/es\\\/?s={search_term_string}\"},\"query-input\":{\"@type\":\"PropertyValueSpecification\",\"valueRequired\":true,\"valueName\":\"search_term_string\"}}],\"inLanguage\":\"es\"}]}<\/script>\n<!-- \/ Yoast SEO plugin. -->","yoast_head_json":{"title":"Parcela de m\u00e1s de 1.000 m\u00b2 con casa para demoler en Cully \u2013 Brymmo","description":"Parcela de m\u00e1s de 1.000 m\u00b2 con casa para demoler en Cully \u2013 Idealmente situada cerca del centro de Cully, esta propiedad ofrece\u2026","robots":{"index":"index","follow":"follow","max-snippet":"max-snippet:-1","max-image-preview":"max-image-preview:large","max-video-preview":"max-video-preview:-1"},"canonical":"https:\/\/www.brymmo.ch\/es\/property\/parcela-de-mas-de-1-000-m%c2%b2-con-casa-para-demoler-en-cully\/","og_locale":"es_ES","og_type":"article","og_title":"Parcela de m\u00e1s de 1.000 m\u00b2 con casa para demoler en Cully \u2013 Brymmo","og_description":"Parcela de m\u00e1s de 1.000 m\u00b2 con casa para demoler en Cully \u2013 Idealmente situada cerca del centro de Cully, esta propiedad ofrece\u2026","og_url":"https:\/\/www.brymmo.ch\/es\/property\/parcela-de-mas-de-1-000-m%c2%b2-con-casa-para-demoler-en-cully\/","og_site_name":"BRYMMO","article_modified_time":"2025-11-23T18:10:54+00:00","og_image":[{"url":"https:\/\/www.brymmo.ch\/wp-content\/uploads\/2025\/11\/Cully-scaled.webp","width":1024,"height":684,"type":"image\/jpeg"}],"twitter_card":"summary_large_image","schema":{"@context":"https:\/\/schema.org","@graph":[{"@type":"WebPage","@id":"https:\/\/www.brymmo.ch\/es\/property\/parcela-de-mas-de-1-000-m%c2%b2-con-casa-para-demoler-en-cully\/","url":"https:\/\/www.brymmo.ch\/es\/property\/parcela-de-mas-de-1-000-m%c2%b2-con-casa-para-demoler-en-cully\/","name":"Parcela de m\u00e1s de 1.000 m\u00b2 con casa para demoler en Cully \u2013 Brymmo","isPartOf":{"@id":"https:\/\/www.brymmo.ch\/es\/#website"},"primaryImageOfPage":{"@id":"https:\/\/www.brymmo.ch\/es\/property\/parcela-de-mas-de-1-000-m%c2%b2-con-casa-para-demoler-en-cully\/#primaryimage"},"image":{"@id":"https:\/\/www.brymmo.ch\/es\/property\/parcela-de-mas-de-1-000-m%c2%b2-con-casa-para-demoler-en-cully\/#primaryimage"},"thumbnailUrl":"https:\/\/www.brymmo.ch\/wp-content\/uploads\/2025\/11\/Cully-scaled.webp","datePublished":"2025-09-20T12:05:34+00:00","dateModified":"2025-11-23T18:10:54+00:00","description":"Parcela de m\u00e1s de 1.000 m\u00b2 con casa para demoler en Cully \u2013 Idealmente situada cerca del centro de Cully, esta propiedad ofrece\u2026","breadcrumb":{"@id":"https:\/\/www.brymmo.ch\/es\/property\/parcela-de-mas-de-1-000-m%c2%b2-con-casa-para-demoler-en-cully\/#breadcrumb"},"inLanguage":"es","potentialAction":[{"@type":"ReadAction","target":["https:\/\/www.brymmo.ch\/es\/property\/parcela-de-mas-de-1-000-m%c2%b2-con-casa-para-demoler-en-cully\/"]}]},{"@type":"ImageObject","inLanguage":"es","@id":"https:\/\/www.brymmo.ch\/es\/property\/parcela-de-mas-de-1-000-m%c2%b2-con-casa-para-demoler-en-cully\/#primaryimage","url":"https:\/\/www.brymmo.ch\/wp-content\/uploads\/2025\/11\/Cully-scaled.webp","contentUrl":"https:\/\/www.brymmo.ch\/wp-content\/uploads\/2025\/11\/Cully-scaled.webp","width":2560,"height":1709},{"@type":"BreadcrumbList","@id":"https:\/\/www.brymmo.ch\/es\/property\/parcela-de-mas-de-1-000-m%c2%b2-con-casa-para-demoler-en-cully\/#breadcrumb","itemListElement":[{"@type":"ListItem","position":1,"name":"Accueil","item":"https:\/\/www.brymmo.ch\/es\/"},{"@type":"ListItem","position":2,"name":"Propiedades","item":"https:\/\/www.brymmo.ch\/es\/property\/"},{"@type":"ListItem","position":3,"name":"Parcela de m\u00e1s de 1.000 m\u00b2 con casa para demoler en Cully"}]},{"@type":"WebSite","@id":"https:\/\/www.brymmo.ch\/es\/#website","url":"https:\/\/www.brymmo.ch\/es\/","name":"BRYMMO","description":"Agence immobili\u00e8re \u00e0 Lausanne | BRYMMO","potentialAction":[{"@type":"SearchAction","target":{"@type":"EntryPoint","urlTemplate":"https:\/\/www.brymmo.ch\/es\/?s={search_term_string}"},"query-input":{"@type":"PropertyValueSpecification","valueRequired":true,"valueName":"search_term_string"}}],"inLanguage":"es"}]}},"_links":{"self":[{"href":"https:\/\/www.brymmo.ch\/es\/wp-json\/wp\/v2\/properties\/35806","targetHints":{"allow":["GET"]}}],"collection":[{"href":"https:\/\/www.brymmo.ch\/es\/wp-json\/wp\/v2\/properties"}],"about":[{"href":"https:\/\/www.brymmo.ch\/es\/wp-json\/wp\/v2\/types\/property"}],"author":[{"embeddable":true,"href":"https:\/\/www.brymmo.ch\/es\/wp-json\/wp\/v2\/users\/1"}],"version-history":[{"count":1,"href":"https:\/\/www.brymmo.ch\/es\/wp-json\/wp\/v2\/properties\/35806\/revisions"}],"predecessor-version":[{"id":35808,"href":"https:\/\/www.brymmo.ch\/es\/wp-json\/wp\/v2\/properties\/35806\/revisions\/35808"}],"wp:featuredmedia":[{"embeddable":true,"href":"https:\/\/www.brymmo.ch\/es\/wp-json\/wp\/v2\/media\/35802"}],"wp:attachment":[{"href":"https:\/\/www.brymmo.ch\/es\/wp-json\/wp\/v2\/media?parent=35806"}],"wp:term":[{"taxonomy":"property_type","embeddable":true,"href":"https:\/\/www.brymmo.ch\/es\/wp-json\/wp\/v2\/property_type?post=35806"},{"taxonomy":"property_status","embeddable":true,"href":"https:\/\/www.brymmo.ch\/es\/wp-json\/wp\/v2\/property_status?post=35806"},{"taxonomy":"property_feature","embeddable":true,"href":"https:\/\/www.brymmo.ch\/es\/wp-json\/wp\/v2\/property_feature?post=35806"},{"taxonomy":"property_label","embeddable":true,"href":"https:\/\/www.brymmo.ch\/es\/wp-json\/wp\/v2\/property_label?post=35806"},{"taxonomy":"property_city","embeddable":true,"href":"https:\/\/www.brymmo.ch\/es\/wp-json\/wp\/v2\/property_city?post=35806"},{"taxonomy":"property_area","embeddable":true,"href":"https:\/\/www.brymmo.ch\/es\/wp-json\/wp\/v2\/property_area?post=35806"}],"curies":[{"name":"wp","href":"https:\/\/api.w.org\/{rel}","templated":true}]}}