{"id":37074,"date":"2026-01-27T22:23:13","date_gmt":"2026-01-27T21:23:13","guid":{"rendered":"https:\/\/www.brymmo.ch\/property\/reserva-privada-con-ecolodge-naturaleza-e-infraestructura\/"},"modified":"2026-02-15T20:57:01","modified_gmt":"2026-02-15T19:57:01","slug":"reserva-privada-con-ecolodge-naturaleza-e-infraestructura","status":"publish","type":"property","link":"https:\/\/www.brymmo.ch\/es\/property\/reserva-privada-con-ecolodge-naturaleza-e-infraestructura\/","title":{"rendered":"Reserva privada con ecolodge \u2013 naturaleza e infraestructura"},"content":{"rendered":"\n<p>Esta propiedad ecol\u00f3gica privada de 203 hect\u00e1reas ofrece una combinaci\u00f3n poco com\u00fan entre naturaleza preservada e infraestructuras operativas, en el coraz\u00f3n de un entorno de altitud reconocido por su biodiversidad y la belleza de sus paisajes.<\/p>\n\n<p>La reserva est\u00e1 compuesta por exuberantes bosques tropicales, zonas de bosque nuboso, r\u00edos, fuentes naturales y cascadas, creando un h\u00e1bitat ideal para una fauna y flora de notable riqueza. El sitio atrae regularmente a ornit\u00f3logos, bi\u00f3logos, fot\u00f3grafos y viajeros en busca de experiencias aut\u00e9nticas en contacto directo con la naturaleza. <\/p>\n\n<p>Una red de m\u00e1s de 15 kil\u00f3metros de senderos se\u00f1alizados atraviesa la propiedad, permitiendo la observaci\u00f3n de m\u00faltiples ecosistemas y garantizando al mismo tiempo una gesti\u00f3n respetuosa con el medio ambiente.<\/p>\n\n<p>En el coraz\u00f3n del dominio se encuentra un ecolodge con encanto, perfectamente integrado en su entorno natural, que incluye:<br\/>\u2013 10 habitaciones para hu\u00e9spedes (con potencial de ampliaci\u00f3n)<br\/>\u2013 Un restaurante con capacidad aproximada para 40 comensales<br\/>\u2013 Una terraza de observaci\u00f3n ideal para la observaci\u00f3n de fauna, especialmente colibr\u00edes<br\/>\u2013 Una sala de reuniones y actividades<br\/>\u2013 Un apartamento independiente de 3 dormitorios y 2 ba\u00f1os, adecuado para la gesti\u00f3n en sitio<br\/>\u2013 Espacios dedicados al estudio y la investigaci\u00f3n, incluyendo instalaciones relacionadas con la conservaci\u00f3n bot\u00e1nica<\/p>\n\n<p>Esta configuraci\u00f3n permite una explotaci\u00f3n inmediata orientada al ecoturismo, estancias cient\u00edficas, retiros de naturaleza, programas educativos o iniciativas de conservaci\u00f3n privada.<\/p>\n\n<p>M\u00e1s all\u00e1 de su potencial operativo, la propiedad representa una inversi\u00f3n de alto valor patrimonial y ambiental, combinando ingresos derivados de la hospitalidad con la posesi\u00f3n de un territorio natural estrat\u00e9gico en un pa\u00eds reconocido por su estabilidad y compromiso ecol\u00f3gico.<\/p>\n\n<p>Una oportunidad llave en mano para inversores, fundaciones o emprendedores que deseen combinar actividad econ\u00f3mica sostenible y protecci\u00f3n concreta de la biodiversidad.<\/p>\n\n<p>M\u00e1s informaci\u00f3n <a href=\"https:\/\/fr.visitcostarica.com\/\" type=\"link\" id=\"https:\/\/fr.visitcostarica.com\/\">sobre Costa Rica<\/a> o <a href=\"https:\/\/www.brymmo.ch\/suisse-costa-rica-immobilier\/\" type=\"link\" id=\"https:\/\/www.brymmo.ch\/suisse-costa-rica-immobilier\/\">c\u00f3mo comprar una propiedad all\u00ed.<\/a><\/p>\n","protected":false},"excerpt":{"rendered":"<p>Esta propiedad ecol\u00f3gica privada de 203 hect\u00e1reas ofrece una combinaci\u00f3n poco com\u00fan entre naturaleza preservada e infraestructuras operativas, en el coraz\u00f3n de un entorno de altitud reconocido por su biodiversidad y la belleza de sus paisajes. La reserva est\u00e1 compuesta por exuberantes bosques tropicales, zonas de bosque nuboso, r\u00edos, fuentes naturales y cascadas, creando un [&hellip;]<\/p>\n","protected":false},"author":1,"featured_media":37013,"parent":0,"menu_order":0,"template":"","property_type":[549],"property_status":[505],"property_feature":[],"property_label":[457],"property_city":[922],"property_area":[866],"class_list":["post-37074","property","type-property","status-publish","has-post-thumbnail","hentry","property_type-hotel","property_status-en-venta","property_label-nueva-propiedad","property_city-parque-nacional-volcan-poas-costa-rica","property_area-costa-rica"],"aioseo_notices":[],"property_meta":{"_last_translation_edit_mode":["translation-editor"],"fave_featured":["0"],"houzez_featured_listing_date":[""],"fave_property_images":["36068","36069","36070","36061","36060","36049","36052","36053","36055","36058","36059","36048","36046","36045","36044","36043","36042"],"fave_agent_display_option":["agent_info"],"fave_agents":["150"],"fave_single_top_area":["global"],"_top_nav_excluded":[""],"_cms_nav_minihome":[""],"_yoast_wpseo_title":["Ecolodge con reserva natural privada de 203 ha \u2013 Propiedad ecotur\u00edstica"],"_yoast_wpseo_metadesc":["Ecolodge operativo en el coraz\u00f3n de una reserva natural privada de 203 hect\u00e1reas: bosques tropicales, senderos, r\u00edos e infraestructuras para ecoturismo e investigaci\u00f3n."],"_yoast_wpseo_focuskw":["ecolodge con reserva natural privada"],"fave_currency":["USD"],"fave_currency_info":["a:8:{s:2:\"id\";s:1:\"2\";s:13:\"currency_name\";s:5:\"USD  \";s:13:\"currency_code\";s:3:\"USD\";s:15:\"currency_symbol\";s:3:\"$  \";s:17:\"currency_position\";s:6:\"before\";s:16:\"currency_decimal\";s:1:\"0\";s:26:\"currency_decimal_separator\";s:1:\".\";s:27:\"currency_thousand_separator\";s:1:\" \";}"],"fave_property_price":["3500000"],"fave_property_price_prefix":["USD"],"fave_property_land":["203"],"fave_property_land_postfix":["hect\u00e1reas"],"fave_property_bedrooms":["10"],"fave_property_bathrooms":["10"],"fave_property_map":["1"],"fave_property_location":["10.084342531631,-84.302336483455,8"],"houzez_geolocation_lat":["10.084342531631"],"houzez_geolocation_long":["-84.302336483455"],"fave_property_map_street_view":["esconder"],"fave_video_url":["https:\/\/youtu.be\/sfr4HRoiTs4"],"fave_prop_homeslider":["yes"],"_thumbnail_id":["37013"],"_wpml_word_count":["376"],"houzez_total_property_views":["77"],"houzez_views_by_date":["a:50:{s:10:\"02-16-2026\";i:2;s:10:\"02-17-2026\";i:1;s:10:\"02-18-2026\";i:2;s:10:\"02-19-2026\";i:3;s:10:\"02-20-2026\";i:1;s:10:\"02-21-2026\";i:1;s:10:\"02-23-2026\";i:2;s:10:\"02-24-2026\";i:2;s:10:\"02-25-2026\";i:1;s:10:\"02-28-2026\";i:1;s:10:\"03-01-2026\";i:1;s:10:\"03-02-2026\";i:1;s:10:\"03-03-2026\";i:4;s:10:\"03-06-2026\";i:2;s:10:\"03-07-2026\";i:2;s:10:\"03-08-2026\";i:1;s:10:\"03-10-2026\";i:1;s:10:\"03-12-2026\";i:1;s:10:\"03-13-2026\";i:1;s:10:\"03-14-2026\";i:1;s:10:\"03-17-2026\";i:1;s:10:\"03-20-2026\";i:1;s:10:\"03-22-2026\";i:2;s:10:\"03-24-2026\";i:4;s:10:\"03-25-2026\";i:2;s:10:\"03-26-2026\";i:1;s:10:\"03-28-2026\";i:4;s:10:\"03-30-2026\";i:1;s:10:\"04-01-2026\";i:1;s:10:\"04-02-2026\";i:1;s:10:\"04-03-2026\";i:1;s:10:\"04-05-2026\";i:1;s:10:\"04-06-2026\";i:1;s:10:\"04-08-2026\";i:1;s:10:\"04-09-2026\";i:1;s:10:\"04-13-2026\";i:1;s:10:\"04-14-2026\";i:2;s:10:\"04-15-2026\";i:1;s:10:\"04-16-2026\";i:1;s:10:\"04-17-2026\";i:1;s:10:\"04-18-2026\";i:1;s:10:\"04-21-2026\";i:1;s:10:\"04-22-2026\";i:1;s:10:\"04-24-2026\";i:1;s:10:\"04-25-2026\";i:4;s:10:\"04-26-2026\";i:3;s:10:\"04-27-2026\";i:2;s:10:\"04-28-2026\";i:1;s:10:\"04-29-2026\";i:2;s:10:\"04-30-2026\";i:1;}"],"houzez_recently_viewed":["2026-04-30 08:07:54"]},"yoast_head":"<!-- This site is optimized with the Yoast SEO plugin v27.5 - https:\/\/yoast.com\/product\/yoast-seo-wordpress\/ -->\n<title>Ecolodge con reserva natural privada de 203 ha \u2013 Propiedad ecotur\u00edstica<\/title>\n<meta name=\"description\" content=\"Ecolodge operativo en el coraz\u00f3n de una reserva natural privada de 203 hect\u00e1reas: bosques tropicales, senderos, r\u00edos e infraestructuras para ecoturismo e investigaci\u00f3n.\" \/>\n<meta name=\"robots\" content=\"index, follow, max-snippet:-1, max-image-preview:large, max-video-preview:-1\" \/>\n<link rel=\"canonical\" href=\"https:\/\/www.brymmo.ch\/es\/property\/reserva-privada-con-ecolodge-naturaleza-e-infraestructura\/\" \/>\n<meta property=\"og:locale\" content=\"es_ES\" \/>\n<meta property=\"og:type\" content=\"article\" \/>\n<meta property=\"og:title\" content=\"Ecolodge con reserva natural privada de 203 ha \u2013 Propiedad ecotur\u00edstica\" \/>\n<meta property=\"og:description\" content=\"Ecolodge operativo en el coraz\u00f3n de una reserva natural privada de 203 hect\u00e1reas: bosques tropicales, senderos, r\u00edos e infraestructuras para ecoturismo e investigaci\u00f3n.\" \/>\n<meta property=\"og:url\" content=\"https:\/\/www.brymmo.ch\/es\/property\/reserva-privada-con-ecolodge-naturaleza-e-infraestructura\/\" \/>\n<meta property=\"og:site_name\" content=\"BRYMMO\" \/>\n<meta property=\"article:modified_time\" content=\"2026-02-15T19:57:01+00:00\" \/>\n<meta property=\"og:image\" content=\"https:\/\/www.brymmo.ch\/wp-content\/uploads\/2026\/01\/8.webp\" \/>\n\t<meta property=\"og:image:width\" content=\"1024\" \/>\n\t<meta property=\"og:image:height\" content=\"576\" \/>\n\t<meta property=\"og:image:type\" content=\"image\/jpeg\" \/>\n<meta name=\"twitter:card\" content=\"summary_large_image\" \/>\n<meta name=\"twitter:label1\" content=\"Tiempo de lectura\" \/>\n\t<meta name=\"twitter:data1\" content=\"2 minutos\" \/>\n<script type=\"application\/ld+json\" class=\"yoast-schema-graph\">{\"@context\":\"https:\\\/\\\/schema.org\",\"@graph\":[{\"@type\":\"WebPage\",\"@id\":\"https:\\\/\\\/www.brymmo.ch\\\/es\\\/property\\\/reserva-privada-con-ecolodge-naturaleza-e-infraestructura\\\/\",\"url\":\"https:\\\/\\\/www.brymmo.ch\\\/es\\\/property\\\/reserva-privada-con-ecolodge-naturaleza-e-infraestructura\\\/\",\"name\":\"Ecolodge con reserva natural privada de 203 ha \u2013 Propiedad ecotur\u00edstica\",\"isPartOf\":{\"@id\":\"https:\\\/\\\/www.brymmo.ch\\\/es\\\/#website\"},\"primaryImageOfPage\":{\"@id\":\"https:\\\/\\\/www.brymmo.ch\\\/es\\\/property\\\/reserva-privada-con-ecolodge-naturaleza-e-infraestructura\\\/#primaryimage\"},\"image\":{\"@id\":\"https:\\\/\\\/www.brymmo.ch\\\/es\\\/property\\\/reserva-privada-con-ecolodge-naturaleza-e-infraestructura\\\/#primaryimage\"},\"thumbnailUrl\":\"https:\\\/\\\/www.brymmo.ch\\\/wp-content\\\/uploads\\\/2026\\\/01\\\/8.webp\",\"datePublished\":\"2026-01-27T21:23:13+00:00\",\"dateModified\":\"2026-02-15T19:57:01+00:00\",\"description\":\"Ecolodge operativo en el coraz\u00f3n de una reserva natural privada de 203 hect\u00e1reas: bosques tropicales, senderos, r\u00edos e infraestructuras para ecoturismo e investigaci\u00f3n.\",\"breadcrumb\":{\"@id\":\"https:\\\/\\\/www.brymmo.ch\\\/es\\\/property\\\/reserva-privada-con-ecolodge-naturaleza-e-infraestructura\\\/#breadcrumb\"},\"inLanguage\":\"es\",\"potentialAction\":[{\"@type\":\"ReadAction\",\"target\":[\"https:\\\/\\\/www.brymmo.ch\\\/es\\\/property\\\/reserva-privada-con-ecolodge-naturaleza-e-infraestructura\\\/\"]}]},{\"@type\":\"ImageObject\",\"inLanguage\":\"es\",\"@id\":\"https:\\\/\\\/www.brymmo.ch\\\/es\\\/property\\\/reserva-privada-con-ecolodge-naturaleza-e-infraestructura\\\/#primaryimage\",\"url\":\"https:\\\/\\\/www.brymmo.ch\\\/wp-content\\\/uploads\\\/2026\\\/01\\\/8.webp\",\"contentUrl\":\"https:\\\/\\\/www.brymmo.ch\\\/wp-content\\\/uploads\\\/2026\\\/01\\\/8.webp\",\"width\":1920,\"height\":1080},{\"@type\":\"BreadcrumbList\",\"@id\":\"https:\\\/\\\/www.brymmo.ch\\\/es\\\/property\\\/reserva-privada-con-ecolodge-naturaleza-e-infraestructura\\\/#breadcrumb\",\"itemListElement\":[{\"@type\":\"ListItem\",\"position\":1,\"name\":\"Accueil\",\"item\":\"https:\\\/\\\/www.brymmo.ch\\\/es\\\/\"},{\"@type\":\"ListItem\",\"position\":2,\"name\":\"Propiedades\",\"item\":\"https:\\\/\\\/www.brymmo.ch\\\/es\\\/property\\\/\"},{\"@type\":\"ListItem\",\"position\":3,\"name\":\"Reserva privada con ecolodge \u2013 naturaleza e infraestructura\"}]},{\"@type\":\"WebSite\",\"@id\":\"https:\\\/\\\/www.brymmo.ch\\\/es\\\/#website\",\"url\":\"https:\\\/\\\/www.brymmo.ch\\\/es\\\/\",\"name\":\"BRYMMO\",\"description\":\"Agence immobili\u00e8re \u00e0 Lausanne | BRYMMO\",\"potentialAction\":[{\"@type\":\"SearchAction\",\"target\":{\"@type\":\"EntryPoint\",\"urlTemplate\":\"https:\\\/\\\/www.brymmo.ch\\\/es\\\/?s={search_term_string}\"},\"query-input\":{\"@type\":\"PropertyValueSpecification\",\"valueRequired\":true,\"valueName\":\"search_term_string\"}}],\"inLanguage\":\"es\"}]}<\/script>\n<!-- \/ Yoast SEO plugin. -->","yoast_head_json":{"title":"Ecolodge con reserva natural privada de 203 ha \u2013 Propiedad ecotur\u00edstica","description":"Ecolodge operativo en el coraz\u00f3n de una reserva natural privada de 203 hect\u00e1reas: bosques tropicales, senderos, r\u00edos e infraestructuras para ecoturismo e investigaci\u00f3n.","robots":{"index":"index","follow":"follow","max-snippet":"max-snippet:-1","max-image-preview":"max-image-preview:large","max-video-preview":"max-video-preview:-1"},"canonical":"https:\/\/www.brymmo.ch\/es\/property\/reserva-privada-con-ecolodge-naturaleza-e-infraestructura\/","og_locale":"es_ES","og_type":"article","og_title":"Ecolodge con reserva natural privada de 203 ha \u2013 Propiedad ecotur\u00edstica","og_description":"Ecolodge operativo en el coraz\u00f3n de una reserva natural privada de 203 hect\u00e1reas: bosques tropicales, senderos, r\u00edos e infraestructuras para ecoturismo e investigaci\u00f3n.","og_url":"https:\/\/www.brymmo.ch\/es\/property\/reserva-privada-con-ecolodge-naturaleza-e-infraestructura\/","og_site_name":"BRYMMO","article_modified_time":"2026-02-15T19:57:01+00:00","og_image":[{"url":"https:\/\/www.brymmo.ch\/wp-content\/uploads\/2026\/01\/8.webp","width":1024,"height":576,"type":"image\/jpeg"}],"twitter_card":"summary_large_image","twitter_misc":{"Tiempo de lectura":"2 minutos"},"schema":{"@context":"https:\/\/schema.org","@graph":[{"@type":"WebPage","@id":"https:\/\/www.brymmo.ch\/es\/property\/reserva-privada-con-ecolodge-naturaleza-e-infraestructura\/","url":"https:\/\/www.brymmo.ch\/es\/property\/reserva-privada-con-ecolodge-naturaleza-e-infraestructura\/","name":"Ecolodge con reserva natural privada de 203 ha \u2013 Propiedad ecotur\u00edstica","isPartOf":{"@id":"https:\/\/www.brymmo.ch\/es\/#website"},"primaryImageOfPage":{"@id":"https:\/\/www.brymmo.ch\/es\/property\/reserva-privada-con-ecolodge-naturaleza-e-infraestructura\/#primaryimage"},"image":{"@id":"https:\/\/www.brymmo.ch\/es\/property\/reserva-privada-con-ecolodge-naturaleza-e-infraestructura\/#primaryimage"},"thumbnailUrl":"https:\/\/www.brymmo.ch\/wp-content\/uploads\/2026\/01\/8.webp","datePublished":"2026-01-27T21:23:13+00:00","dateModified":"2026-02-15T19:57:01+00:00","description":"Ecolodge operativo en el coraz\u00f3n de una reserva natural privada de 203 hect\u00e1reas: bosques tropicales, senderos, r\u00edos e infraestructuras para ecoturismo e investigaci\u00f3n.","breadcrumb":{"@id":"https:\/\/www.brymmo.ch\/es\/property\/reserva-privada-con-ecolodge-naturaleza-e-infraestructura\/#breadcrumb"},"inLanguage":"es","potentialAction":[{"@type":"ReadAction","target":["https:\/\/www.brymmo.ch\/es\/property\/reserva-privada-con-ecolodge-naturaleza-e-infraestructura\/"]}]},{"@type":"ImageObject","inLanguage":"es","@id":"https:\/\/www.brymmo.ch\/es\/property\/reserva-privada-con-ecolodge-naturaleza-e-infraestructura\/#primaryimage","url":"https:\/\/www.brymmo.ch\/wp-content\/uploads\/2026\/01\/8.webp","contentUrl":"https:\/\/www.brymmo.ch\/wp-content\/uploads\/2026\/01\/8.webp","width":1920,"height":1080},{"@type":"BreadcrumbList","@id":"https:\/\/www.brymmo.ch\/es\/property\/reserva-privada-con-ecolodge-naturaleza-e-infraestructura\/#breadcrumb","itemListElement":[{"@type":"ListItem","position":1,"name":"Accueil","item":"https:\/\/www.brymmo.ch\/es\/"},{"@type":"ListItem","position":2,"name":"Propiedades","item":"https:\/\/www.brymmo.ch\/es\/property\/"},{"@type":"ListItem","position":3,"name":"Reserva privada con ecolodge \u2013 naturaleza e infraestructura"}]},{"@type":"WebSite","@id":"https:\/\/www.brymmo.ch\/es\/#website","url":"https:\/\/www.brymmo.ch\/es\/","name":"BRYMMO","description":"Agence immobili\u00e8re \u00e0 Lausanne | BRYMMO","potentialAction":[{"@type":"SearchAction","target":{"@type":"EntryPoint","urlTemplate":"https:\/\/www.brymmo.ch\/es\/?s={search_term_string}"},"query-input":{"@type":"PropertyValueSpecification","valueRequired":true,"valueName":"search_term_string"}}],"inLanguage":"es"}]}},"_links":{"self":[{"href":"https:\/\/www.brymmo.ch\/es\/wp-json\/wp\/v2\/properties\/37074","targetHints":{"allow":["GET"]}}],"collection":[{"href":"https:\/\/www.brymmo.ch\/es\/wp-json\/wp\/v2\/properties"}],"about":[{"href":"https:\/\/www.brymmo.ch\/es\/wp-json\/wp\/v2\/types\/property"}],"author":[{"embeddable":true,"href":"https:\/\/www.brymmo.ch\/es\/wp-json\/wp\/v2\/users\/1"}],"version-history":[{"count":1,"href":"https:\/\/www.brymmo.ch\/es\/wp-json\/wp\/v2\/properties\/37074\/revisions"}],"predecessor-version":[{"id":37078,"href":"https:\/\/www.brymmo.ch\/es\/wp-json\/wp\/v2\/properties\/37074\/revisions\/37078"}],"wp:featuredmedia":[{"embeddable":true,"href":"https:\/\/www.brymmo.ch\/es\/wp-json\/wp\/v2\/media\/37013"}],"wp:attachment":[{"href":"https:\/\/www.brymmo.ch\/es\/wp-json\/wp\/v2\/media?parent=37074"}],"wp:term":[{"taxonomy":"property_type","embeddable":true,"href":"https:\/\/www.brymmo.ch\/es\/wp-json\/wp\/v2\/property_type?post=37074"},{"taxonomy":"property_status","embeddable":true,"href":"https:\/\/www.brymmo.ch\/es\/wp-json\/wp\/v2\/property_status?post=37074"},{"taxonomy":"property_feature","embeddable":true,"href":"https:\/\/www.brymmo.ch\/es\/wp-json\/wp\/v2\/property_feature?post=37074"},{"taxonomy":"property_label","embeddable":true,"href":"https:\/\/www.brymmo.ch\/es\/wp-json\/wp\/v2\/property_label?post=37074"},{"taxonomy":"property_city","embeddable":true,"href":"https:\/\/www.brymmo.ch\/es\/wp-json\/wp\/v2\/property_city?post=37074"},{"taxonomy":"property_area","embeddable":true,"href":"https:\/\/www.brymmo.ch\/es\/wp-json\/wp\/v2\/property_area?post=37074"}],"curies":[{"name":"wp","href":"https:\/\/api.w.org\/{rel}","templated":true}]}}