{"id":35731,"date":"2025-11-16T21:03:37","date_gmt":"2025-11-16T20:03:37","guid":{"rendered":"https:\/\/www.brymmo.ch\/property\/un-ambiente-sereno-unaccessibilita-eccellente-scoprite-la-vostra-futura-casa\/"},"modified":"2025-11-23T18:50:27","modified_gmt":"2025-11-23T17:50:27","slug":"un-ambiente-sereno-unaccessibilita-eccellente-scoprite-la-vostra-futura-casa","status":"publish","type":"property","link":"https:\/\/www.brymmo.ch\/it\/property\/un-ambiente-sereno-unaccessibilita-eccellente-scoprite-la-vostra-futura-casa\/","title":{"rendered":"Un ambiente sereno, un\u2019accessibilit\u00e0 eccellente: scoprite la vostra futura casa"},"content":{"rendered":"\n<p>Questa splendida casa bifamiliare a Commugny, a pochi passi dal confine ginevrino, offre un contesto privilegiato che unisce tranquillit\u00e0, comfort e luce naturale dal mattino alla sera. Costruita nel 1989 su un terreno di circa 600 m\u00b2, dispone di circa 160 m\u00b2 abitabili e quasi 250 m\u00b2 utili. \u00c8 situata in uno dei quartieri pi\u00f9 tranquilli e ricercati della regione, dove regnano calma e discrezione nella Terre Sainte. <\/p>\n\n<p>Elle se compose de 5,5 pi\u00e8ces, dont quatre chambres spacieuses et lumineuses. D\u00e8s l\u2019entr\u00e9e, un agr\u00e9able espace d\u2019accueil m\u00e8ne aux pi\u00e8ces principales, \u00e0 un wc visiteur et une pi\u00e8ce de rangement. Le s\u00e9jour, vaste et baign\u00e9 de lumi\u00e8re, s\u2019ouvre largement sur le jardin et cr\u00e9e une atmosph\u00e8re chaleureuse et harmonieuse avec sa belle chemin\u00e9e. Il offre un v\u00e9ritable espace de vie, propice \u00e0 la d\u00e9tente comme \u00e0 la r\u00e9ception. La cuisine ferm\u00e9e, parfaitement agenc\u00e9e, permet de cuisiner en toute tranquillit\u00e9, tout en restant proche du c\u0153ur de la maison. Deux salles de bain compl\u00e8tent le confort de l\u2019\u00e9tage : l\u2019une \u00e9quip\u00e9e d\u2019une douche, l\u2019autre d\u2019une baignoire, chacune disposant de leurs propres WC.     <\/p>\n\n<p>Il giardino, di circa 400 m\u00b2, \u00e8 un vero angolo di pace. Perfettamente esposto, gode del sole per tutta la giornata ed \u00e8 ideale per momenti in famiglia, pasti all\u2019aperto o semplicemente per assaporare la serenit\u00e0 del quartiere. La casa dispone inoltre di un doppio garage e di tre posti auto esterni.  <\/p>\n\n<p>Parzialmente rinnovata nel 2020, con isolamento esterno e finestre con vetri doppi di sicurezza, garantisce comfort ottimale ed eccellente efficienza energetica. Il vicinato, piacevole e attento, aggiunge ulteriore valore all\u2019indirizzo. <\/p>\n\n<p>Grazie alla sua posizione privilegiata, alla luminosit\u00e0 costante, alla quiete assoluta e alla vicinanza immediata con Ginevra, questa casa bifamiliare a Commugny rappresenta un raro equilibrio tra qualit\u00e0 di vita e posizione prestigiosa. Un\u2019opportunit\u00e0 eccezionale nel cuore di un villaggio affascinante. <\/p>\n\n<p>Per saperne di pi\u00f9 su <a href=\"https:\/\/www.commugny.ch\/\">Commugny<\/a> o sulle <a href=\"https:\/\/www.brymmo.ch\/it\/vendita-2\/\">nostre altre propriet\u00e0<\/a>?<\/p>\n","protected":false},"excerpt":{"rendered":"<p>Questa splendida casa bifamiliare a Commugny, a pochi passi dal confine ginevrino, offre un contesto privilegiato che unisce tranquillit\u00e0, comfort e luce naturale dal mattino alla sera. Costruita nel 1989 su un terreno di circa 600 m\u00b2, dispone di circa 160 m\u00b2 abitabili e quasi 250 m\u00b2 utili. \u00c8 situata in uno dei quartieri pi\u00f9 [&hellip;]<\/p>\n","protected":false},"author":1,"featured_media":37462,"parent":0,"menu_order":0,"template":"","property_type":[556],"property_status":[504],"property_feature":[472,480,796,488,492,496,794,740],"property_label":[439],"property_city":[898],"property_area":[355],"class_list":["post-35731","property","type-property","status-publish","has-post-thumbnail","hentry","property_type-casa","property_status-in-vendita","property_feature-2-cantine-spaziose","property_feature-armadi-a-muro","property_feature-camino","property_feature-cantina","property_feature-cantina-spaziosa","property_feature-cantina-vini","property_feature-numerose-possibilita-di-stoccaggio","property_feature-stufa","property_label-da-visitare","property_city-commugny","property_area-vaud"],"aioseo_notices":[],"property_meta":{"fave_featured":["0"],"houzez_featured_listing_date":[""],"fave_property_images":["35625","35624","35626","35629","35630","35634","35638","35640","35644","35652","35647","35648","35651","35657","37390","37437","37436","37435","37441","37440","37445","37448","37449","37451","37453","37456","37457"],"fave_agent_display_option":["agent_info"],"fave_agents":["150"],"fave_single_top_area":["global"],"_top_nav_excluded":[""],"_cms_nav_minihome":[""],"_yoast_wpseo_title":["Belle maison jumel\u00e9e \u00e0 Commugny - Brymmo"],"_yoast_wpseo_metadesc":["Maison jumel\u00e9e lumineuse \u00e0 Commugny, dans un quartier calme, proche de Gen\u00e8ve. Jardin, r\u00e9novations r\u00e9centes et confort absolu"],"_yoast_wpseo_focuskw":["Casa bifamiliare a Commugny"],"fave_property_price":["2200000"],"fave_property_size":["160"],"fave_property_size_prefix":["m\u00b2"],"fave_property_land":["600"],"fave_property_land_postfix":["m\u00b2"],"fave_property_bedrooms":["4"],"fave_property_bathrooms":["3"],"fave_property_rooms":["5.5"],"fave_property_garage":["2"],"fave_property_year":["1989"],"fave_property_id":["M12910211"],"fave_property_map":["1"],"fave_property_location":["46.317812580063,6.1800309489746,14"],"houzez_geolocation_lat":["46.317812580063"],"houzez_geolocation_long":["6.1800309489746"],"fave_property_map_street_view":["hide"],"fave_property_zip":["1291 Commugny"],"fave_video_url":["https:\/\/youtu.be\/9sYgWLhx1-4"],"fave_virtual_tour":["https:\/\/my.matterport.com\/show\/?m=ggBZzNpfJkq"],"fave_prop_homeslider":["yes"],"_thumbnail_id":["37462"],"_last_translation_edit_mode":["translation-editor"],"_wpml_word_count":["364"],"houzez_total_property_views":["161"],"houzez_views_by_date":["a:61:{s:10:\"01-07-2026\";i:1;s:10:\"01-08-2026\";i:1;s:10:\"01-10-2026\";i:1;s:10:\"01-11-2026\";i:2;s:10:\"01-12-2026\";i:1;s:10:\"01-17-2026\";i:1;s:10:\"01-18-2026\";i:1;s:10:\"01-19-2026\";i:3;s:10:\"01-25-2026\";i:2;s:10:\"01-26-2026\";i:1;s:10:\"01-27-2026\";i:3;s:10:\"01-28-2026\";i:1;s:10:\"01-29-2026\";i:1;s:10:\"01-30-2026\";i:1;s:10:\"02-04-2026\";i:1;s:10:\"02-05-2026\";i:1;s:10:\"02-07-2026\";i:1;s:10:\"02-08-2026\";i:2;s:10:\"02-12-2026\";i:2;s:10:\"02-13-2026\";i:1;s:10:\"02-14-2026\";i:1;s:10:\"02-15-2026\";i:1;s:10:\"02-16-2026\";i:1;s:10:\"02-17-2026\";i:1;s:10:\"02-18-2026\";i:2;s:10:\"02-20-2026\";i:2;s:10:\"02-23-2026\";i:2;s:10:\"02-24-2026\";i:1;s:10:\"02-25-2026\";i:1;s:10:\"02-26-2026\";i:1;s:10:\"02-27-2026\";i:1;s:10:\"02-28-2026\";i:1;s:10:\"03-02-2026\";i:2;s:10:\"03-06-2026\";i:2;s:10:\"03-08-2026\";i:1;s:10:\"03-09-2026\";i:1;s:10:\"03-12-2026\";i:2;s:10:\"03-14-2026\";i:1;s:10:\"03-18-2026\";i:1;s:10:\"03-20-2026\";i:2;s:10:\"03-22-2026\";i:2;s:10:\"03-24-2026\";i:1;s:10:\"03-25-2026\";i:2;s:10:\"03-26-2026\";i:1;s:10:\"03-28-2026\";i:2;s:10:\"03-29-2026\";i:1;s:10:\"03-31-2026\";i:1;s:10:\"04-02-2026\";i:1;s:10:\"04-06-2026\";i:2;s:10:\"04-08-2026\";i:2;s:10:\"04-09-2026\";i:2;s:10:\"04-11-2026\";i:1;s:10:\"04-12-2026\";i:1;s:10:\"04-13-2026\";i:2;s:10:\"04-18-2026\";i:2;s:10:\"04-19-2026\";i:1;s:10:\"04-23-2026\";i:1;s:10:\"04-25-2026\";i:5;s:10:\"04-26-2026\";i:1;s:10:\"04-27-2026\";i:2;s:10:\"04-29-2026\";i:2;}"],"houzez_recently_viewed":["2026-04-29 18:11:57"]},"yoast_head":"<!-- This site is optimized with the Yoast SEO plugin v27.5 - https:\/\/yoast.com\/product\/yoast-seo-wordpress\/ -->\n<title>Belle maison jumel\u00e9e \u00e0 Commugny - Brymmo<\/title>\n<meta name=\"description\" content=\"Maison jumel\u00e9e lumineuse \u00e0 Commugny, dans un quartier calme, proche de Gen\u00e8ve. Jardin, r\u00e9novations r\u00e9centes et confort absolu\" \/>\n<meta name=\"robots\" content=\"index, follow, max-snippet:-1, max-image-preview:large, max-video-preview:-1\" \/>\n<link rel=\"canonical\" href=\"https:\/\/www.brymmo.ch\/it\/property\/un-ambiente-sereno-unaccessibilita-eccellente-scoprite-la-vostra-futura-casa\/\" \/>\n<meta property=\"og:locale\" content=\"it_IT\" \/>\n<meta property=\"og:type\" content=\"article\" \/>\n<meta property=\"og:title\" content=\"Belle maison jumel\u00e9e \u00e0 Commugny - Brymmo\" \/>\n<meta property=\"og:description\" content=\"Maison jumel\u00e9e lumineuse \u00e0 Commugny, dans un quartier calme, proche de Gen\u00e8ve. Jardin, r\u00e9novations r\u00e9centes et confort absolu\" \/>\n<meta property=\"og:url\" content=\"https:\/\/www.brymmo.ch\/it\/property\/un-ambiente-sereno-unaccessibilita-eccellente-scoprite-la-vostra-futura-casa\/\" \/>\n<meta property=\"og:site_name\" content=\"BRYMMO\" \/>\n<meta property=\"article:modified_time\" content=\"2025-11-23T17:50:27+00:00\" \/>\n<meta property=\"og:image\" content=\"https:\/\/www.brymmo.ch\/wp-content\/uploads\/2025\/11\/5-1.webp\" \/>\n\t<meta property=\"og:image:width\" content=\"1920\" \/>\n\t<meta property=\"og:image:height\" content=\"1080\" \/>\n\t<meta property=\"og:image:type\" content=\"image\/jpeg\" \/>\n<meta name=\"twitter:card\" content=\"summary_large_image\" \/>\n<meta name=\"twitter:label1\" content=\"Tempo di lettura stimato\" \/>\n\t<meta name=\"twitter:data1\" content=\"2 minuti\" \/>\n<script type=\"application\/ld+json\" class=\"yoast-schema-graph\">{\"@context\":\"https:\\\/\\\/schema.org\",\"@graph\":[{\"@type\":\"WebPage\",\"@id\":\"https:\\\/\\\/www.brymmo.ch\\\/it\\\/property\\\/un-ambiente-sereno-unaccessibilita-eccellente-scoprite-la-vostra-futura-casa\\\/\",\"url\":\"https:\\\/\\\/www.brymmo.ch\\\/it\\\/property\\\/un-ambiente-sereno-unaccessibilita-eccellente-scoprite-la-vostra-futura-casa\\\/\",\"name\":\"Belle maison jumel\u00e9e \u00e0 Commugny - Brymmo\",\"isPartOf\":{\"@id\":\"https:\\\/\\\/www.brymmo.ch\\\/it\\\/#website\"},\"primaryImageOfPage\":{\"@id\":\"https:\\\/\\\/www.brymmo.ch\\\/it\\\/property\\\/un-ambiente-sereno-unaccessibilita-eccellente-scoprite-la-vostra-futura-casa\\\/#primaryimage\"},\"image\":{\"@id\":\"https:\\\/\\\/www.brymmo.ch\\\/it\\\/property\\\/un-ambiente-sereno-unaccessibilita-eccellente-scoprite-la-vostra-futura-casa\\\/#primaryimage\"},\"thumbnailUrl\":\"https:\\\/\\\/www.brymmo.ch\\\/wp-content\\\/uploads\\\/2025\\\/11\\\/48.webp\",\"datePublished\":\"2025-11-16T20:03:37+00:00\",\"dateModified\":\"2025-11-23T17:50:27+00:00\",\"description\":\"Maison jumel\u00e9e lumineuse \u00e0 Commugny, dans un quartier calme, proche de Gen\u00e8ve. Jardin, r\u00e9novations r\u00e9centes et confort absolu\",\"breadcrumb\":{\"@id\":\"https:\\\/\\\/www.brymmo.ch\\\/it\\\/property\\\/un-ambiente-sereno-unaccessibilita-eccellente-scoprite-la-vostra-futura-casa\\\/#breadcrumb\"},\"inLanguage\":\"it-IT\",\"potentialAction\":[{\"@type\":\"ReadAction\",\"target\":[\"https:\\\/\\\/www.brymmo.ch\\\/it\\\/property\\\/un-ambiente-sereno-unaccessibilita-eccellente-scoprite-la-vostra-futura-casa\\\/\"]}]},{\"@type\":\"ImageObject\",\"inLanguage\":\"it-IT\",\"@id\":\"https:\\\/\\\/www.brymmo.ch\\\/it\\\/property\\\/un-ambiente-sereno-unaccessibilita-eccellente-scoprite-la-vostra-futura-casa\\\/#primaryimage\",\"url\":\"https:\\\/\\\/www.brymmo.ch\\\/wp-content\\\/uploads\\\/2025\\\/11\\\/48.webp\",\"contentUrl\":\"https:\\\/\\\/www.brymmo.ch\\\/wp-content\\\/uploads\\\/2025\\\/11\\\/48.webp\",\"width\":1920,\"height\":1080},{\"@type\":\"BreadcrumbList\",\"@id\":\"https:\\\/\\\/www.brymmo.ch\\\/it\\\/property\\\/un-ambiente-sereno-unaccessibilita-eccellente-scoprite-la-vostra-futura-casa\\\/#breadcrumb\",\"itemListElement\":[{\"@type\":\"ListItem\",\"position\":1,\"name\":\"Accueil\",\"item\":\"https:\\\/\\\/www.brymmo.ch\\\/it\\\/pagina-iniziale\\\/\"},{\"@type\":\"ListItem\",\"position\":2,\"name\":\"Propriet\u00e0\",\"item\":\"https:\\\/\\\/www.brymmo.ch\\\/it\\\/property\\\/\"},{\"@type\":\"ListItem\",\"position\":3,\"name\":\"Un ambiente sereno, un\u2019accessibilit\u00e0 eccellente: scoprite la vostra futura casa\"}]},{\"@type\":\"WebSite\",\"@id\":\"https:\\\/\\\/www.brymmo.ch\\\/it\\\/#website\",\"url\":\"https:\\\/\\\/www.brymmo.ch\\\/it\\\/\",\"name\":\"BRYMMO\",\"description\":\"Agence immobili\u00e8re \u00e0 Lausanne | BRYMMO\",\"potentialAction\":[{\"@type\":\"SearchAction\",\"target\":{\"@type\":\"EntryPoint\",\"urlTemplate\":\"https:\\\/\\\/www.brymmo.ch\\\/it\\\/?s={search_term_string}\"},\"query-input\":{\"@type\":\"PropertyValueSpecification\",\"valueRequired\":true,\"valueName\":\"search_term_string\"}}],\"inLanguage\":\"it-IT\"}]}<\/script>\n<!-- \/ Yoast SEO plugin. -->","yoast_head_json":{"title":"Belle maison jumel\u00e9e \u00e0 Commugny - Brymmo","description":"Maison jumel\u00e9e lumineuse \u00e0 Commugny, dans un quartier calme, proche de Gen\u00e8ve. Jardin, r\u00e9novations r\u00e9centes et confort absolu","robots":{"index":"index","follow":"follow","max-snippet":"max-snippet:-1","max-image-preview":"max-image-preview:large","max-video-preview":"max-video-preview:-1"},"canonical":"https:\/\/www.brymmo.ch\/it\/property\/un-ambiente-sereno-unaccessibilita-eccellente-scoprite-la-vostra-futura-casa\/","og_locale":"it_IT","og_type":"article","og_title":"Belle maison jumel\u00e9e \u00e0 Commugny - Brymmo","og_description":"Maison jumel\u00e9e lumineuse \u00e0 Commugny, dans un quartier calme, proche de Gen\u00e8ve. Jardin, r\u00e9novations r\u00e9centes et confort absolu","og_url":"https:\/\/www.brymmo.ch\/it\/property\/un-ambiente-sereno-unaccessibilita-eccellente-scoprite-la-vostra-futura-casa\/","og_site_name":"BRYMMO","article_modified_time":"2025-11-23T17:50:27+00:00","og_image":[{"width":1920,"height":1080,"url":"https:\/\/www.brymmo.ch\/wp-content\/uploads\/2025\/11\/5-1.webp","type":"image\/jpeg"}],"twitter_card":"summary_large_image","twitter_misc":{"Tempo di lettura stimato":"2 minuti"},"schema":{"@context":"https:\/\/schema.org","@graph":[{"@type":"WebPage","@id":"https:\/\/www.brymmo.ch\/it\/property\/un-ambiente-sereno-unaccessibilita-eccellente-scoprite-la-vostra-futura-casa\/","url":"https:\/\/www.brymmo.ch\/it\/property\/un-ambiente-sereno-unaccessibilita-eccellente-scoprite-la-vostra-futura-casa\/","name":"Belle maison jumel\u00e9e \u00e0 Commugny - Brymmo","isPartOf":{"@id":"https:\/\/www.brymmo.ch\/it\/#website"},"primaryImageOfPage":{"@id":"https:\/\/www.brymmo.ch\/it\/property\/un-ambiente-sereno-unaccessibilita-eccellente-scoprite-la-vostra-futura-casa\/#primaryimage"},"image":{"@id":"https:\/\/www.brymmo.ch\/it\/property\/un-ambiente-sereno-unaccessibilita-eccellente-scoprite-la-vostra-futura-casa\/#primaryimage"},"thumbnailUrl":"https:\/\/www.brymmo.ch\/wp-content\/uploads\/2025\/11\/48.webp","datePublished":"2025-11-16T20:03:37+00:00","dateModified":"2025-11-23T17:50:27+00:00","description":"Maison jumel\u00e9e lumineuse \u00e0 Commugny, dans un quartier calme, proche de Gen\u00e8ve. Jardin, r\u00e9novations r\u00e9centes et confort absolu","breadcrumb":{"@id":"https:\/\/www.brymmo.ch\/it\/property\/un-ambiente-sereno-unaccessibilita-eccellente-scoprite-la-vostra-futura-casa\/#breadcrumb"},"inLanguage":"it-IT","potentialAction":[{"@type":"ReadAction","target":["https:\/\/www.brymmo.ch\/it\/property\/un-ambiente-sereno-unaccessibilita-eccellente-scoprite-la-vostra-futura-casa\/"]}]},{"@type":"ImageObject","inLanguage":"it-IT","@id":"https:\/\/www.brymmo.ch\/it\/property\/un-ambiente-sereno-unaccessibilita-eccellente-scoprite-la-vostra-futura-casa\/#primaryimage","url":"https:\/\/www.brymmo.ch\/wp-content\/uploads\/2025\/11\/48.webp","contentUrl":"https:\/\/www.brymmo.ch\/wp-content\/uploads\/2025\/11\/48.webp","width":1920,"height":1080},{"@type":"BreadcrumbList","@id":"https:\/\/www.brymmo.ch\/it\/property\/un-ambiente-sereno-unaccessibilita-eccellente-scoprite-la-vostra-futura-casa\/#breadcrumb","itemListElement":[{"@type":"ListItem","position":1,"name":"Accueil","item":"https:\/\/www.brymmo.ch\/it\/pagina-iniziale\/"},{"@type":"ListItem","position":2,"name":"Propriet\u00e0","item":"https:\/\/www.brymmo.ch\/it\/property\/"},{"@type":"ListItem","position":3,"name":"Un ambiente sereno, un\u2019accessibilit\u00e0 eccellente: scoprite la vostra futura casa"}]},{"@type":"WebSite","@id":"https:\/\/www.brymmo.ch\/it\/#website","url":"https:\/\/www.brymmo.ch\/it\/","name":"BRYMMO","description":"Agence immobili\u00e8re \u00e0 Lausanne | BRYMMO","potentialAction":[{"@type":"SearchAction","target":{"@type":"EntryPoint","urlTemplate":"https:\/\/www.brymmo.ch\/it\/?s={search_term_string}"},"query-input":{"@type":"PropertyValueSpecification","valueRequired":true,"valueName":"search_term_string"}}],"inLanguage":"it-IT"}]}},"_links":{"self":[{"href":"https:\/\/www.brymmo.ch\/it\/wp-json\/wp\/v2\/properties\/35731","targetHints":{"allow":["GET"]}}],"collection":[{"href":"https:\/\/www.brymmo.ch\/it\/wp-json\/wp\/v2\/properties"}],"about":[{"href":"https:\/\/www.brymmo.ch\/it\/wp-json\/wp\/v2\/types\/property"}],"author":[{"embeddable":true,"href":"https:\/\/www.brymmo.ch\/it\/wp-json\/wp\/v2\/users\/1"}],"version-history":[{"count":1,"href":"https:\/\/www.brymmo.ch\/it\/wp-json\/wp\/v2\/properties\/35731\/revisions"}],"predecessor-version":[{"id":35763,"href":"https:\/\/www.brymmo.ch\/it\/wp-json\/wp\/v2\/properties\/35731\/revisions\/35763"}],"wp:featuredmedia":[{"embeddable":true,"href":"https:\/\/www.brymmo.ch\/it\/wp-json\/wp\/v2\/media\/37462"}],"wp:attachment":[{"href":"https:\/\/www.brymmo.ch\/it\/wp-json\/wp\/v2\/media?parent=35731"}],"wp:term":[{"taxonomy":"property_type","embeddable":true,"href":"https:\/\/www.brymmo.ch\/it\/wp-json\/wp\/v2\/property_type?post=35731"},{"taxonomy":"property_status","embeddable":true,"href":"https:\/\/www.brymmo.ch\/it\/wp-json\/wp\/v2\/property_status?post=35731"},{"taxonomy":"property_feature","embeddable":true,"href":"https:\/\/www.brymmo.ch\/it\/wp-json\/wp\/v2\/property_feature?post=35731"},{"taxonomy":"property_label","embeddable":true,"href":"https:\/\/www.brymmo.ch\/it\/wp-json\/wp\/v2\/property_label?post=35731"},{"taxonomy":"property_city","embeddable":true,"href":"https:\/\/www.brymmo.ch\/it\/wp-json\/wp\/v2\/property_city?post=35731"},{"taxonomy":"property_area","embeddable":true,"href":"https:\/\/www.brymmo.ch\/it\/wp-json\/wp\/v2\/property_area?post=35731"}],"curies":[{"name":"wp","href":"https:\/\/api.w.org\/{rel}","templated":true}]}}